{"id":1484,"date":"2025-02-26T08:15:52","date_gmt":"2025-02-26T13:15:52","guid":{"rendered":"https:\/\/carrefourtheatre.qc.ca\/about-us\/partenaires\/"},"modified":"2026-04-01T09:20:18","modified_gmt":"2026-04-01T14:20:18","slug":"partners","status":"publish","type":"page","link":"https:\/\/carrefourtheatre.qc.ca\/en\/about-us\/partners\/","title":{"rendered":"Partners"},"content":{"rendered":"\n<section class=\"wp-block-group wp-pattern__header-two-cols is-layout-flow wp-block-group-is-layout-flow\">\n<div class=\"wp-block-columns is-layout-flex wp-container-core-columns-is-layout-9d6595d7 wp-block-columns-is-layout-flex\">\n<div class=\"wp-block-column is-layout-flow wp-block-column-is-layout-flow\">\n<h1 class=\"wp-block-heading\">Partners<\/h1>\n<\/div>\n\n\n\n<div class=\"wp-block-column wp-pattern__header-two-cols__text is-layout-flow wp-block-column-is-layout-flow\">\n<p>The Carrefour international de th\u00e9\u00e2tre de Qu\u00e9bec wants to thank all its governmental, institutional and private partners. Your support is essential for the broadcasting and accessibility of art and culture.<\/p>\n<\/div>\n<\/div>\n<\/section>\n\n\n\n<h2 class=\"wp-block-heading\">Governmental and Institutional Partners<\/h2>\n\n\n\n<figure class=\"wp-block-image size-lg is-style-default\"><img decoding=\"async\" src=\"https:\/\/carrefourtheatre.qc.ca\/wp-content\/uploads\/2025\/05\/img_3524-e1748370392835-1500x553.jpg\" alt=\"\" class=\"wp-image-1395\"\/><\/figure>\n\n\n\n<blockquote class=\"wp-block-quote is-layout-flow wp-block-quote-is-layout-flow\">\n<p>\u00ab Pour sa 25e \u00e9dition, le Festival Carrefour rivalise encore d\u2019audace et d\u2019originalit\u00e9. Son programme, toujours riche et diversifi\u00e9, permet de faire briller le savoir-faire et le talent qu\u00e9b\u00e9cois aux c\u00f4t\u00e9s d\u2019artistes du monde entier. Il fait \u00e9galement rayonner le Qu\u00e9bec comme destination culturelle et touristique de choix.<\/p>\n\n\n\n<p>C\u2019est avec une grande fiert\u00e9 que nous contribuons financi\u00e8rement \u00e0 cet \u00e9v\u00e9nement qui, ann\u00e9e apr\u00e8s ann\u00e9e, repousse les limites de la cr\u00e9ativit\u00e9 th\u00e9\u00e2trale et propose des exp\u00e9riences artistiques et culturelles uniques permettant de rendre l\u2019art accessible \u00e0 toutes et tous.<\/p>\n\n\n\n<p>Nous remercions l&#8217;\u00e9quipe organisatrice pour sa passion et son d\u00e9vouement exceptionnel. Gr\u00e2ce \u00e0 elle, le Festival Carrefour est devenu un rendez-vous incontournable, qui t\u00e9moigne de la vitalit\u00e9 de notre culture.<\/p>\n\n\n\n<p>Nous invitons cordialement le public \u00e0 participer aux nombreuses activit\u00e9s propos\u00e9es pour cette 25e\u202f\u00e9dition qui s\u2019annonce des plus m\u00e9morables.<\/p>\n\n\n\n<p>Bon festival \u00e0 toutes et \u00e0 tous! \u00bb<\/p>\n\n\n\n<p><strong>Mathieu Lacombe<\/strong><br><em>Ministre de la Culture et des Communications<\/em><br><em>Ministre responsable de la Jeunesse<\/em><br><em>Ministre responsable de la r\u00e9gion de l\u2019Outaouais<\/em><\/p>\n\n\n\n<p><strong>Caroline Proulx<\/strong><br><em>Ministre du Tourisme<\/em><br><em>Ministre responsable de la r\u00e9gion de Lanaudi\u00e8re<\/em><\/p>\n<\/blockquote>\n\n\n\n<div class=\"wp-block-columns is-layout-flex wp-container-core-columns-is-layout-9d6595d7 wp-block-columns-is-layout-flex\">\n<div class=\"wp-block-column is-layout-flow wp-block-column-is-layout-flow\">\n<figure class=\"wp-block-image alignleft size-full is-resized\"><a href=\"https:\/\/www.quebec.ca\/\" target=\"_blank\" rel=\" noreferrer noopener\"><img loading=\"lazy\" decoding=\"async\" width=\"962\" height=\"285\" src=\"https:\/\/carrefourtheatre.qc.ca\/wp-content\/uploads\/2025\/05\/votre_gouv-couleur-1.png\" alt=\"\" class=\"wp-image-1385\" style=\"width:348px;height:auto\" srcset=\"https:\/\/carrefourtheatre.qc.ca\/wp-content\/uploads\/2025\/05\/votre_gouv-couleur-1.png 962w, https:\/\/carrefourtheatre.qc.ca\/wp-content\/uploads\/2025\/05\/votre_gouv-couleur-1-860x255.png 860w\" sizes=\"auto, (max-width: 962px) 100vw, 962px\" \/><\/a><\/figure>\n<\/div>\n\n\n\n<div class=\"wp-block-column is-layout-flow wp-block-column-is-layout-flow\">\n<figure class=\"wp-block-image alignright size-full is-resized\"><a href=\"https:\/\/www.quebec.ca\/gouvernement\/ministere\/tourisme\" target=\"_blank\" rel=\" noreferrer noopener\"><img loading=\"lazy\" decoding=\"async\" width=\"561\" height=\"169\" src=\"https:\/\/carrefourtheatre.qc.ca\/wp-content\/uploads\/2025\/05\/logo_gouvernement-du-quebec-noir.avif\" alt=\"\" class=\"wp-image-1172\" style=\"width:405px;height:auto\"\/><\/a><\/figure>\n<\/div>\n<\/div>\n\n\n\n<div class=\"wp-block-columns is-layout-flex wp-container-core-columns-is-layout-9d6595d7 wp-block-columns-is-layout-flex\">\n<div class=\"wp-block-column is-layout-flow wp-block-column-is-layout-flow\">\n<hr class=\"wp-block-separator has-alpha-channel-opacity\"\/>\n<\/div>\n<\/div>\n\n\n\n<div class=\"wp-block-columns is-layout-flex wp-container-core-columns-is-layout-9d6595d7 wp-block-columns-is-layout-flex\">\n<div class=\"wp-block-column is-layout-flow wp-block-column-is-layout-flow\">\n<figure class=\"wp-block-image size-lg\"><img loading=\"lazy\" decoding=\"async\" width=\"1820\" height=\"1366\" src=\"https:\/\/carrefourtheatre.qc.ca\/wp-content\/uploads\/2025\/05\/x7a8557-edited.jpg\" alt=\"\" class=\"wp-image-1393\" srcset=\"https:\/\/carrefourtheatre.qc.ca\/wp-content\/uploads\/2025\/05\/x7a8557-edited.jpg 1820w, https:\/\/carrefourtheatre.qc.ca\/wp-content\/uploads\/2025\/05\/x7a8557-edited-860x645.jpg 860w, https:\/\/carrefourtheatre.qc.ca\/wp-content\/uploads\/2025\/05\/x7a8557-edited-1200x901.jpg 1200w, https:\/\/carrefourtheatre.qc.ca\/wp-content\/uploads\/2025\/05\/x7a8557-edited-1500x1126.jpg 1500w\" sizes=\"auto, (max-width: 1820px) 100vw, 1820px\" \/><figcaption class=\"wp-element-caption\">Photo : St\u00e9phane Bourgeois<\/figcaption><\/figure>\n<\/div>\n\n\n\n<div class=\"wp-block-column is-layout-flow wp-block-column-is-layout-flow\">\n<blockquote class=\"wp-block-quote is-layout-flow wp-block-quote-is-layout-flow\">\n<p>\u00ab Le Festival Carrefour contribue \u00e0 rendre la sc\u00e8ne th\u00e9\u00e2trale de Qu\u00e9bec encore plus accessible et proche des gens. En investissant l\u2019espace public et en proposant une programmation audacieuse pour tous, il invite les citoyennes et citoyens comme nos visiteurs \u00e0 d\u00e9couvrir les arts vivants autrement. Des incontournables comme&nbsp;<em>O\u00f9 tu vas quand tu dors en marchant\u2026?<\/em>, pr\u00e9sent\u00e9 gratuitement et se d\u00e9pla\u00e7ant dans le quartier Saint-Sauveur cette ann\u00e9e, t\u00e9moignent de cette volont\u00e9 de faire rayonner notre culture \u00e0 travers toute la ville.&nbsp;\u00bb&nbsp;<\/p>\n\n\n\n<p>Marianne White<br>Responsable de la culture au comit\u00e9 ex\u00e9cutif&nbsp;<\/p>\n<\/blockquote>\n\n\n\n<figure class=\"wp-block-image alignleft size-lg is-resized\"><a href=\"https:\/\/www.ville.quebec.qc.ca\/\" target=\"_blank\" rel=\" noreferrer noopener\"><img loading=\"lazy\" decoding=\"async\" width=\"1500\" height=\"906\" src=\"https:\/\/carrefourtheatre.qc.ca\/wp-content\/uploads\/2025\/04\/logo_ville-de-quebec_noir-1500x906.avif\" alt=\"\" class=\"wp-image-1034\" style=\"width:230px;height:auto\" srcset=\"https:\/\/carrefourtheatre.qc.ca\/wp-content\/uploads\/2025\/04\/logo_ville-de-quebec_noir-1500x906.avif 1500w, https:\/\/carrefourtheatre.qc.ca\/wp-content\/uploads\/2025\/04\/logo_ville-de-quebec_noir-860x520.avif 860w, https:\/\/carrefourtheatre.qc.ca\/wp-content\/uploads\/2025\/04\/logo_ville-de-quebec_noir-1200x725.avif 1200w, https:\/\/carrefourtheatre.qc.ca\/wp-content\/uploads\/2025\/04\/logo_ville-de-quebec_noir.avif 1718w\" sizes=\"auto, (max-width: 1500px) 100vw, 1500px\" \/><\/a><\/figure>\n<\/div>\n<\/div>\n\n\n\n<hr class=\"wp-block-separator has-alpha-channel-opacity\"\/>\n\n\n\n<div class=\"wp-block-columns are-vertically-aligned-center is-layout-flex wp-container-core-columns-is-layout-9d6595d7 wp-block-columns-is-layout-flex\">\n<div class=\"wp-block-column is-vertically-aligned-center is-layout-flow wp-block-column-is-layout-flow\">\n<figure class=\"wp-block-image aligncenter size-full is-resized\"><a href=\"https:\/\/conseildesarts.ca\/\" target=\"_blank\" rel=\" noreferrer noopener\"><img loading=\"lazy\" decoding=\"async\" width=\"577\" height=\"106\" src=\"https:\/\/carrefourtheatre.qc.ca\/wp-content\/uploads\/2025\/04\/logo_conseil-des-arts-du-canada.avif\" alt=\"\" class=\"wp-image-831\" style=\"width:463px;height:auto\"\/><\/a><\/figure>\n<\/div>\n\n\n\n<div class=\"wp-block-column is-vertically-aligned-center is-layout-flow wp-block-column-is-layout-flow\">\n<figure class=\"wp-block-image aligncenter size-full is-resized\"><a href=\"https:\/\/www.canada.ca\/fr.html\" target=\"_blank\" rel=\" noreferrer noopener\"><img loading=\"lazy\" decoding=\"async\" width=\"917\" height=\"150\" src=\"https:\/\/carrefourtheatre.qc.ca\/wp-content\/uploads\/2025\/05\/3li_fr_wordmark_c.png\" alt=\"\" class=\"wp-image-1389\" style=\"width:495px;height:auto\" srcset=\"https:\/\/carrefourtheatre.qc.ca\/wp-content\/uploads\/2025\/05\/3li_fr_wordmark_c.png 917w, https:\/\/carrefourtheatre.qc.ca\/wp-content\/uploads\/2025\/05\/3li_fr_wordmark_c-860x141.png 860w\" sizes=\"auto, (max-width: 917px) 100vw, 917px\" \/><\/a><\/figure>\n<\/div>\n<\/div>\n\n\n\n<div style=\"height:54px\" aria-hidden=\"true\" class=\"wp-block-spacer is-style-default\"><\/div>\n\n\n\n<hr class=\"wp-block-separator has-alpha-channel-opacity\"\/>\n\n\n\n<div class=\"wp-block-columns is-layout-flex wp-container-core-columns-is-layout-9d6595d7 wp-block-columns-is-layout-flex\">\n<div class=\"wp-block-column is-layout-flow wp-block-column-is-layout-flow\">\n<figure class=\"wp-block-image aligncenter size-large is-resized\"><a href=\"https:\/\/quebec.consulfrance.org\/\" target=\"_blank\" rel=\" noreferrer noopener\"><img loading=\"lazy\" decoding=\"async\" width=\"187\" height=\"210\" src=\"https:\/\/carrefourtheatre.qc.ca\/wp-content\/uploads\/2025\/05\/consulat_general_de_france_a_quebec.png\" alt=\"\" class=\"wp-image-1407\" style=\"width:148px;height:auto\"\/><\/a><\/figure>\n<\/div>\n\n\n\n<div class=\"wp-block-column is-layout-flow wp-block-column-is-layout-flow\">\n<figure class=\"wp-block-image size-large is-resized\"><a href=\"https:\/\/www.wbi.be\/fr\/diplomatie-wallonie-bruxelles\/delegations\/delegation-generale-wallonie-bruxelles-au-quebec\" target=\"_blank\" rel=\" noreferrer noopener\"><img loading=\"lazy\" decoding=\"async\" width=\"800\" height=\"400\" src=\"https:\/\/carrefourtheatre.qc.ca\/wp-content\/uploads\/2025\/05\/wallonie-bruxelles-international.png\" alt=\"\" class=\"wp-image-1409\" style=\"width:228px;height:auto\"\/><\/a><\/figure>\n<\/div>\n\n\n\n<div class=\"wp-block-column is-layout-flow wp-block-column-is-layout-flow\">\n<figure class=\"wp-block-image aligncenter size-full is-resized\"><img loading=\"lazy\" decoding=\"async\" width=\"427\" height=\"240\" src=\"https:\/\/carrefourtheatre.qc.ca\/wp-content\/uploads\/2026\/03\/logo_entente-developpement-culturel_quebec-edited.png\" alt=\"\" class=\"wp-image-2605\" style=\"aspect-ratio:1.7792670157068062;width:228px;height:auto\"\/><\/figure>\n<\/div>\n\n\n\n<div class=\"wp-block-column is-layout-flow wp-block-column-is-layout-flow\">\n<figure class=\"wp-block-image size-lg\"><img loading=\"lazy\" decoding=\"async\" width=\"1500\" height=\"514\" src=\"https:\/\/carrefourtheatre.qc.ca\/wp-content\/uploads\/2025\/09\/logo-litterature-sign-grand-noir-1500x514.png\" alt=\"\" class=\"wp-image-1666\" srcset=\"https:\/\/carrefourtheatre.qc.ca\/wp-content\/uploads\/2025\/09\/logo-litterature-sign-grand-noir-1500x514.png 1500w, https:\/\/carrefourtheatre.qc.ca\/wp-content\/uploads\/2025\/09\/logo-litterature-sign-grand-noir-860x294.png 860w, https:\/\/carrefourtheatre.qc.ca\/wp-content\/uploads\/2025\/09\/logo-litterature-sign-grand-noir-1200x411.png 1200w, https:\/\/carrefourtheatre.qc.ca\/wp-content\/uploads\/2025\/09\/logo-litterature-sign-grand-noir-2000x685.png 2000w\" sizes=\"auto, (max-width: 1500px) 100vw, 1500px\" \/><\/figure>\n<\/div>\n<\/div>\n\n\n\n<div class=\"wp-block-columns is-layout-flex wp-container-core-columns-is-layout-9d6595d7 wp-block-columns-is-layout-flex\">\n<div class=\"wp-block-column is-vertically-aligned-center is-layout-flow wp-block-column-is-layout-flow\">\n<figure class=\"wp-block-image aligncenter size-full is-resized\"><img loading=\"lazy\" decoding=\"async\" width=\"944\" height=\"372\" src=\"https:\/\/carrefourtheatre.qc.ca\/wp-content\/uploads\/2025\/12\/logo_fondation-atura.avif\" alt=\"\" class=\"wp-image-1921\" style=\"aspect-ratio:2.5377660710471988;width:309px;height:auto\" srcset=\"https:\/\/carrefourtheatre.qc.ca\/wp-content\/uploads\/2025\/12\/logo_fondation-atura.avif 944w, https:\/\/carrefourtheatre.qc.ca\/wp-content\/uploads\/2025\/12\/logo_fondation-atura-860x339.avif 860w\" sizes=\"auto, (max-width: 944px) 100vw, 944px\" \/><\/figure>\n<\/div>\n\n\n\n<div class=\"wp-block-column is-layout-flow wp-block-column-is-layout-flow\">\n<figure class=\"wp-block-image aligncenter size-full is-resized\"><img loading=\"lazy\" decoding=\"async\" width=\"848\" height=\"182\" src=\"https:\/\/carrefourtheatre.qc.ca\/wp-content\/uploads\/2026\/03\/ces-logobandeau-noirjaune.png\" alt=\"\" class=\"wp-image-2607\" style=\"aspect-ratio:4.659869281045752;width:367px;height:auto\"\/><\/figure>\n<\/div>\n<\/div>\n\n\n\n<h2 class=\"wp-block-heading\">Private Partners<\/h2>\n\n\n\n<div class=\"wp-block-columns is-layout-flex wp-container-core-columns-is-layout-9d6595d7 wp-block-columns-is-layout-flex\">\n<div class=\"wp-block-column is-vertically-aligned-center is-layout-flow wp-block-column-is-layout-flow\">\n<figure class=\"wp-block-image size-full is-resized\"><a href=\"https:\/\/www.hotelvieux-quebec.com\/\" target=\"_blank\" rel=\" noreferrer noopener\"><img loading=\"lazy\" decoding=\"async\" width=\"562\" height=\"245\" src=\"https:\/\/carrefourtheatre.qc.ca\/wp-content\/uploads\/2025\/04\/logo_hotel_chateau_bellevue-1.avif\" alt=\"\" class=\"wp-image-766\" style=\"width:271px;height:auto\"\/><\/a><\/figure>\n<\/div>\n\n\n\n<div class=\"wp-block-column is-layout-flow wp-block-column-is-layout-flow\">\n<figure class=\"wp-block-image aligncenter size-lg is-resized\"><img loading=\"lazy\" decoding=\"async\" width=\"1500\" height=\"1547\" src=\"https:\/\/carrefourtheatre.qc.ca\/wp-content\/uploads\/2025\/04\/logo_lofts_vieux-quebec-1500x1547.avif\" alt=\"\" class=\"wp-image-773\" style=\"aspect-ratio:0.969654869844984;width:151px;height:auto\" srcset=\"https:\/\/carrefourtheatre.qc.ca\/wp-content\/uploads\/2025\/04\/logo_lofts_vieux-quebec-1500x1547.avif 1500w, https:\/\/carrefourtheatre.qc.ca\/wp-content\/uploads\/2025\/04\/logo_lofts_vieux-quebec-860x887.avif 860w, https:\/\/carrefourtheatre.qc.ca\/wp-content\/uploads\/2025\/04\/logo_lofts_vieux-quebec-1200x1237.avif 1200w, https:\/\/carrefourtheatre.qc.ca\/wp-content\/uploads\/2025\/04\/logo_lofts_vieux-quebec.avif 1538w\" sizes=\"auto, (max-width: 1500px) 100vw, 1500px\" \/><\/figure>\n<\/div>\n\n\n\n<div class=\"wp-block-column is-vertically-aligned-center is-layout-flow wp-block-column-is-layout-flow\">\n<figure class=\"wp-block-image size-full is-resized\"><a href=\"https:\/\/firmecreative.com\/\" target=\"_blank\" rel=\" noreferrer noopener\"><img loading=\"lazy\" decoding=\"async\" width=\"700\" height=\"426\" src=\"https:\/\/carrefourtheatre.qc.ca\/wp-content\/uploads\/2025\/05\/logo_imedia.avif\" alt=\"\" class=\"wp-image-1222\" style=\"width:330px;height:auto\"\/><\/a><\/figure>\n<\/div>\n\n\n\n<div class=\"wp-block-column is-layout-flow wp-block-column-is-layout-flow\">\n<figure class=\"wp-block-image aligncenter size-lg is-resized\"><img decoding=\"async\" src=\"https:\/\/carrefourtheatre.qc.ca\/wp-content\/uploads\/2026\/03\/must-noir-1500x1500.jpg\" alt=\"\" class=\"wp-image-2425\" style=\"aspect-ratio:0.9696416343300617;width:156px;height:auto\"\/><\/figure>\n<\/div>\n\n\n\n<div class=\"wp-block-column is-layout-flow wp-block-column-is-layout-flow\">\n<figure class=\"wp-block-image size-full\"><img loading=\"lazy\" decoding=\"async\" width=\"885\" height=\"885\" src=\"https:\/\/carrefourtheatre.qc.ca\/wp-content\/uploads\/2026\/03\/logo-croquembouche.jpg\" alt=\"\" class=\"wp-image-2609\" srcset=\"https:\/\/carrefourtheatre.qc.ca\/wp-content\/uploads\/2026\/03\/logo-croquembouche.jpg 885w, https:\/\/carrefourtheatre.qc.ca\/wp-content\/uploads\/2026\/03\/logo-croquembouche-150x150.jpg 150w, https:\/\/carrefourtheatre.qc.ca\/wp-content\/uploads\/2026\/03\/logo-croquembouche-860x860.jpg 860w\" sizes=\"auto, (max-width: 885px) 100vw, 885px\" \/><\/figure>\n<\/div>\n\n\n\n<div class=\"wp-block-column is-vertically-aligned-center is-layout-flow wp-block-column-is-layout-flow\">\n<figure class=\"wp-block-image aligncenter size-full is-resized\"><a href=\"https:\/\/www.lamolette.ca\/\" target=\"_blank\" rel=\" noreferrer noopener\"><img loading=\"lazy\" decoding=\"async\" width=\"1000\" height=\"1000\" src=\"https:\/\/carrefourtheatre.qc.ca\/wp-content\/uploads\/2025\/05\/logo_la-molette-noir.avif\" alt=\"\" class=\"wp-image-1216\" style=\"width:176px;height:auto\" srcset=\"https:\/\/carrefourtheatre.qc.ca\/wp-content\/uploads\/2025\/05\/logo_la-molette-noir.avif 1000w, https:\/\/carrefourtheatre.qc.ca\/wp-content\/uploads\/2025\/05\/logo_la-molette-noir-150x150.avif 150w, https:\/\/carrefourtheatre.qc.ca\/wp-content\/uploads\/2025\/05\/logo_la-molette-noir-860x860.avif 860w\" sizes=\"auto, (max-width: 1000px) 100vw, 1000px\" \/><\/a><\/figure>\n<\/div>\n<\/div>\n\n\n\n<h2 class=\"wp-block-heading\">Our Collaborators<\/h2>\n\n\n\n<div class=\"wp-block-columns is-layout-flex wp-container-core-columns-is-layout-9d6595d7 wp-block-columns-is-layout-flex\">\n<div class=\"wp-block-column is-vertically-aligned-center is-layout-flow wp-block-column-is-layout-flow\">\n<figure class=\"wp-block-image size-full\"><a href=\"https:\/\/www.lediamant.ca\/fr\" target=\"_blank\" rel=\" noreferrer noopener\"><img loading=\"lazy\" decoding=\"async\" width=\"440\" height=\"214\" src=\"https:\/\/carrefourtheatre.qc.ca\/wp-content\/uploads\/2025\/05\/logo_theatre-le-diamant.avif\" alt=\"\" class=\"wp-image-1186\"\/><\/a><\/figure>\n<\/div>\n\n\n\n<div class=\"wp-block-column is-vertically-aligned-center is-layout-flow wp-block-column-is-layout-flow\">\n<figure class=\"wp-block-image aligncenter size-full is-resized\"><a href=\"https:\/\/bordee.qc.ca\/tarifs-et-abonnements\/?gad_source=1&amp;gad_campaignid=22568171185&amp;gbraid=0AAAAA-Xiq5d-01KN1-zCTeVuOQlWucKjl&amp;gclid=CjwKCAjw7MLDBhAuEiwAIeXGIYtb94MEqOqguk2eUV425ElHMKyKp4-4mClbEwGXDTVm90VCG9BO8BoC3CYQAvD_BwE\" target=\"_blank\" rel=\" noreferrer noopener\"><img loading=\"lazy\" decoding=\"async\" width=\"494\" height=\"628\" src=\"https:\/\/carrefourtheatre.qc.ca\/wp-content\/uploads\/2025\/05\/logo_theatre-la-bordee-e1748621557223.avif\" alt=\"\" class=\"wp-image-1184\" style=\"width:124px;height:auto\"\/><\/a><\/figure>\n<\/div>\n\n\n\n<div class=\"wp-block-column is-vertically-aligned-center is-layout-flow wp-block-column-is-layout-flow\">\n<figure class=\"wp-block-image size-full is-resized\"><a href=\"https:\/\/charpentedesfauves.com\/\" target=\"_blank\" rel=\" noreferrer noopener\"><img loading=\"lazy\" decoding=\"async\" width=\"1500\" height=\"1500\" src=\"https:\/\/carrefourtheatre.qc.ca\/wp-content\/uploads\/2025\/04\/logo_charpente-des-fauves.avif\" alt=\"\" class=\"wp-image-1071\" style=\"width:140px;height:auto\" srcset=\"https:\/\/carrefourtheatre.qc.ca\/wp-content\/uploads\/2025\/04\/logo_charpente-des-fauves.avif 1500w, https:\/\/carrefourtheatre.qc.ca\/wp-content\/uploads\/2025\/04\/logo_charpente-des-fauves-150x150.avif 150w, https:\/\/carrefourtheatre.qc.ca\/wp-content\/uploads\/2025\/04\/logo_charpente-des-fauves-860x860.avif 860w, https:\/\/carrefourtheatre.qc.ca\/wp-content\/uploads\/2025\/04\/logo_charpente-des-fauves-1200x1200.avif 1200w\" sizes=\"auto, (max-width: 1500px) 100vw, 1500px\" \/><\/a><\/figure>\n<\/div>\n\n\n\n<div class=\"wp-block-column is-vertically-aligned-center is-layout-flow wp-block-column-is-layout-flow\">\n<figure class=\"wp-block-image size-full\"><a href=\"https:\/\/theatreperiscope.qc.ca\/\" target=\"_blank\" rel=\" noreferrer noopener\"><img loading=\"lazy\" decoding=\"async\" width=\"460\" height=\"208\" src=\"https:\/\/carrefourtheatre.qc.ca\/wp-content\/uploads\/2025\/05\/logo_theatre-periscope.avif\" alt=\"\" class=\"wp-image-1188\"\/><\/a><\/figure>\n<\/div>\n\n\n\n<div class=\"wp-block-column is-vertically-aligned-center is-layout-flow wp-block-column-is-layout-flow\">\n<figure class=\"wp-block-image size-full is-resized\"><a href=\"https:\/\/www.bibliothequedequebec.qc.ca\/bibliotheques\/lacitelimoilou\/gabrielle-roy\/\" target=\"_blank\" rel=\" noreferrer noopener\"><img loading=\"lazy\" decoding=\"async\" width=\"622\" height=\"270\" src=\"https:\/\/carrefourtheatre.qc.ca\/wp-content\/uploads\/2025\/04\/logo_bibliotheque-gabrielle-roy-3-e1744662349456.avif\" alt=\"\" class=\"wp-image-1029\" style=\"width:320px;height:auto\"\/><\/a><\/figure>\n<\/div>\n\n\n\n<div class=\"wp-block-column is-vertically-aligned-center is-layout-flow wp-block-column-is-layout-flow\">\n<figure class=\"wp-block-image size-full\"><a href=\"https:\/\/meduse.org\/organismes\/recto-verso\/\" target=\"_blank\" rel=\" noreferrer noopener\"><img loading=\"lazy\" decoding=\"async\" width=\"449\" height=\"259\" src=\"https:\/\/carrefourtheatre.qc.ca\/wp-content\/uploads\/2025\/06\/logo_recto-verso-e1750858418147.avif\" alt=\"\" class=\"wp-image-1441\"\/><\/a><\/figure>\n<\/div>\n<\/div>\n\n\n\n<div class=\"wp-block-columns is-layout-flex wp-container-core-columns-is-layout-9d6595d7 wp-block-columns-is-layout-flex\">\n<div class=\"wp-block-column is-vertically-aligned-center is-layout-flow wp-block-column-is-layout-flow\">\n<figure class=\"wp-block-image aligncenter size-full is-resized\"><a href=\"https:\/\/www.antitube.ca\/\" target=\"_blank\" rel=\" noreferrer noopener\"><img loading=\"lazy\" decoding=\"async\" width=\"900\" height=\"468\" src=\"https:\/\/carrefourtheatre.qc.ca\/wp-content\/uploads\/2025\/04\/logo_cinema-beaumont.avif\" alt=\"\" class=\"wp-image-990\" style=\"width:329px;height:auto\" srcset=\"https:\/\/carrefourtheatre.qc.ca\/wp-content\/uploads\/2025\/04\/logo_cinema-beaumont.avif 900w, https:\/\/carrefourtheatre.qc.ca\/wp-content\/uploads\/2025\/04\/logo_cinema-beaumont-860x447.avif 860w\" sizes=\"auto, (max-width: 900px) 100vw, 900px\" \/><\/a><\/figure>\n<\/div>\n\n\n\n<div class=\"wp-block-column is-layout-flow wp-block-column-is-layout-flow\">\n<figure class=\"wp-block-image aligncenter size-lg is-resized\"><a href=\"https:\/\/www.maisonpourladanse.ca\/\" target=\"_blank\" rel=\" noreferrer noopener\"><img loading=\"lazy\" decoding=\"async\" width=\"1500\" height=\"873\" src=\"https:\/\/carrefourtheatre.qc.ca\/wp-content\/uploads\/2025\/05\/logo_maison-pour-la-danse-1500x873.avif\" alt=\"\" class=\"wp-image-1194\" style=\"width:335px;height:auto\" srcset=\"https:\/\/carrefourtheatre.qc.ca\/wp-content\/uploads\/2025\/05\/logo_maison-pour-la-danse-1500x873.avif 1500w, https:\/\/carrefourtheatre.qc.ca\/wp-content\/uploads\/2025\/05\/logo_maison-pour-la-danse-860x501.avif 860w, https:\/\/carrefourtheatre.qc.ca\/wp-content\/uploads\/2025\/05\/logo_maison-pour-la-danse-1200x699.avif 1200w, https:\/\/carrefourtheatre.qc.ca\/wp-content\/uploads\/2025\/05\/logo_maison-pour-la-danse.avif 1793w\" sizes=\"auto, (max-width: 1500px) 100vw, 1500px\" \/><\/a><\/figure>\n<\/div>\n\n\n\n<div class=\"wp-block-column is-layout-flow wp-block-column-is-layout-flow\">\n<figure class=\"wp-block-image aligncenter size-full\"><a href=\"https:\/\/www.conservatoire.gouv.qc.ca\/fr\/conservatoires\/adquebec\/\" target=\"_blank\" rel=\" noreferrer noopener\"><img loading=\"lazy\" decoding=\"async\" width=\"455\" height=\"298\" src=\"https:\/\/carrefourtheatre.qc.ca\/wp-content\/uploads\/2025\/04\/logo_cadq-e1746725795215.avif\" alt=\"\" class=\"wp-image-928\"\/><\/a><\/figure>\n<\/div>\n\n\n\n<div class=\"wp-block-column is-layout-flow wp-block-column-is-layout-flow\">\n<figure class=\"wp-block-image aligncenter size-full is-resized\"><a href=\"https:\/\/aqm.ca\/\" target=\"_blank\" rel=\" noreferrer noopener\"><img loading=\"lazy\" decoding=\"async\" width=\"743\" height=\"409\" src=\"https:\/\/carrefourtheatre.qc.ca\/wp-content\/uploads\/2025\/05\/logo_aqm-noir.avif\" alt=\"\" class=\"wp-image-1198\" style=\"width:338px;height:auto\"\/><\/a><\/figure>\n<\/div>\n\n\n\n<div class=\"wp-block-column is-vertically-aligned-center is-layout-flow wp-block-column-is-layout-flow\">\n<figure class=\"wp-block-image aligncenter size-full is-resized\"><a href=\"https:\/\/premieracte.ca\/\" target=\"_blank\" rel=\" noreferrer noopener\"><img loading=\"lazy\" decoding=\"async\" width=\"791\" height=\"325\" src=\"https:\/\/carrefourtheatre.qc.ca\/wp-content\/uploads\/2025\/05\/logo_premier-acte-noir.avif\" alt=\"\" class=\"wp-image-1192\" style=\"width:338px;height:auto\"\/><\/a><\/figure>\n<\/div>\n\n\n\n<div class=\"wp-block-column is-vertically-aligned-center is-layout-flow wp-block-column-is-layout-flow\">\n<figure class=\"wp-block-image size-full is-resized\"><a href=\"https:\/\/www.leschantiers.ca\/\" target=\"_blank\" rel=\" noreferrer noopener\"><img loading=\"lazy\" decoding=\"async\" width=\"300\" height=\"108\" src=\"https:\/\/carrefourtheatre.qc.ca\/wp-content\/uploads\/2025\/05\/logo_les-chantiers-constructions-artistiques-e1746725698858.avif\" alt=\"\" class=\"wp-image-1196\" style=\"width:363px;height:auto\"\/><\/a><\/figure>\n<\/div>\n<\/div>\n","protected":false},"excerpt":{"rendered":"<p>Partners The Carrefour international de th\u00e9\u00e2tre de Qu\u00e9bec wants to thank all its governmental, institutional and private partners. Your support is essential for the broadcasting and accessibility of art and culture. Governmental and Institutional Partners \u00ab Pour sa 25e \u00e9dition, le Festival Carrefour rivalise encore d\u2019audace et d\u2019originalit\u00e9. Son programme, toujours riche et diversifi\u00e9, permet [&hellip;]<\/p>\n","protected":false},"author":1,"featured_media":0,"parent":141,"menu_order":0,"comment_status":"closed","ping_status":"closed","template":"","meta":{"_acf_changed":false,"inline_featured_image":false,"footnotes":""},"class_list":["post-1484","page","type-page","status-publish","hentry"],"acf":[],"yoast_head":"<!-- This site is optimized with the Yoast SEO plugin v27.4 - https:\/\/yoast.com\/product\/yoast-seo-wordpress\/ -->\n<title>Partners | Festival Carrefour<\/title>\n<meta name=\"description\" content=\"Encourage the Festival Carrefour&#039;s partners. Explore the collaborations that make this festival possible in Quebec City.\" \/>\n<meta name=\"robots\" content=\"index, follow, max-snippet:-1, max-image-preview:large, max-video-preview:-1\" \/>\n<link rel=\"canonical\" href=\"https:\/\/carrefourtheatre.qc.ca\/en\/about-us\/partners\/\" \/>\n<meta property=\"og:locale\" content=\"en_US\" \/>\n<meta property=\"og:type\" content=\"article\" \/>\n<meta property=\"og:title\" content=\"Partners | Festival Carrefour\" \/>\n<meta property=\"og:description\" content=\"Encourage the Festival Carrefour&#039;s partners. Explore the collaborations that make this festival possible in Quebec City.\" \/>\n<meta property=\"og:url\" content=\"https:\/\/carrefourtheatre.qc.ca\/en\/about-us\/partners\/\" \/>\n<meta property=\"og:site_name\" content=\"Festival Carrefour\" \/>\n<meta property=\"article:modified_time\" content=\"2026-04-01T14:20:18+00:00\" \/>\n<meta property=\"og:image\" content=\"https:\/\/carrefourtheatre.qc.ca\/wp-content\/uploads\/2025\/03\/og_festival_carrefour.jpg\" \/>\n\t<meta property=\"og:image:width\" content=\"1200\" \/>\n\t<meta property=\"og:image:height\" content=\"675\" \/>\n\t<meta property=\"og:image:type\" content=\"image\/jpeg\" \/>\n<meta name=\"twitter:card\" content=\"summary_large_image\" \/>\n<meta name=\"twitter:label1\" content=\"Est. reading time\" \/>\n\t<meta name=\"twitter:data1\" content=\"8 minutes\" \/>\n<!-- \/ Yoast SEO plugin. -->","yoast_head_json":{"title":"Partners | Festival Carrefour","description":"Encourage the Festival Carrefour's partners. Explore the collaborations that make this festival possible in Quebec City.","robots":{"index":"index","follow":"follow","max-snippet":"max-snippet:-1","max-image-preview":"max-image-preview:large","max-video-preview":"max-video-preview:-1"},"canonical":"https:\/\/carrefourtheatre.qc.ca\/en\/about-us\/partners\/","og_locale":"en_US","og_type":"article","og_title":"Partners | Festival Carrefour","og_description":"Encourage the Festival Carrefour's partners. Explore the collaborations that make this festival possible in Quebec City.","og_url":"https:\/\/carrefourtheatre.qc.ca\/en\/about-us\/partners\/","og_site_name":"Festival Carrefour","article_modified_time":"2026-04-01T14:20:18+00:00","og_image":[{"width":1200,"height":675,"url":"https:\/\/carrefourtheatre.qc.ca\/wp-content\/uploads\/2025\/03\/og_festival_carrefour.jpg","type":"image\/jpeg"}],"twitter_card":"summary_large_image","twitter_misc":{"Est. reading time":"8 minutes"},"schema":{"@context":"https:\/\/schema.org","@graph":[{"@type":"WebPage","@id":"https:\/\/carrefourtheatre.qc.ca\/en\/about-us\/partners\/","url":"https:\/\/carrefourtheatre.qc.ca\/en\/about-us\/partners\/","name":"Partners | Festival Carrefour","isPartOf":{"@id":"https:\/\/carrefourtheatre.qc.ca\/en\/#website"},"primaryImageOfPage":{"@id":"https:\/\/carrefourtheatre.qc.ca\/en\/about-us\/partners\/#primaryimage"},"image":{"@id":"https:\/\/carrefourtheatre.qc.ca\/en\/about-us\/partners\/#primaryimage"},"thumbnailUrl":"https:\/\/carrefourtheatre.qc.ca\/wp-content\/uploads\/2025\/05\/img_3524-e1748370392835-1500x553.jpg","datePublished":"2025-02-26T13:15:52+00:00","dateModified":"2026-04-01T14:20:18+00:00","description":"Encourage the Festival Carrefour's partners. Explore the collaborations that make this festival possible in Quebec City.","breadcrumb":{"@id":"https:\/\/carrefourtheatre.qc.ca\/en\/about-us\/partners\/#breadcrumb"},"inLanguage":"en-US","potentialAction":[{"@type":"ReadAction","target":["https:\/\/carrefourtheatre.qc.ca\/en\/about-us\/partners\/"]}]},{"@type":"ImageObject","inLanguage":"en-US","@id":"https:\/\/carrefourtheatre.qc.ca\/en\/about-us\/partners\/#primaryimage","url":"https:\/\/carrefourtheatre.qc.ca\/wp-content\/uploads\/2025\/05\/img_3524-e1748370392835-1500x553.jpg","contentUrl":"https:\/\/carrefourtheatre.qc.ca\/wp-content\/uploads\/2025\/05\/img_3524-e1748370392835-1500x553.jpg"},{"@type":"BreadcrumbList","@id":"https:\/\/carrefourtheatre.qc.ca\/en\/about-us\/partners\/#breadcrumb","itemListElement":[{"@type":"ListItem","position":1,"name":"Accueil","item":"https:\/\/carrefourtheatre.qc.ca\/en\/"},{"@type":"ListItem","position":2,"name":"About us","item":"https:\/\/carrefourtheatre.qc.ca\/en\/about-us\/"},{"@type":"ListItem","position":3,"name":"Partners"}]},{"@type":"WebSite","@id":"https:\/\/carrefourtheatre.qc.ca\/en\/#website","url":"https:\/\/carrefourtheatre.qc.ca\/en\/","name":"Festival Carrefour","description":"Le plus grand festival d\u2019arts vivants \u00e0 Qu\u00e9bec","publisher":{"@id":"https:\/\/carrefourtheatre.qc.ca\/en\/#organization"},"alternateName":"Le plus grand festival d\u2019arts vivants \u00e0 Qu\u00e9bec","potentialAction":[{"@type":"SearchAction","target":{"@type":"EntryPoint","urlTemplate":"https:\/\/carrefourtheatre.qc.ca\/en\/?s={search_term_string}"},"query-input":{"@type":"PropertyValueSpecification","valueRequired":true,"valueName":"search_term_string"}}],"inLanguage":"en-US"},{"@type":"Organization","@id":"https:\/\/carrefourtheatre.qc.ca\/en\/#organization","name":"Festival Carrefour","url":"https:\/\/carrefourtheatre.qc.ca\/en\/","logo":{"@type":"ImageObject","inLanguage":"en-US","@id":"https:\/\/carrefourtheatre.qc.ca\/en\/#\/schema\/logo\/image\/","url":"https:\/\/carrefourtheatre.qc.ca\/wp-content\/uploads\/2025\/03\/og_festival_carrefour.jpg","contentUrl":"https:\/\/carrefourtheatre.qc.ca\/wp-content\/uploads\/2025\/03\/og_festival_carrefour.jpg","width":1200,"height":675,"caption":"Festival Carrefour"},"image":{"@id":"https:\/\/carrefourtheatre.qc.ca\/en\/#\/schema\/logo\/image\/"}}]}},"_links":{"self":[{"href":"https:\/\/carrefourtheatre.qc.ca\/en\/wp-json\/wp\/v2\/pages\/1484","targetHints":{"allow":["GET"]}}],"collection":[{"href":"https:\/\/carrefourtheatre.qc.ca\/en\/wp-json\/wp\/v2\/pages"}],"about":[{"href":"https:\/\/carrefourtheatre.qc.ca\/en\/wp-json\/wp\/v2\/types\/page"}],"author":[{"embeddable":true,"href":"https:\/\/carrefourtheatre.qc.ca\/en\/wp-json\/wp\/v2\/users\/1"}],"replies":[{"embeddable":true,"href":"https:\/\/carrefourtheatre.qc.ca\/en\/wp-json\/wp\/v2\/comments?post=1484"}],"version-history":[{"count":1,"href":"https:\/\/carrefourtheatre.qc.ca\/en\/wp-json\/wp\/v2\/pages\/1484\/revisions"}],"predecessor-version":[{"id":2665,"href":"https:\/\/carrefourtheatre.qc.ca\/en\/wp-json\/wp\/v2\/pages\/1484\/revisions\/2665"}],"up":[{"embeddable":true,"href":"https:\/\/carrefourtheatre.qc.ca\/en\/wp-json\/wp\/v2\/pages\/141"}],"wp:attachment":[{"href":"https:\/\/carrefourtheatre.qc.ca\/en\/wp-json\/wp\/v2\/media?parent=1484"}],"curies":[{"name":"wp","href":"https:\/\/api.w.org\/{rel}","templated":true}]}}