{"id":1473,"date":"2025-02-26T08:15:36","date_gmt":"2025-02-26T13:15:36","guid":{"rendered":"https:\/\/carrefourtheatre.qc.ca\/about-us\/equipe\/"},"modified":"2026-04-01T09:06:36","modified_gmt":"2026-04-01T14:06:36","slug":"team","status":"publish","type":"page","link":"https:\/\/carrefourtheatre.qc.ca\/en\/about-us\/team\/","title":{"rendered":"Team"},"content":{"rendered":"\n<section class=\"wp-block-group wp-pattern__page-title is-layout-flow wp-block-group-is-layout-flow\">\n<h1 class=\"wp-block-heading\">Team<\/h1>\n<\/section>\n\n\n\n<section class=\"wp-block-group wp-pattern__gallery wp-pattern__gallery--one-column is-layout-constrained wp-block-group-is-layout-constrained\">\n<figure class=\"wp-block-gallery has-nested-images columns-default is-cropped wp-block-gallery-1 is-layout-flex wp-block-gallery-is-layout-flex\">\n<figure class=\"wp-block-image size-full\"><img loading=\"lazy\" decoding=\"async\" width=\"7728\" height=\"5152\" data-id=\"2630\" src=\"https:\/\/carrefourtheatre.qc.ca\/wp-content\/uploads\/2026\/03\/dsf0288.jpg\" alt=\"\" class=\"wp-image-2630\" srcset=\"https:\/\/carrefourtheatre.qc.ca\/wp-content\/uploads\/2026\/03\/dsf0288.jpg 7728w, https:\/\/carrefourtheatre.qc.ca\/wp-content\/uploads\/2026\/03\/dsf0288-860x573.jpg 860w, https:\/\/carrefourtheatre.qc.ca\/wp-content\/uploads\/2026\/03\/dsf0288-1200x800.jpg 1200w, https:\/\/carrefourtheatre.qc.ca\/wp-content\/uploads\/2026\/03\/dsf0288-1500x1000.jpg 1500w, https:\/\/carrefourtheatre.qc.ca\/wp-content\/uploads\/2026\/03\/dsf0288-2000x1333.jpg 2000w\" sizes=\"auto, (max-width: 7728px) 100vw, 7728px\" \/><figcaption class=\"wp-element-caption\">\u00a9 St\u00e9phane Bourgeois<\/figcaption><\/figure>\n<\/figure>\n<\/section>\n\n\n\n<p>Meet the members of the Festival Carrefour team: permanent staff, artistic committee, independent contributors, and the board of directors.<\/p>\n\n\n\n<section class=\"wp-block-group wp-pattern__list-contact is-layout-constrained wp-block-group-is-layout-constrained\">\n<div class=\"wp-block-columns is-layout-flex wp-container-core-columns-is-layout-9d6595d7 wp-block-columns-is-layout-flex\">\n<div class=\"wp-block-column wp-pattern__list-contact__col-left is-layout-flow wp-block-column-is-layout-flow\" style=\"flex-basis:29.1666667%\">\n<h2 class=\"wp-block-heading\">Permanent Staff<\/h2>\n<\/div>\n\n\n\n<div class=\"wp-block-column wp-pattern__list-contact__col-right is-layout-flow wp-block-column-is-layout-flow\" style=\"flex-basis:70.8333333%\">\n<div class=\"wp-block-group wp-pattern__list-contact__contact is-layout-constrained wp-block-group-is-layout-constrained\">\n<div class=\"wp-block-columns is-layout-flex wp-container-core-columns-is-layout-9d6595d7 wp-block-columns-is-layout-flex\">\n<div class=\"wp-block-column wp-pattern__list-contact__title is-layout-flow wp-block-column-is-layout-flow\">\n<h3 class=\"wp-block-heading\">Marika Henrichon<\/h3>\n\n\n\n<p>Managing Director<\/p>\n<\/div>\n\n\n\n<div class=\"wp-block-column is-layout-flow wp-block-column-is-layout-flow\">\n<p>418-692-3131 #101<\/p>\n\n\n\n<p><\/p>\n<\/div>\n<\/div>\n<\/div>\n\n\n\n<div class=\"wp-block-group wp-pattern__list-contact__contact is-layout-constrained wp-block-group-is-layout-constrained\">\n<div class=\"wp-block-columns is-layout-flex wp-container-core-columns-is-layout-9d6595d7 wp-block-columns-is-layout-flex\">\n<div class=\"wp-block-column is-layout-flow wp-block-column-is-layout-flow\">\n<h3 class=\"wp-block-heading\">Sylvia Beaudry<\/h3>\n\n\n\n<p>Assistant to the Managing Director and Ticket Office Manager<\/p>\n<\/div>\n\n\n\n<div class=\"wp-block-column is-layout-flow wp-block-column-is-layout-flow\">\n<p>418-692-3131 #100<\/p>\n\n\n\n<p><a href=\"mailto:s.beaudry@carrefourtheatre.qc.ca\">s.beaudry@carrefourtheatre.qc.ca<\/a><\/p>\n<\/div>\n<\/div>\n<\/div>\n\n\n\n<div class=\"wp-block-group wp-pattern__list-contact__contact is-layout-constrained wp-block-group-is-layout-constrained\">\n<div class=\"wp-block-columns is-layout-flex wp-container-core-columns-is-layout-9d6595d7 wp-block-columns-is-layout-flex\">\n<div class=\"wp-block-column is-layout-flow wp-block-column-is-layout-flow\">\n<h3 class=\"wp-block-heading\">Marie-Jos\u00e9e Houde<\/h3>\n\n\n\n<p>Production Manager<\/p>\n<\/div>\n\n\n\n<div class=\"wp-block-column is-layout-flow wp-block-column-is-layout-flow\">\n<p><\/p>\n\n\n\n<p><\/p>\n<\/div>\n<\/div>\n<\/div>\n\n\n\n<div class=\"wp-block-group wp-pattern__list-contact__contact is-layout-constrained wp-block-group-is-layout-constrained\">\n<div class=\"wp-block-columns is-layout-flex wp-container-core-columns-is-layout-9d6595d7 wp-block-columns-is-layout-flex\">\n<div class=\"wp-block-column is-layout-flow wp-block-column-is-layout-flow\">\n<h3 class=\"wp-block-heading\">Isabelle Carpentier<\/h3>\n\n\n\n<p>Assistant to the Artistic Direction and Peripheral Activities Manager<\/p>\n<\/div>\n\n\n\n<div class=\"wp-block-column is-layout-flow wp-block-column-is-layout-flow\">\n<p>418-692-3131 #113<\/p>\n\n\n\n<p><a href=\"mailto:i.carpentier@carrefourtheatre.qc.ca\">i.carpentier@carrefourtheatre.qc.ca<\/a> <\/p>\n<\/div>\n<\/div>\n<\/div>\n\n\n\n<div class=\"wp-block-group wp-pattern__list-contact__contact is-layout-constrained wp-block-group-is-layout-constrained\">\n<div class=\"wp-block-columns is-layout-flex wp-container-core-columns-is-layout-9d6595d7 wp-block-columns-is-layout-flex\">\n<div class=\"wp-block-column is-layout-flow wp-block-column-is-layout-flow\">\n<h3 class=\"wp-block-heading\">Dominick Robert-Nadeau<\/h3>\n\n\n\n<p>Human Ressources Director<\/p>\n<\/div>\n\n\n\n<div class=\"wp-block-column is-layout-flow wp-block-column-is-layout-flow\">\n<p>418-692-3131 #135<\/p>\n\n\n\n<p><a href=\"mailto:d.robert-nadeau@carrefourtheatre.qc.ca\">d.robert-nadeau@carrefourtheatre.qc.ca<\/a><\/p>\n<\/div>\n<\/div>\n<\/div>\n\n\n\n<div class=\"wp-block-group wp-pattern__list-contact__contact is-layout-constrained wp-block-group-is-layout-constrained\">\n<div class=\"wp-block-columns is-layout-flex wp-container-core-columns-is-layout-9d6595d7 wp-block-columns-is-layout-flex\">\n<div class=\"wp-block-column is-layout-flow wp-block-column-is-layout-flow\">\n<h3 class=\"wp-block-heading\">Liena Calvi\u00f1o Poveda<\/h3>\n\n\n\n<p>Comptroller<\/p>\n<\/div>\n\n\n\n<div class=\"wp-block-column is-layout-flow wp-block-column-is-layout-flow\">\n<p>418-692-3131 #117<\/p>\n\n\n\n<p><\/p>\n<\/div>\n<\/div>\n<\/div>\n\n\n\n<div class=\"wp-block-group wp-pattern__list-contact__contact is-layout-constrained wp-block-group-is-layout-constrained\">\n<div class=\"wp-block-columns is-layout-flex wp-container-core-columns-is-layout-9d6595d7 wp-block-columns-is-layout-flex\">\n<div class=\"wp-block-column is-layout-flow wp-block-column-is-layout-flow\">\n<h3 class=\"wp-block-heading\">Jo\u00eblle Compagnat<\/h3>\n\n\n\n<p>Communications and Marketing Director<\/p>\n<\/div>\n\n\n\n<div class=\"wp-block-column is-layout-flow wp-block-column-is-layout-flow\">\n<p>418-692-3131 #116<\/p>\n\n\n\n<p><a href=\"mailto:j.compagnat@carrefourtheatre.qc.ca\">j.compagnat@carrefourtheatre.qc.ca<\/a><\/p>\n<\/div>\n<\/div>\n<\/div>\n\n\n\n<div class=\"wp-block-group wp-pattern__list-contact__contact is-layout-constrained wp-block-group-is-layout-constrained\">\n<div class=\"wp-block-columns is-layout-flex wp-container-core-columns-is-layout-9d6595d7 wp-block-columns-is-layout-flex\">\n<div class=\"wp-block-column is-layout-flow wp-block-column-is-layout-flow\">\n<h3 class=\"wp-block-heading\">Paola Valdivieso Moreno<\/h3>\n\n\n\n<p>Accountant<\/p>\n<\/div>\n\n\n\n<div class=\"wp-block-column is-layout-flow wp-block-column-is-layout-flow\">\n<p><\/p>\n\n\n\n<p><\/p>\n<\/div>\n<\/div>\n<\/div>\n\n\n\n<div class=\"wp-block-group wp-pattern__list-contact__contact is-layout-constrained wp-block-group-is-layout-constrained\">\n<div class=\"wp-block-columns is-layout-flex wp-container-core-columns-is-layout-9d6595d7 wp-block-columns-is-layout-flex\">\n<div class=\"wp-block-column is-layout-flow wp-block-column-is-layout-flow\">\n<h3 class=\"wp-block-heading\">Anne Payer<\/h3>\n\n\n\n<p>Communications Agent<\/p>\n<\/div>\n\n\n\n<div class=\"wp-block-column is-layout-flow wp-block-column-is-layout-flow\">\n<p><\/p>\n\n\n\n<p><\/p>\n<\/div>\n<\/div>\n<\/div>\n<\/div>\n<\/div>\n<\/section>\n\n\n\n<section class=\"wp-block-group wp-pattern__list-contact is-layout-constrained wp-block-group-is-layout-constrained\">\n<div class=\"wp-block-columns is-layout-flex wp-container-core-columns-is-layout-9d6595d7 wp-block-columns-is-layout-flex\">\n<div class=\"wp-block-column wp-pattern__list-contact__col-left is-layout-flow wp-block-column-is-layout-flow\" style=\"flex-basis:29.1666667%\">\n<h2 class=\"wp-block-heading\">Artistic Direction<\/h2>\n<\/div>\n\n\n\n<div class=\"wp-block-column wp-pattern__list-contact__col-right is-layout-flow wp-block-column-is-layout-flow\" style=\"flex-basis:70.8333333%\">\n<div class=\"wp-block-group wp-pattern__list-contact__contact is-layout-constrained wp-block-group-is-layout-constrained\">\n<div class=\"wp-block-columns is-layout-flex wp-container-core-columns-is-layout-9d6595d7 wp-block-columns-is-layout-flex\">\n<div class=\"wp-block-column wp-pattern__list-contact__title is-layout-flow wp-block-column-is-layout-flow\">\n<h3 class=\"wp-block-heading\">Emile Beauchemin<\/h3>\n<\/div>\n<\/div>\n<\/div>\n\n\n\n<div class=\"wp-block-group wp-pattern__list-contact__contact is-layout-constrained wp-block-group-is-layout-constrained\">\n<div class=\"wp-block-columns is-layout-flex wp-container-core-columns-is-layout-9d6595d7 wp-block-columns-is-layout-flex\">\n<div class=\"wp-block-column is-layout-flow wp-block-column-is-layout-flow\">\n<h3 class=\"wp-block-heading\">Maryse Lapierre<\/h3>\n<\/div>\n\n\n\n<div class=\"wp-block-column is-layout-flow wp-block-column-is-layout-flow\">\n<p><\/p>\n<\/div>\n<\/div>\n<\/div>\n\n\n\n<div class=\"wp-block-group wp-pattern__list-contact__contact is-layout-constrained wp-block-group-is-layout-constrained\">\n<div class=\"wp-block-columns is-layout-flex wp-container-core-columns-is-layout-9d6595d7 wp-block-columns-is-layout-flex\">\n<div class=\"wp-block-column is-layout-flow wp-block-column-is-layout-flow\">\n<h3 class=\"wp-block-heading\">Maxime Robin<\/h3>\n<\/div>\n<\/div>\n<\/div>\n\n\n\n<p>For any questions concerning the program, contact Isabelle Carpentier at <a href=\"mailto:i.carpentier@carrefourtheatre.qc.ca\">i.carpentier@carrefourtheatre.qc.ca<\/a><\/p>\n<\/div>\n<\/div>\n<\/section>\n\n\n\n<section class=\"wp-block-group wp-pattern__list-contact is-layout-constrained wp-block-group-is-layout-constrained\">\n<div class=\"wp-block-columns is-layout-flex wp-container-core-columns-is-layout-9d6595d7 wp-block-columns-is-layout-flex\">\n<div class=\"wp-block-column wp-pattern__list-contact__col-left is-layout-flow wp-block-column-is-layout-flow\" style=\"flex-basis:29.1666667%\">\n<h2 class=\"wp-block-heading\">Freelancers<\/h2>\n<\/div>\n\n\n\n<div class=\"wp-block-column wp-pattern__list-contact__col-right is-layout-flow wp-block-column-is-layout-flow\" style=\"flex-basis:70.8333333%\">\n<div class=\"wp-block-group wp-pattern__list-contact__contact is-layout-constrained wp-block-group-is-layout-constrained\">\n<div class=\"wp-block-columns is-layout-flex wp-container-core-columns-is-layout-9d6595d7 wp-block-columns-is-layout-flex\">\n<div class=\"wp-block-column is-layout-flow wp-block-column-is-layout-flow\">\n<h3 class=\"wp-block-heading\">Pierre Gagn\u00e9<\/h3>\n\n\n\n<p>Technical Director<\/p>\n<\/div>\n\n\n\n<div class=\"wp-block-column is-layout-flow wp-block-column-is-layout-flow\">\n<p><\/p>\n<\/div>\n<\/div>\n<\/div>\n\n\n\n<div class=\"wp-block-group wp-pattern__list-contact__contact is-layout-constrained wp-block-group-is-layout-constrained\">\n<div class=\"wp-block-columns is-layout-flex wp-container-core-columns-is-layout-9d6595d7 wp-block-columns-is-layout-flex\">\n<div class=\"wp-block-column is-layout-flow wp-block-column-is-layout-flow\">\n<h3 class=\"wp-block-heading\">Luc Vall\u00e9e<\/h3>\n\n\n\n<p>Assistant Technical Director<\/p>\n<\/div>\n\n\n\n<div class=\"wp-block-column is-layout-flow wp-block-column-is-layout-flow\">\n<p><\/p>\n<\/div>\n<\/div>\n<\/div>\n\n\n\n<div class=\"wp-block-group wp-pattern__list-contact__contact is-layout-constrained wp-block-group-is-layout-constrained\">\n<div class=\"wp-block-columns is-layout-flex wp-container-core-columns-is-layout-9d6595d7 wp-block-columns-is-layout-flex\">\n<div class=\"wp-block-column is-layout-flow wp-block-column-is-layout-flow\">\n<h3 class=\"wp-block-heading\">Jeanne Gosselin<\/h3>\n\n\n\n<p>Assistant Technical Director<\/p>\n<\/div>\n\n\n\n<div class=\"wp-block-column is-layout-flow wp-block-column-is-layout-flow\">\n<p><\/p>\n<\/div>\n<\/div>\n<\/div>\n\n\n\n<div class=\"wp-block-group wp-pattern__list-contact__contact is-layout-constrained wp-block-group-is-layout-constrained\">\n<div class=\"wp-block-columns is-layout-flex wp-container-core-columns-is-layout-9d6595d7 wp-block-columns-is-layout-flex\">\n<div class=\"wp-block-column is-layout-flow wp-block-column-is-layout-flow\">\n<h3 class=\"wp-block-heading\">L\u00e9a Desmartis<\/h3>\n\n\n\n<p>Logistical Coordinator<\/p>\n<\/div>\n\n\n\n<div class=\"wp-block-column is-layout-flow wp-block-column-is-layout-flow\">\n<p><a href=\"mailto:l.desmartis@carrefourtheatre.qc.ca\">l.desmartis@carrefourtheatre.qc.ca<\/a><\/p>\n<\/div>\n<\/div>\n<\/div>\n\n\n\n<div class=\"wp-block-group wp-pattern__list-contact__contact is-layout-constrained wp-block-group-is-layout-constrained\">\n<div class=\"wp-block-columns is-layout-flex wp-container-core-columns-is-layout-9d6595d7 wp-block-columns-is-layout-flex\">\n<div class=\"wp-block-column is-layout-flow wp-block-column-is-layout-flow\">\n<h3 class=\"wp-block-heading\">William Maxime Fortin<\/h3>\n\n\n\n<p>Production Coordinator<\/p>\n<\/div>\n\n\n\n<div class=\"wp-block-column is-layout-flow wp-block-column-is-layout-flow\">\n<p><a href=\"mailto:wm.fortin@carrefourtheatre.qc.ca\">wm.fortin@carrefourtheatre.qc.ca<\/a><\/p>\n<\/div>\n<\/div>\n<\/div>\n\n\n\n<div class=\"wp-block-group wp-pattern__list-contact__contact is-layout-constrained wp-block-group-is-layout-constrained\">\n<div class=\"wp-block-columns is-layout-flex wp-container-core-columns-is-layout-9d6595d7 wp-block-columns-is-layout-flex\">\n<div class=\"wp-block-column is-layout-flow wp-block-column-is-layout-flow\">\n<h3 class=\"wp-block-heading\">Thomas Tremblay<\/h3>\n\n\n\n<p>Volunteers Coordinator<\/p>\n<\/div>\n\n\n\n<div class=\"wp-block-column is-layout-flow wp-block-column-is-layout-flow\">\n<p><a href=\"mailto:info@carrefourtheatre.qc.ca\">benevoles@carrefourtheatre.qc.ca<\/a><\/p>\n<\/div>\n<\/div>\n<\/div>\n\n\n\n<div class=\"wp-block-group wp-pattern__list-contact__contact is-layout-constrained wp-block-group-is-layout-constrained\">\n<div class=\"wp-block-columns is-layout-flex wp-container-core-columns-is-layout-9d6595d7 wp-block-columns-is-layout-flex\">\n<div class=\"wp-block-column is-layout-flow wp-block-column-is-layout-flow\">\n<h3 class=\"wp-block-heading\">Elisabeth Lavoie<\/h3>\n\n\n\n<p>Festive Events Coordinator<\/p>\n<\/div>\n\n\n\n<div class=\"wp-block-column is-layout-flow wp-block-column-is-layout-flow\">\n<p><\/p>\n<\/div>\n<\/div>\n<\/div>\n\n\n\n<div class=\"wp-block-group wp-pattern__list-contact__contact is-layout-constrained wp-block-group-is-layout-constrained\">\n<div class=\"wp-block-columns is-layout-flex wp-container-core-columns-is-layout-9d6595d7 wp-block-columns-is-layout-flex\">\n<div class=\"wp-block-column is-layout-flow wp-block-column-is-layout-flow\">\n<h3 class=\"wp-block-heading\">Gabrielle Girard<\/h3>\n\n\n\n<p>Assistant to the Peripheral Activities Director<\/p>\n<\/div>\n\n\n\n<div class=\"wp-block-column is-layout-flow wp-block-column-is-layout-flow\">\n<p><a href=\"mailto:activites@carrefourtheatre.qc.ca\">activites@carrefourtheatre.qc.ca<\/a><\/p>\n<\/div>\n<\/div>\n<\/div>\n\n\n\n<div class=\"wp-block-group wp-pattern__list-contact__contact is-layout-constrained wp-block-group-is-layout-constrained\">\n<div class=\"wp-block-columns is-layout-flex wp-container-core-columns-is-layout-9d6595d7 wp-block-columns-is-layout-flex\">\n<div class=\"wp-block-column is-layout-flow wp-block-column-is-layout-flow\">\n<h3 class=\"wp-block-heading\">Jean-Nicolas Gauthier<\/h3>\n\n\n\n<p>Graphic Designer<\/p>\n<\/div>\n\n\n\n<div class=\"wp-block-column is-layout-flow wp-block-column-is-layout-flow\">\n<p><a href=\"mailto:graphiste@carrefourtheatre.qc.ca\">graphiste@carrefourtheatre.qc.ca<\/a><\/p>\n<\/div>\n<\/div>\n<\/div>\n\n\n\n<div class=\"wp-block-group wp-pattern__list-contact__contact is-layout-constrained wp-block-group-is-layout-constrained\">\n<div class=\"wp-block-columns is-layout-flex wp-container-core-columns-is-layout-9d6595d7 wp-block-columns-is-layout-flex\">\n<div class=\"wp-block-column is-layout-flow wp-block-column-is-layout-flow\">\n<h3 class=\"wp-block-heading\">Katherine Polastri<\/h3>\n\n\n\n<p>Assistant to the Logistical Coordinator<\/p>\n<\/div>\n\n\n\n<div class=\"wp-block-column is-layout-flow wp-block-column-is-layout-flow\">\n<p><a href=\"mailto:graphiste@carrefourtheatre.qc.ca\">graphiste@carrefourtheatre.qc.ca<\/a><\/p>\n<\/div>\n<\/div>\n<\/div>\n\n\n\n<div class=\"wp-block-group wp-pattern__list-contact__contact is-layout-constrained wp-block-group-is-layout-constrained\">\n<div class=\"wp-block-columns is-layout-flex wp-container-core-columns-is-layout-9d6595d7 wp-block-columns-is-layout-flex\">\n<div class=\"wp-block-column is-layout-flow wp-block-column-is-layout-flow\">\n<h3 class=\"wp-block-heading\">Julie Morin<\/h3>\n\n\n\n<p>Press Relations<\/p>\n<\/div>\n\n\n\n<div class=\"wp-block-column is-layout-flow wp-block-column-is-layout-flow\">\n<p><a href=\"mailto:julie@commjulie.com\">julie@commjulie.com<\/a><\/p>\n<\/div>\n<\/div>\n<\/div>\n<\/div>\n<\/div>\n<\/section>\n\n\n\n<section class=\"wp-block-group wp-pattern__list-contact is-layout-constrained wp-block-group-is-layout-constrained\">\n<div class=\"wp-block-columns is-layout-flex wp-container-core-columns-is-layout-9d6595d7 wp-block-columns-is-layout-flex\">\n<div class=\"wp-block-column wp-pattern__list-contact__col-left is-layout-flow wp-block-column-is-layout-flow\" style=\"flex-basis:29.1666667%\">\n<h2 class=\"wp-block-heading\">O\u00f9 tu vas quand tu dors en marchant&#8230;?<\/h2>\n<\/div>\n\n\n\n<div class=\"wp-block-column wp-pattern__list-contact__col-right is-layout-flow wp-block-column-is-layout-flow\" style=\"flex-basis:70.8333333%\">\n<div class=\"wp-block-group wp-pattern__list-contact__contact is-layout-constrained wp-block-group-is-layout-constrained\">\n<div class=\"wp-block-columns is-layout-flex wp-container-core-columns-is-layout-9d6595d7 wp-block-columns-is-layout-flex\">\n<div class=\"wp-block-column wp-pattern__list-contact__title is-layout-flow wp-block-column-is-layout-flow\">\n<h3 class=\"wp-block-heading\">Alexandre Fecteau<\/h3>\n\n\n\n<p>Artistic Coordinator<\/p>\n<\/div>\n<\/div>\n<\/div>\n\n\n\n<div class=\"wp-block-group wp-pattern__list-contact__contact is-layout-constrained wp-block-group-is-layout-constrained\">\n<div class=\"wp-block-columns is-layout-flex wp-container-core-columns-is-layout-9d6595d7 wp-block-columns-is-layout-flex\">\n<div class=\"wp-block-column is-layout-flow wp-block-column-is-layout-flow\">\n<h3 class=\"wp-block-heading\">Emile Beauchemin<\/h3>\n\n\n\n<p>Assistant to the Artistic Coordinator<\/p>\n<\/div>\n<\/div>\n<\/div>\n\n\n\n<div class=\"wp-block-group wp-pattern__list-contact__contact is-layout-constrained wp-block-group-is-layout-constrained\">\n<div class=\"wp-block-columns is-layout-flex wp-container-core-columns-is-layout-9d6595d7 wp-block-columns-is-layout-flex\">\n<div class=\"wp-block-column is-layout-flow wp-block-column-is-layout-flow\">\n<h3 class=\"wp-block-heading\">Marie-Jos\u00e9e Godin<\/h3>\n\n\n\n<p>Assistant to the Artistic Coordinator<\/p>\n<\/div>\n<\/div>\n<\/div>\n\n\n\n<div class=\"wp-block-group wp-pattern__list-contact__contact is-layout-constrained wp-block-group-is-layout-constrained\">\n<div class=\"wp-block-columns is-layout-flex wp-container-core-columns-is-layout-9d6595d7 wp-block-columns-is-layout-flex\">\n<div class=\"wp-block-column is-layout-flow wp-block-column-is-layout-flow\">\n<h3 class=\"wp-block-heading\">Jean-F\u00e9lix Labrie<\/h3>\n\n\n\n<p>Technical Coordinator<\/p>\n<\/div>\n\n\n\n<div class=\"wp-block-column is-layout-flow wp-block-column-is-layout-flow\">\n<p><\/p>\n<\/div>\n<\/div>\n<\/div>\n\n\n\n<div class=\"wp-block-group wp-pattern__list-contact__contact is-layout-constrained wp-block-group-is-layout-constrained\">\n<div class=\"wp-block-columns is-layout-flex wp-container-core-columns-is-layout-9d6595d7 wp-block-columns-is-layout-flex\">\n<div class=\"wp-block-column is-layout-flow wp-block-column-is-layout-flow\">\n<h3 class=\"wp-block-heading\">Laurent Routhier<\/h3>\n\n\n\n<p>Lighting Conceptor<\/p>\n<\/div>\n\n\n\n<div class=\"wp-block-column is-layout-flow wp-block-column-is-layout-flow\">\n<p><\/p>\n<\/div>\n<\/div>\n<\/div>\n\n\n\n<div class=\"wp-block-group wp-pattern__list-contact__contact is-layout-constrained wp-block-group-is-layout-constrained\">\n<div class=\"wp-block-columns is-layout-flex wp-container-core-columns-is-layout-9d6595d7 wp-block-columns-is-layout-flex\">\n<div class=\"wp-block-column is-layout-flow wp-block-column-is-layout-flow\">\n<h3 class=\"wp-block-heading\">Lorena Bouchard-Mugica<\/h3>\n\n\n\n<p>Public&#8217;s Reception Director and Administrative Assistant to the Production<\/p>\n<\/div>\n\n\n\n<div class=\"wp-block-column is-layout-flow wp-block-column-is-layout-flow\">\n<p><\/p>\n<\/div>\n<\/div>\n<\/div>\n\n\n\n<div class=\"wp-block-group wp-pattern__list-contact__contact is-layout-constrained wp-block-group-is-layout-constrained\">\n<div class=\"wp-block-columns is-layout-flex wp-container-core-columns-is-layout-9d6595d7 wp-block-columns-is-layout-flex\">\n<div class=\"wp-block-column is-layout-flow wp-block-column-is-layout-flow\">\n<h3 class=\"wp-block-heading\">Marie-H\u00e9l\u00e8ne Cliche<\/h3>\n\n\n\n<p>Assistant to the Technical Coordinator<\/p>\n<\/div>\n\n\n\n<div class=\"wp-block-column is-layout-flow wp-block-column-is-layout-flow\">\n<p><\/p>\n<\/div>\n<\/div>\n<\/div>\n<\/div>\n<\/div>\n<\/section>\n\n\n\n<section class=\"wp-block-group wp-pattern__list-contact is-layout-constrained wp-block-group-is-layout-constrained\">\n<div class=\"wp-block-columns is-layout-flex wp-container-core-columns-is-layout-9d6595d7 wp-block-columns-is-layout-flex\">\n<div class=\"wp-block-column wp-pattern__list-contact__col-left is-layout-flow wp-block-column-is-layout-flow\" style=\"flex-basis:29.1666667%\">\n<h2 class=\"wp-block-heading\"><a href=\"#conseildadministration\">Les atomes crochus &#8211; Conseil d&#8217;administration<\/a><\/h2>\n<\/div>\n\n\n\n<div class=\"wp-block-column wp-pattern__list-contact__col-right is-layout-flow wp-block-column-is-layout-flow\" style=\"flex-basis:70.8333333%\">\n<div class=\"wp-block-group wp-pattern__list-contact__contact is-layout-constrained wp-block-group-is-layout-constrained\">\n<div class=\"wp-block-columns is-layout-flex wp-container-core-columns-is-layout-9d6595d7 wp-block-columns-is-layout-flex\">\n<div class=\"wp-block-column wp-pattern__list-contact__title is-layout-flow wp-block-column-is-layout-flow\">\n<h3 class=\"wp-block-heading\">Charles-\u00c9tienne Larivi\u00e8re, Ing., P.Eng<\/h3>\n\n\n\n<p>President<\/p>\n<\/div>\n\n\n\n<div class=\"wp-block-column is-layout-flow wp-block-column-is-layout-flow\">\n<p>Client Manager at Norda Stelo<\/p>\n<\/div>\n<\/div>\n<\/div>\n\n\n\n<div class=\"wp-block-group wp-pattern__list-contact__contact is-layout-constrained wp-block-group-is-layout-constrained\">\n<div class=\"wp-block-columns is-layout-flex wp-container-core-columns-is-layout-9d6595d7 wp-block-columns-is-layout-flex\">\n<div class=\"wp-block-column is-layout-flow wp-block-column-is-layout-flow\">\n<h3 class=\"wp-block-heading\">Antoine Motulsky-Falardeau<\/h3>\n\n\n\n<p>Vice-president<\/p>\n<\/div>\n\n\n\n<div class=\"wp-block-column is-layout-flow wp-block-column-is-layout-flow\">\n<p>Lawyer at TCJ<\/p>\n<\/div>\n<\/div>\n<\/div>\n\n\n\n<div class=\"wp-block-group wp-pattern__list-contact__contact is-layout-constrained wp-block-group-is-layout-constrained\">\n<div class=\"wp-block-columns is-layout-flex wp-container-core-columns-is-layout-9d6595d7 wp-block-columns-is-layout-flex\">\n<div class=\"wp-block-column is-layout-flow wp-block-column-is-layout-flow\">\n<h3 class=\"wp-block-heading\">Frances Caissie<\/h3>\n\n\n\n<p>Treasurer<\/p>\n<\/div>\n\n\n\n<div class=\"wp-block-column is-layout-flow wp-block-column-is-layout-flow\">\n<p>Historian and International Affairs Consultant<\/p>\n<\/div>\n<\/div>\n<\/div>\n\n\n\n<div class=\"wp-block-group wp-pattern__list-contact__contact is-layout-constrained wp-block-group-is-layout-constrained\">\n<div class=\"wp-block-columns is-layout-flex wp-container-core-columns-is-layout-9d6595d7 wp-block-columns-is-layout-flex\">\n<div class=\"wp-block-column is-layout-flow wp-block-column-is-layout-flow\">\n<h3 class=\"wp-block-heading\">Louis-Philippe Samson<\/h3>\n\n\n\n<p>Secretary<\/p>\n<\/div>\n\n\n\n<div class=\"wp-block-column is-layout-flow wp-block-column-is-layout-flow\">\n<p>Lawyer, associate at McCarthy-T\u00e9trault<\/p>\n<\/div>\n<\/div>\n<\/div>\n\n\n\n<div class=\"wp-block-group wp-pattern__list-contact__contact is-layout-constrained wp-block-group-is-layout-constrained\">\n<div class=\"wp-block-columns is-layout-flex wp-container-core-columns-is-layout-9d6595d7 wp-block-columns-is-layout-flex\">\n<div class=\"wp-block-column is-layout-flow wp-block-column-is-layout-flow\">\n<h3 class=\"wp-block-heading\">\u00c9tienne Talbot<\/h3>\n\n\n\n<p>Administrator<\/p>\n<\/div>\n\n\n\n<div class=\"wp-block-column is-layout-flow wp-block-column-is-layout-flow\">\n<p>Economic and Promotional Development Director of the city of L\u00e9vis<\/p>\n<\/div>\n<\/div>\n<\/div>\n\n\n\n<div class=\"wp-block-group wp-pattern__list-contact__contact is-layout-constrained wp-block-group-is-layout-constrained\">\n<div class=\"wp-block-columns is-layout-flex wp-container-core-columns-is-layout-9d6595d7 wp-block-columns-is-layout-flex\">\n<div class=\"wp-block-column is-layout-flow wp-block-column-is-layout-flow\">\n<h3 class=\"wp-block-heading\">Carl Viel<\/h3>\n\n\n\n<p>Administrator<\/p>\n<\/div>\n\n\n\n<div class=\"wp-block-column is-layout-flow wp-block-column-is-layout-flow\">\n<p>President and General Director at Qu\u00e9bec International<\/p>\n<\/div>\n<\/div>\n<\/div>\n\n\n\n<div class=\"wp-block-group wp-pattern__list-contact__contact is-layout-constrained wp-block-group-is-layout-constrained\">\n<div class=\"wp-block-columns is-layout-flex wp-container-core-columns-is-layout-9d6595d7 wp-block-columns-is-layout-flex\">\n<div class=\"wp-block-column is-layout-flow wp-block-column-is-layout-flow\">\n<h3 class=\"wp-block-heading\">Christian Lapointe<\/h3>\n\n\n\n<p>Administrator<\/p>\n<\/div>\n\n\n\n<div class=\"wp-block-column is-layout-flow wp-block-column-is-layout-flow\">\n<p>Multidisciplinary Artist<\/p>\n<\/div>\n<\/div>\n<\/div>\n\n\n\n<div class=\"wp-block-group wp-pattern__list-contact__contact is-layout-constrained wp-block-group-is-layout-constrained\">\n<div class=\"wp-block-columns is-layout-flex wp-container-core-columns-is-layout-9d6595d7 wp-block-columns-is-layout-flex\">\n<div class=\"wp-block-column is-layout-flow wp-block-column-is-layout-flow\">\n<h3 class=\"wp-block-heading\">Alicia Despins<\/h3>\n\n\n\n<p>Administrator<\/p>\n<\/div>\n\n\n\n<div class=\"wp-block-column is-layout-flow wp-block-column-is-layout-flow\">\n<p>Doctoral Student in Public Administration and Teacher&#8217;s Assistant<\/p>\n<\/div>\n<\/div>\n<\/div>\n\n\n\n<div class=\"wp-block-group wp-pattern__list-contact__contact is-layout-constrained wp-block-group-is-layout-constrained\">\n<div class=\"wp-block-columns is-layout-flex wp-container-core-columns-is-layout-9d6595d7 wp-block-columns-is-layout-flex\">\n<div class=\"wp-block-column is-layout-flow wp-block-column-is-layout-flow\">\n<h3 class=\"wp-block-heading\">Jonathan Gagnon<\/h3>\n\n\n\n<p>Administrator<\/p>\n<\/div>\n\n\n\n<div class=\"wp-block-column is-layout-flow wp-block-column-is-layout-flow\">\n<p>Actor and Director of the Conservatoire d&#8217;art dramatique de Qu\u00e9bec<\/p>\n<\/div>\n<\/div>\n<\/div>\n\n\n\n<div class=\"wp-block-group wp-pattern__list-contact__contact is-layout-constrained wp-block-group-is-layout-constrained\">\n<div class=\"wp-block-columns is-layout-flex wp-container-core-columns-is-layout-9d6595d7 wp-block-columns-is-layout-flex\">\n<div class=\"wp-block-column is-layout-flow wp-block-column-is-layout-flow\">\n<h3 class=\"wp-block-heading\">Sophie Voyer<\/h3>\n\n\n\n<p>Administrator<\/p>\n<\/div>\n\n\n\n<div class=\"wp-block-column is-layout-flow wp-block-column-is-layout-flow\">\n<p>Marketing Director at Desjardins<\/p>\n<\/div>\n<\/div>\n<\/div>\n\n\n\n<div class=\"wp-block-group wp-pattern__list-contact__contact is-layout-constrained wp-block-group-is-layout-constrained\">\n<div class=\"wp-block-columns is-layout-flex wp-container-core-columns-is-layout-9d6595d7 wp-block-columns-is-layout-flex\">\n<div class=\"wp-block-column is-layout-flow wp-block-column-is-layout-flow\">\n<h3 class=\"wp-block-heading\">Anne-Jos\u00e9e Cameron<\/h3>\n\n\n\n<p>Administrator<\/p>\n<\/div>\n\n\n\n<div class=\"wp-block-column is-layout-flow wp-block-column-is-layout-flow\">\n<p>Spokesperson and Communication Consultant at La Soci\u00e9t\u00e9 des traversiers du Qu\u00e9bec<\/p>\n<\/div>\n<\/div>\n<\/div>\n<\/div>\n<\/div>\n<\/section>\n\n\n\n<div class=\"wp-block-buttons is-layout-flex wp-block-buttons-is-layout-flex\">\n<div class=\"wp-block-button\"><a class=\"wp-block-button__link wp-element-button\" href=\"https:\/\/carrefourtheatre.qc.ca\/en\/job-postings\/\">View available positions<\/a><\/div>\n<\/div>\n\n\n\n<p><\/p>\n","protected":false},"excerpt":{"rendered":"<p>Team Meet the members of the Festival Carrefour team: permanent staff, artistic committee, independent contributors, and the board of directors. Permanent Staff Marika Henrichon Managing Director 418-692-3131 #101 Sylvia Beaudry Assistant to the Managing Director and Ticket Office Manager 418-692-3131 #100 s.beaudry@carrefourtheatre.qc.ca Marie-Jos\u00e9e Houde Production Manager Isabelle Carpentier Assistant to the Artistic Direction and Peripheral [&hellip;]<\/p>\n","protected":false},"author":1,"featured_media":2618,"parent":141,"menu_order":0,"comment_status":"closed","ping_status":"closed","template":"","meta":{"_acf_changed":false,"inline_featured_image":false,"footnotes":""},"class_list":["post-1473","page","type-page","status-publish","has-post-thumbnail","hentry"],"acf":[],"yoast_head":"<!-- This site is optimized with the Yoast SEO plugin v27.4 - https:\/\/yoast.com\/product\/yoast-seo-wordpress\/ -->\n<title>Meet the Team | Festival Carrefour<\/title>\n<meta name=\"description\" content=\"Meet the dedicated team who is responsible for the success of Festival Carrefour. Permanent team, freelancers and board of directors.\" \/>\n<meta name=\"robots\" content=\"index, follow, max-snippet:-1, max-image-preview:large, max-video-preview:-1\" \/>\n<link rel=\"canonical\" href=\"https:\/\/carrefourtheatre.qc.ca\/en\/about-us\/team\/\" \/>\n<meta property=\"og:locale\" content=\"en_US\" \/>\n<meta property=\"og:type\" content=\"article\" \/>\n<meta property=\"og:title\" content=\"Meet the Team | Festival Carrefour\" \/>\n<meta property=\"og:description\" content=\"Meet the dedicated team who is responsible for the success of Festival Carrefour. Permanent team, freelancers and board of directors.\" \/>\n<meta property=\"og:url\" content=\"https:\/\/carrefourtheatre.qc.ca\/en\/about-us\/team\/\" \/>\n<meta property=\"og:site_name\" content=\"Festival Carrefour\" \/>\n<meta property=\"article:modified_time\" content=\"2026-04-01T14:06:36+00:00\" \/>\n<meta property=\"og:image\" content=\"https:\/\/carrefourtheatre.qc.ca\/wp-content\/uploads\/2025\/03\/og_festival_carrefour.jpg\" \/>\n\t<meta property=\"og:image:width\" content=\"1200\" \/>\n\t<meta property=\"og:image:height\" content=\"675\" \/>\n\t<meta property=\"og:image:type\" content=\"image\/jpeg\" \/>\n<meta name=\"twitter:card\" content=\"summary_large_image\" \/>\n<meta name=\"twitter:label1\" content=\"Est. reading time\" \/>\n\t<meta name=\"twitter:data1\" content=\"2 minutes\" \/>\n<!-- \/ Yoast SEO plugin. -->","yoast_head_json":{"title":"Meet the Team | Festival Carrefour","description":"Meet the dedicated team who is responsible for the success of Festival Carrefour. Permanent team, freelancers and board of directors.","robots":{"index":"index","follow":"follow","max-snippet":"max-snippet:-1","max-image-preview":"max-image-preview:large","max-video-preview":"max-video-preview:-1"},"canonical":"https:\/\/carrefourtheatre.qc.ca\/en\/about-us\/team\/","og_locale":"en_US","og_type":"article","og_title":"Meet the Team | Festival Carrefour","og_description":"Meet the dedicated team who is responsible for the success of Festival Carrefour. Permanent team, freelancers and board of directors.","og_url":"https:\/\/carrefourtheatre.qc.ca\/en\/about-us\/team\/","og_site_name":"Festival Carrefour","article_modified_time":"2026-04-01T14:06:36+00:00","og_image":[{"width":1200,"height":675,"url":"https:\/\/carrefourtheatre.qc.ca\/wp-content\/uploads\/2025\/03\/og_festival_carrefour.jpg","type":"image\/jpeg"}],"twitter_card":"summary_large_image","twitter_misc":{"Est. reading time":"2 minutes"},"schema":{"@context":"https:\/\/schema.org","@graph":[{"@type":"WebPage","@id":"https:\/\/carrefourtheatre.qc.ca\/en\/about-us\/team\/","url":"https:\/\/carrefourtheatre.qc.ca\/en\/about-us\/team\/","name":"Meet the Team | Festival Carrefour","isPartOf":{"@id":"https:\/\/carrefourtheatre.qc.ca\/en\/#website"},"primaryImageOfPage":{"@id":"https:\/\/carrefourtheatre.qc.ca\/en\/about-us\/team\/#primaryimage"},"image":{"@id":"https:\/\/carrefourtheatre.qc.ca\/en\/about-us\/team\/#primaryimage"},"thumbnailUrl":"https:\/\/carrefourtheatre.qc.ca\/wp-content\/uploads\/2026\/03\/equipe-2026-\u00a9stephane-bourgeois.avif","datePublished":"2025-02-26T13:15:36+00:00","dateModified":"2026-04-01T14:06:36+00:00","description":"Meet the dedicated team who is responsible for the success of Festival Carrefour. Permanent team, freelancers and board of directors.","breadcrumb":{"@id":"https:\/\/carrefourtheatre.qc.ca\/en\/about-us\/team\/#breadcrumb"},"inLanguage":"en-US","potentialAction":[{"@type":"ReadAction","target":["https:\/\/carrefourtheatre.qc.ca\/en\/about-us\/team\/"]}]},{"@type":"ImageObject","inLanguage":"en-US","@id":"https:\/\/carrefourtheatre.qc.ca\/en\/about-us\/team\/#primaryimage","url":"https:\/\/carrefourtheatre.qc.ca\/wp-content\/uploads\/2026\/03\/equipe-2026-\u00a9stephane-bourgeois.avif","contentUrl":"https:\/\/carrefourtheatre.qc.ca\/wp-content\/uploads\/2026\/03\/equipe-2026-\u00a9stephane-bourgeois.avif","width":7728,"height":5152,"caption":"\u00a9 St\u00e9phane Bourgeois"},{"@type":"BreadcrumbList","@id":"https:\/\/carrefourtheatre.qc.ca\/en\/about-us\/team\/#breadcrumb","itemListElement":[{"@type":"ListItem","position":1,"name":"Accueil","item":"https:\/\/carrefourtheatre.qc.ca\/en\/"},{"@type":"ListItem","position":2,"name":"About us","item":"https:\/\/carrefourtheatre.qc.ca\/en\/about-us\/"},{"@type":"ListItem","position":3,"name":"Team"}]},{"@type":"WebSite","@id":"https:\/\/carrefourtheatre.qc.ca\/en\/#website","url":"https:\/\/carrefourtheatre.qc.ca\/en\/","name":"Festival Carrefour","description":"Le plus grand festival d\u2019arts vivants \u00e0 Qu\u00e9bec","publisher":{"@id":"https:\/\/carrefourtheatre.qc.ca\/en\/#organization"},"alternateName":"Le plus grand festival d\u2019arts vivants \u00e0 Qu\u00e9bec","potentialAction":[{"@type":"SearchAction","target":{"@type":"EntryPoint","urlTemplate":"https:\/\/carrefourtheatre.qc.ca\/en\/?s={search_term_string}"},"query-input":{"@type":"PropertyValueSpecification","valueRequired":true,"valueName":"search_term_string"}}],"inLanguage":"en-US"},{"@type":"Organization","@id":"https:\/\/carrefourtheatre.qc.ca\/en\/#organization","name":"Festival Carrefour","url":"https:\/\/carrefourtheatre.qc.ca\/en\/","logo":{"@type":"ImageObject","inLanguage":"en-US","@id":"https:\/\/carrefourtheatre.qc.ca\/en\/#\/schema\/logo\/image\/","url":"https:\/\/carrefourtheatre.qc.ca\/wp-content\/uploads\/2025\/03\/og_festival_carrefour.jpg","contentUrl":"https:\/\/carrefourtheatre.qc.ca\/wp-content\/uploads\/2025\/03\/og_festival_carrefour.jpg","width":1200,"height":675,"caption":"Festival Carrefour"},"image":{"@id":"https:\/\/carrefourtheatre.qc.ca\/en\/#\/schema\/logo\/image\/"}}]}},"_links":{"self":[{"href":"https:\/\/carrefourtheatre.qc.ca\/en\/wp-json\/wp\/v2\/pages\/1473","targetHints":{"allow":["GET"]}}],"collection":[{"href":"https:\/\/carrefourtheatre.qc.ca\/en\/wp-json\/wp\/v2\/pages"}],"about":[{"href":"https:\/\/carrefourtheatre.qc.ca\/en\/wp-json\/wp\/v2\/types\/page"}],"author":[{"embeddable":true,"href":"https:\/\/carrefourtheatre.qc.ca\/en\/wp-json\/wp\/v2\/users\/1"}],"replies":[{"embeddable":true,"href":"https:\/\/carrefourtheatre.qc.ca\/en\/wp-json\/wp\/v2\/comments?post=1473"}],"version-history":[{"count":1,"href":"https:\/\/carrefourtheatre.qc.ca\/en\/wp-json\/wp\/v2\/pages\/1473\/revisions"}],"predecessor-version":[{"id":2656,"href":"https:\/\/carrefourtheatre.qc.ca\/en\/wp-json\/wp\/v2\/pages\/1473\/revisions\/2656"}],"up":[{"embeddable":true,"href":"https:\/\/carrefourtheatre.qc.ca\/en\/wp-json\/wp\/v2\/pages\/141"}],"wp:featuredmedia":[{"embeddable":true,"href":"https:\/\/carrefourtheatre.qc.ca\/en\/wp-json\/wp\/v2\/media\/2618"}],"wp:attachment":[{"href":"https:\/\/carrefourtheatre.qc.ca\/en\/wp-json\/wp\/v2\/media?parent=1473"}],"curies":[{"name":"wp","href":"https:\/\/api.w.org\/{rel}","templated":true}]}}