{"id":2897,"date":"2026-04-08T00:00:00","date_gmt":"2026-04-08T05:00:00","guid":{"rendered":"https:\/\/carrefourtheatre.qc.ca\/cultural-shows-quebec-city\/soiree-benefice-jardins-secrets\/"},"modified":"2026-04-23T12:30:03","modified_gmt":"2026-04-23T17:30:03","slug":"benefit-jardins-secrets","status":"publish","type":"event","link":"https:\/\/carrefourtheatre.qc.ca\/en\/cultural-shows-quebec-city\/benefit-jardins-secrets\/","title":{"rendered":"Benefit &#8211; Jardins Secrets"},"content":{"rendered":"\n<h3 class=\"wp-block-heading\">A benefit gala inspired by one of the very first universes of <em>O\u00f9 tu vas quand tu dors en marchant&#8230;?<\/em><\/h3>\n\n\n\n<div style=\"height:26px\" aria-hidden=\"true\" class=\"wp-block-spacer\"><\/div>\n\n\n\n<p>Join us for a benefit gala inspired by one of the most iconic creation in the history of the festival : <strong><em>Jardins secrets <\/em>by V\u00e9ronique C\u00f4t\u00e9 and Steve Gagnon<\/strong>. Open to everyone, this evening of artistic performances will be accompanied by a cocktail reception and will be presided over by Philippe P. Huneault, alongside Anne-Marie Olivier as co-spokesperson.<\/p>\n\n\n\n<p>Audience members will be able to explore the different floors of the Diamant, discovering eight secrets shared by the performers in unusual spaces throughout the building.<\/p>\n\n\n\t<div id=\"block_2fb8a691b5b8e6fbf57f0cbb83d0c2b4\" class=\"wp-block__accordion\">\n\n\t\t<div class=\"accordion\">\n\t\t\t\t\t\t\t\n\t\t\t\t\t<div class=\"accordion__item\">\n\t\t\t\t\t\t<h3 class=\"accordion__item__header\">\n\t\t\t\t\t\t\t<button type=\"button\"\n\t\t\t\t\t\t\t\taria-expanded=\"false\">\n\n\t\t\t\t\t\t\t\t<span class=\"accordion__item__header__question\">\n\t\t\t\t\t\t\t\t\tMore about the creation of Jardins secrets\t\t\t\t\t\t\t\t<\/span>\n\n\t\t\t\t\t\t\t\t<span class=\"accordion__item__header__arrow\">\n\t\t\t\t\t\t\t\t\t<svg class=\"svg svg--plus-accordion\" role=\"presentation\" viewBox=\"0 0 15 15\" xmlns=\"http:\/\/www.w3.org\/2000\/svg\">\n  <line x1=\"7.75\" x2=\"7.75\" y2=\"15\" stroke=\"black\" stroke-width=\"1\"\/>\n  <line x1=\"15\" y1=\"7.75\" x2=\"-6.55671e-08\" y2=\"7.75\" stroke=\"black\" stroke-width=\"1\"\/>\n<\/svg>\n\t\t\t\t\t\t\t\t<\/span>\n\t\t\t\t\t\t\t<\/button>\n\t\t\t\t\t\t<\/h3>\n\n\t\t\t\t\t\t<div class=\"accordion__item__content\" hidden>\n\t\t\t\t\t\t\t<div class=\"accordion__item__inner\">\n\t\t\t\t\t\t\t\t<div class=\"accordion__item__text\">\n\t\t\t\t\t\t\t\t\t<p data-start=\"0\" data-end=\"164\">In 2009, as part of the very first edition of <em data-start=\"46\" data-end=\"83\">O\u00f9 tu vas quand tu dors en marchant<\/em>, V\u00e9ronique C\u00f4t\u00e9 and Steve Gagnon gathered secrets from residents of Quebec City.<\/p>\n<p data-start=\"166\" data-end=\"375\">On the night of the performance, dozens of beds were set up in Parc Lucien-Borne. Audience members moved from one bed to another, sitting beside the performers, who would share a personal confession with them.<\/p>\n<p data-start=\"377\" data-end=\"696\" data-is-last-node=\"\" data-is-only-node=\"\">From this event and the collaboration between the two authors came the book <em data-start=\"459\" data-end=\"496\">Chaque automne j\u2019ai envie de mourir<\/em>, which brings together thirty-seven secrets inspired by the many individuals who agreed to share a part of themselves. Published by Hamac in 2012, the book was shortlisted for the Prix des libraires.<\/p>\n<p><!-- wp:image {\"id\":2826,\"sizeSlug\":\"full\",\"linkDestination\":\"none\"} --><\/p>\n<figure class=\"wp-block-image size-full\"><img loading=\"lazy\" decoding=\"async\" class=\"wp-image-2826 aligncenter\" src=\"https:\/\/carrefourtheatre.qc.ca\/wp-content\/uploads\/2026\/04\/soiree-benefice_img3.png\" alt=\"\" width=\"910\" height=\"337\" srcset=\"https:\/\/carrefourtheatre.qc.ca\/wp-content\/uploads\/2026\/04\/soiree-benefice_img3.png 1080w, https:\/\/carrefourtheatre.qc.ca\/wp-content\/uploads\/2026\/04\/soiree-benefice_img3-860x319.png 860w\" sizes=\"auto, (max-width: 910px) 100vw, 910px\" \/><\/figure>\n\t\t\t\t\t\t\t\t<\/div>\n\n\t\t\t\t\t\t\t\t\n\t\t\t\t\t\t\t<\/div>\n\t\t\t\t\t\t<\/div>\n\t\t\t\t\t<\/div>\n\n\t\t\t\t\t\t\t\t\t\t\t<\/div>\n\n\t<\/div>\n\n\n\n\n<div class=\"wp-block-buttons is-layout-flex wp-block-buttons-is-layout-flex\">\n<div class=\"wp-block-button\"><a class=\"wp-block-button__link has-text-align-center wp-element-button\" href=\"https:\/\/carrefourtheatre.tuxedobillet.com\/main\/soiree-benefice-2026\" target=\"_blank\" rel=\"noreferrer noopener\">I want to be there<\/a><\/div>\n<\/div>\n\n\n\n<div style=\"height:27px\" aria-hidden=\"true\" class=\"wp-block-spacer\"><\/div>\n\n\n\n<hr class=\"wp-block-separator has-alpha-channel-opacity\"\/>\n\n\n\n<div class=\"wp-block-columns is-layout-flex wp-container-core-columns-is-layout-9d6595d7 wp-block-columns-is-layout-flex\">\n<div class=\"wp-block-column is-layout-flow wp-block-column-is-layout-flow\" style=\"flex-basis:33.33%\">\n<figure class=\"wp-block-image size-full size-large\"><img loading=\"lazy\" decoding=\"async\" width=\"600\" height=\"900\" src=\"https:\/\/carrefourtheatre.qc.ca\/wp-content\/uploads\/2026\/04\/\u00a9nicolas-frank-vachon_img2.png\" alt=\"\" class=\"wp-image-2831\"\/><figcaption class=\"wp-element-caption\">Nicola-Frank Vachon<\/figcaption><\/figure>\n<\/div>\n\n\n\n<div class=\"wp-block-column is-layout-flow wp-block-column-is-layout-flow\" style=\"flex-basis:66.66%\">\n<h2 class=\"wp-block-heading\">The purchase of your ticket allows the Carrefour to :<\/h2>\n\n\n\n<ul class=\"wp-block-list\">\n<li>Continue to expand <em>O\u00f9 tu vas quand tu dors en marchant\u2026?<\/em>, this immersive experience unique to Quebec City that highlights the capital\u2019s historical and cultural treasures.<\/li>\n\n\n\n<li>Hire nearly 400 local and international artists and performing arts professionals each year to contribute to spreading art and culture throughout our beautiful city.<\/li>\n\n\n\n<li>Ensure the sustainability of its inclusive pricing system so that ticket cost is never a barrier to wonder.<\/li>\n\n\n\n<li>Continue creating this major celebration of theatre and artistic creation, fostering the discovery of Qu\u00e9b\u00e9cois and Canadian works as well as international performances from Europe, the Americas, Africa, Asia, and Oceania.<\/li>\n<\/ul>\n<\/div>\n<\/div>\n\n\n\n<hr class=\"wp-block-separator has-alpha-channel-opacity\"\/>\n\n\n\n<div class=\"wp-block-group is-vertical is-layout-flex wp-container-core-group-is-layout-8cf370e7 wp-block-group-is-layout-flex\">\n<h3 class=\"wp-block-heading\">Our Honorary Chairman<\/h3>\n\n\n\n<h2 class=\"wp-block-heading\">Philippe P. Huneault<\/h2>\n\n\n\n<h5 class=\"wp-block-heading\">Vice President, Private Placements and Impact Investments<br>Fund Management, and Head of International Business Development<\/h5>\n<\/div>\n\n\n\n<div style=\"height:33px\" aria-hidden=\"true\" class=\"wp-block-spacer\"><\/div>\n\n\n\n<div class=\"wp-block-columns is-layout-flex wp-container-core-columns-is-layout-9d6595d7 wp-block-columns-is-layout-flex\">\n<div class=\"wp-block-column is-layout-flow wp-block-column-is-layout-flow\">\n<blockquote class=\"wp-block-quote is-layout-flow wp-block-quote-is-layout-flow\">\n<p><strong>Through his connections with the creative, institutional, and philanthropic sectors, he has helped foster dialogue between innovation, culture, and creation, convinced that the arts play a key role in the attractiveness of territories and the vitality of societies.<\/strong><\/p>\n\n\n\n<p><strong>This sensitivity to the cultural sphere naturally aligns with his commitment to the Carrefour international de th\u00e9\u00e2tre, whose mission of democratizing the arts, promoting contemporary creation, and fostering dialogue between local and international cultures he actively supports. For Philippe Huneault, the arts and culture are essential drivers of social cohesion, collective reflection, and international outreach.<\/strong><\/p>\n<\/blockquote>\n\n\n\t<div id=\"block_8db5a8423e2def29b1a2fe7f084e78cb\" class=\"wp-block__accordion\">\n\n\t\t<div class=\"accordion\">\n\t\t\t\t\t\t\t\n\t\t\t\t\t<div class=\"accordion__item\">\n\t\t\t\t\t\t<h3 class=\"accordion__item__header\">\n\t\t\t\t\t\t\t<button type=\"button\"\n\t\t\t\t\t\t\t\taria-expanded=\"false\">\n\n\t\t\t\t\t\t\t\t<span class=\"accordion__item__header__question\">\n\t\t\t\t\t\t\t\t\tWho is Philippe P. Huneault\t\t\t\t\t\t\t\t<\/span>\n\n\t\t\t\t\t\t\t\t<span class=\"accordion__item__header__arrow\">\n\t\t\t\t\t\t\t\t\t<svg class=\"svg svg--plus-accordion\" role=\"presentation\" viewBox=\"0 0 15 15\" xmlns=\"http:\/\/www.w3.org\/2000\/svg\">\n  <line x1=\"7.75\" x2=\"7.75\" y2=\"15\" stroke=\"black\" stroke-width=\"1\"\/>\n  <line x1=\"15\" y1=\"7.75\" x2=\"-6.55671e-08\" y2=\"7.75\" stroke=\"black\" stroke-width=\"1\"\/>\n<\/svg>\n\t\t\t\t\t\t\t\t<\/span>\n\t\t\t\t\t\t\t<\/button>\n\t\t\t\t\t\t<\/h3>\n\n\t\t\t\t\t\t<div class=\"accordion__item__content\" hidden>\n\t\t\t\t\t\t\t<div class=\"accordion__item__inner\">\n\t\t\t\t\t\t\t\t<div class=\"accordion__item__text\">\n\t\t\t\t\t\t\t\t\t<p data-start=\"0\" data-end=\"447\">Philippe Huneault is a seasoned manager, entrepreneur, and board director with many years of experience in business financing across both the public and private sectors. A specialist in business development and innovation, he has built a strong network of partner organizations in Quebec and internationally over the years. He has served on several boards of directors, including that of the Quartier de l\u2019innovation de Montr\u00e9al from 2013 to 2019.<\/p>\n<p data-start=\"449\" data-end=\"940\">Throughout his career, Mr. Huneault has acted as a strategic advisor to technology companies and public organizations, contributing to the implementation of major projects in digital transformation, urban innovation, and sustainable development. As co-founder of \u00c9cho Capital, a private investment fund management firm dedicated to supporting small and medium-sized enterprises, he led numerous debt and equity financing initiatives, in addition to conducting multiple due diligence reviews.<\/p>\n<p data-start=\"942\" data-end=\"1343\" data-is-last-node=\"\" data-is-only-node=\"\">More recently, he served as Qu\u00e9bec\u2019s Delegate General in Los Angeles, as well as head of Qu\u00e9bec\u2019s office in Silicon Valley. During this mandate, in addition to strengthening economic and environmental collaborations\u2014particularly in areas such as climate change mitigation and transportation electrification\u2014he placed special emphasis on promoting Quebec\u2019s cultural and artistic presence in California.<\/p>\n\t\t\t\t\t\t\t\t<\/div>\n\n\t\t\t\t\t\t\t\t\n\t\t\t\t\t\t\t<\/div>\n\t\t\t\t\t\t<\/div>\n\t\t\t\t\t<\/div>\n\n\t\t\t\t\t\t\t\t\t\t\t<\/div>\n\n\t<\/div>\n\n<\/div>\n\n\n\n<div class=\"wp-block-column is-layout-flow wp-block-column-is-layout-flow\">\n<figure class=\"wp-block-image aligncenter size-full is-resized\"><img loading=\"lazy\" decoding=\"async\" width=\"400\" height=\"400\" src=\"https:\/\/carrefourtheatre.qc.ca\/wp-content\/uploads\/2025\/05\/philippe-p-huneault.jpeg\" alt=\"\" class=\"wp-image-2809\" style=\"width:437px;height:auto\" srcset=\"https:\/\/carrefourtheatre.qc.ca\/wp-content\/uploads\/2025\/05\/philippe-p-huneault.jpeg 400w, https:\/\/carrefourtheatre.qc.ca\/wp-content\/uploads\/2025\/05\/philippe-p-huneault-150x150.jpeg 150w\" sizes=\"auto, (max-width: 400px) 100vw, 400px\" \/><\/figure>\n<\/div>\n<\/div>\n\n\n\n<p>The Carrefour warmly thanks its honorary chairman, Mr. Philippe Huneault, for his generous support and commitment. Through his volunteer involvement, as well as his time and energy, he helps promote culture in Quebec City and ensure the festival\u2019s future.<\/p>\n\n\n\n<div style=\"height:45px\" aria-hidden=\"true\" class=\"wp-block-spacer\"><\/div>\n\n\n\n<div class=\"wp-block-columns is-layout-flex wp-container-core-columns-is-layout-9d6595d7 wp-block-columns-is-layout-flex\">\n<div class=\"wp-block-column is-layout-flow wp-block-column-is-layout-flow\">\n<figure class=\"wp-block-image aligncenter size-full is-resized\"><img loading=\"lazy\" decoding=\"async\" width=\"640\" height=\"640\" src=\"https:\/\/carrefourtheatre.qc.ca\/wp-content\/uploads\/2026\/04\/anne-marie-olivier-\u00a9-stephane-bourgeois-edited.avif\" alt=\"\" class=\"wp-image-2820\" style=\"width:473px;height:auto\" srcset=\"https:\/\/carrefourtheatre.qc.ca\/wp-content\/uploads\/2026\/04\/anne-marie-olivier-\u00a9-stephane-bourgeois-edited.avif 640w, https:\/\/carrefourtheatre.qc.ca\/wp-content\/uploads\/2026\/04\/anne-marie-olivier-\u00a9-stephane-bourgeois-edited-150x150.avif 150w\" sizes=\"auto, (max-width: 640px) 100vw, 640px\" \/><figcaption class=\"wp-element-caption\">\u00a9 St\u00e9phane Bourgeois<\/figcaption><\/figure>\n<\/div>\n\n\n\n<div class=\"wp-block-column is-layout-flow wp-block-column-is-layout-flow\">\n<h3 class=\"wp-block-heading\">Co-spokesperson of the event<\/h3>\n\n\n\n<h2 class=\"wp-block-heading\">Anne-Marie Olivier<\/h2>\n\n\n\t<div id=\"block_d3d69bf06134be3b4a4999de09458d2f\" class=\"wp-block__accordion\">\n\n\t\t<div class=\"accordion\">\n\t\t\t\t\t\t\t\n\t\t\t\t\t<div class=\"accordion__item\">\n\t\t\t\t\t\t<h3 class=\"accordion__item__header\">\n\t\t\t\t\t\t\t<button type=\"button\"\n\t\t\t\t\t\t\t\taria-expanded=\"false\">\n\n\t\t\t\t\t\t\t\t<span class=\"accordion__item__header__question\">\n\t\t\t\t\t\t\t\t\tWho is Anne-Marie Olivier\t\t\t\t\t\t\t\t<\/span>\n\n\t\t\t\t\t\t\t\t<span class=\"accordion__item__header__arrow\">\n\t\t\t\t\t\t\t\t\t<svg class=\"svg svg--plus-accordion\" role=\"presentation\" viewBox=\"0 0 15 15\" xmlns=\"http:\/\/www.w3.org\/2000\/svg\">\n  <line x1=\"7.75\" x2=\"7.75\" y2=\"15\" stroke=\"black\" stroke-width=\"1\"\/>\n  <line x1=\"15\" y1=\"7.75\" x2=\"-6.55671e-08\" y2=\"7.75\" stroke=\"black\" stroke-width=\"1\"\/>\n<\/svg>\n\t\t\t\t\t\t\t\t<\/span>\n\t\t\t\t\t\t\t<\/button>\n\t\t\t\t\t\t<\/h3>\n\n\t\t\t\t\t\t<div class=\"accordion__item__content\" hidden>\n\t\t\t\t\t\t\t<div class=\"accordion__item__inner\">\n\t\t\t\t\t\t\t\t<div class=\"accordion__item__text\">\n\t\t\t\t\t\t\t\t\t<p data-start=\"0\" data-end=\"125\">A graduate of the Conservatoire d\u2019art dramatique de Qu\u00e9bec in 1997, Anne-Marie Olivier is an actor, playwright, and director.<\/p>\n<p data-start=\"127\" data-end=\"866\">In 2004, her solo show <em data-start=\"150\" data-end=\"166\">Gros et d\u00e9tail<\/em> was acclaimed in Quebec, France, and Africa; this first work earned her the Paul-H\u00e9bert Award for Best Performance at the Prix d\u2019excellence des arts et de la culture de Qu\u00e9bec, as well as the 2005 Masque du public Loto-Qu\u00e9bec. She went on to write <em data-start=\"415\" data-end=\"431\">Le psychomaton<\/em> (2007), <em data-start=\"440\" data-end=\"467\">Mon corps deviendra froid<\/em> for Th\u00e9\u00e2tre de Quat\u2019Sous (2011), a second solo piece, <em data-start=\"522\" data-end=\"531\">Annette<\/em> (2012), <em data-start=\"540\" data-end=\"549\">Scalp\u00e9e<\/em> (2013), <em data-start=\"558\" data-end=\"573\">Faire l\u2019amour<\/em> (2014), and <em data-start=\"586\" data-end=\"602\">Venir au monde<\/em> (winner of the Governor General\u2019s Award for Drama in 2018). She also contributed to the collective work <em data-start=\"707\" data-end=\"759\">26 lettres: l\u2019ab\u00e9c\u00e9daire des mots en perte de sens<\/em> (2014) and was part of the group of writers behind the theatrical-literary event <em data-start=\"841\" data-end=\"858\">S\u2019appartenir(e)<\/em> (2015).<\/p>\n<p data-start=\"868\" data-end=\"1248\" data-is-last-node=\"\" data-is-only-node=\"\">As an actor, she has appeared in several productions by Wajdi Mouawad, including <em data-start=\"949\" data-end=\"957\">For\u00eats<\/em>, <em data-start=\"959\" data-end=\"976\">Les trois s\u0153urs<\/em>, and <em data-start=\"982\" data-end=\"989\">Temps<\/em> (all presented at the National Arts Centre). Anne-Marie Olivier served as co\u2013Executive Director and Artistic Director of Th\u00e9\u00e2tre du Trident from 2012 to 2022. She is the Artistic Director of the company Bienvenue aux dames!, which notably produced <em data-start=\"1238\" data-end=\"1247\">Maurice<\/em>.<\/p>\n\t\t\t\t\t\t\t\t<\/div>\n\n\t\t\t\t\t\t\t\t\n\t\t\t\t\t\t\t<\/div>\n\t\t\t\t\t\t<\/div>\n\t\t\t\t\t<\/div>\n\n\t\t\t\t\t\t\t\t\t\t\t<\/div>\n\n\t<\/div>\n\n<\/div>\n<\/div>\n\n\n\n<hr class=\"wp-block-separator has-alpha-channel-opacity\"\/>\n\n\n\n<h2 data-wp-context---core-fit-text=\"core\/fit-text::{&quot;fontSize&quot;:&quot;&quot;}\" data-wp-init---core-fit-text=\"core\/fit-text::callbacks.init\" data-wp-interactive data-wp-style--font-size=\"core\/fit-text::context.fontSize\" class=\"wp-block-heading has-fit-text\">Can&#8217;t join us for the evening ?<\/h2>\n\n\n\n<p class=\"has-text-align-center\">If you are unable to join us for this evening but would still like to support our mission, you can make a donation now.<\/p>\n\n\n\n<div class=\"wp-block-buttons is-layout-flex wp-block-buttons-is-layout-flex\">\n<div class=\"wp-block-button\"><a class=\"wp-block-button__link has-text-align-center wp-element-button\" href=\"https:\/\/carrefourtheatre.tuxedobillet.com\/main\/don\">Make a donation<\/a><\/div>\n<\/div>\n\n\n\n<div style=\"height:59px\" aria-hidden=\"true\" class=\"wp-block-spacer\"><\/div>\n\n\n\n<hr class=\"wp-block-separator has-alpha-channel-opacity\"\/>\n","protected":false},"excerpt":{"rendered":"<p>A benefit gala inspired by one of the very first universes of O\u00f9 tu vas quand tu dors en marchant&#8230;? Join us for a benefit gala inspired by one of the most iconic creation in the history of the festival : Jardins secrets by V\u00e9ronique C\u00f4t\u00e9 and Steve Gagnon. Open to everyone, this evening of [&hellip;]<\/p>\n","protected":false},"featured_media":2829,"template":"","class_list":["post-2897","event","type-event","status-publish","has-post-thumbnail","hentry","category-festivities"],"acf":[],"yoast_head":"<!-- This site is optimized with the Yoast SEO plugin v27.4 - https:\/\/yoast.com\/product\/yoast-seo-wordpress\/ -->\n<title>Benefit - Jardins Secrets | Festival Carrefour<\/title>\n<meta name=\"description\" content=\"Come to the Festival Carrefour 2026 benefit event. A reprise of the Jardins Secrets art piece, silent auction and cocktail dinner.\" \/>\n<meta name=\"robots\" content=\"index, follow, max-snippet:-1, max-image-preview:large, max-video-preview:-1\" \/>\n<link rel=\"canonical\" href=\"https:\/\/carrefourtheatre.qc.ca\/en\/cultural-shows-quebec-city\/benefit-jardins-secrets\/\" \/>\n<meta property=\"og:locale\" content=\"en_US\" \/>\n<meta property=\"og:type\" content=\"article\" \/>\n<meta property=\"og:title\" content=\"Benefit - Jardins Secrets | Festival Carrefour\" \/>\n<meta property=\"og:description\" content=\"Come to the Festival Carrefour 2026 benefit event. A reprise of the Jardins Secrets art piece, silent auction and cocktail dinner.\" \/>\n<meta property=\"og:url\" content=\"https:\/\/carrefourtheatre.qc.ca\/en\/cultural-shows-quebec-city\/benefit-jardins-secrets\/\" \/>\n<meta property=\"og:site_name\" content=\"Festival Carrefour\" \/>\n<meta property=\"article:modified_time\" content=\"2026-04-23T17:30:03+00:00\" \/>\n<meta property=\"og:image\" content=\"https:\/\/carrefourtheatre.qc.ca\/wp-content\/uploads\/2026\/04\/soiree-benefice_entete-web.png\" \/>\n\t<meta property=\"og:image:width\" content=\"1080\" \/>\n\t<meta property=\"og:image:height\" content=\"400\" \/>\n\t<meta property=\"og:image:type\" content=\"image\/png\" \/>\n<meta name=\"twitter:card\" content=\"summary_large_image\" \/>\n<meta name=\"twitter:label1\" content=\"Est. reading time\" \/>\n\t<meta name=\"twitter:data1\" content=\"3 minutes\" \/>\n<!-- \/ Yoast SEO plugin. -->","yoast_head_json":{"title":"Benefit - Jardins Secrets | Festival Carrefour","description":"Come to the Festival Carrefour 2026 benefit event. A reprise of the Jardins Secrets art piece, silent auction and cocktail dinner.","robots":{"index":"index","follow":"follow","max-snippet":"max-snippet:-1","max-image-preview":"max-image-preview:large","max-video-preview":"max-video-preview:-1"},"canonical":"https:\/\/carrefourtheatre.qc.ca\/en\/cultural-shows-quebec-city\/benefit-jardins-secrets\/","og_locale":"en_US","og_type":"article","og_title":"Benefit - Jardins Secrets | Festival Carrefour","og_description":"Come to the Festival Carrefour 2026 benefit event. A reprise of the Jardins Secrets art piece, silent auction and cocktail dinner.","og_url":"https:\/\/carrefourtheatre.qc.ca\/en\/cultural-shows-quebec-city\/benefit-jardins-secrets\/","og_site_name":"Festival Carrefour","article_modified_time":"2026-04-23T17:30:03+00:00","og_image":[{"width":1080,"height":400,"url":"https:\/\/carrefourtheatre.qc.ca\/wp-content\/uploads\/2026\/04\/soiree-benefice_entete-web.png","type":"image\/png"}],"twitter_card":"summary_large_image","twitter_misc":{"Est. reading time":"3 minutes"},"schema":{"@context":"https:\/\/schema.org","@graph":[{"@type":"WebPage","@id":"https:\/\/carrefourtheatre.qc.ca\/en\/cultural-shows-quebec-city\/benefit-jardins-secrets\/","url":"https:\/\/carrefourtheatre.qc.ca\/en\/cultural-shows-quebec-city\/benefit-jardins-secrets\/","name":"Benefit - Jardins Secrets | Festival Carrefour","isPartOf":{"@id":"https:\/\/carrefourtheatre.qc.ca\/en\/#website"},"primaryImageOfPage":{"@id":"https:\/\/carrefourtheatre.qc.ca\/en\/cultural-shows-quebec-city\/benefit-jardins-secrets\/#primaryimage"},"image":{"@id":"https:\/\/carrefourtheatre.qc.ca\/en\/cultural-shows-quebec-city\/benefit-jardins-secrets\/#primaryimage"},"thumbnailUrl":"https:\/\/carrefourtheatre.qc.ca\/wp-content\/uploads\/2026\/04\/soiree-benefice_entete-web.png","datePublished":"2026-04-08T05:00:00+00:00","dateModified":"2026-04-23T17:30:03+00:00","description":"Come to the Festival Carrefour 2026 benefit event. A reprise of the Jardins Secrets art piece, silent auction and cocktail dinner.","breadcrumb":{"@id":"https:\/\/carrefourtheatre.qc.ca\/en\/cultural-shows-quebec-city\/benefit-jardins-secrets\/#breadcrumb"},"inLanguage":"en-US","potentialAction":[{"@type":"ReadAction","target":["https:\/\/carrefourtheatre.qc.ca\/en\/cultural-shows-quebec-city\/benefit-jardins-secrets\/"]}]},{"@type":"ImageObject","inLanguage":"en-US","@id":"https:\/\/carrefourtheatre.qc.ca\/en\/cultural-shows-quebec-city\/benefit-jardins-secrets\/#primaryimage","url":"https:\/\/carrefourtheatre.qc.ca\/wp-content\/uploads\/2026\/04\/soiree-benefice_entete-web.png","contentUrl":"https:\/\/carrefourtheatre.qc.ca\/wp-content\/uploads\/2026\/04\/soiree-benefice_entete-web.png","width":1080,"height":400,"caption":"\u00a9Nicola-Frank Vachon"},{"@type":"BreadcrumbList","@id":"https:\/\/carrefourtheatre.qc.ca\/en\/cultural-shows-quebec-city\/benefit-jardins-secrets\/#breadcrumb","itemListElement":[{"@type":"ListItem","position":1,"name":"Accueil","item":"https:\/\/carrefourtheatre.qc.ca\/en\/"},{"@type":"ListItem","position":2,"name":"Events","item":"https:\/\/carrefourtheatre.qc.ca\/en\/cultural-shows-quebec-city\/"},{"@type":"ListItem","position":3,"name":"Benefit &#8211; Jardins Secrets"}]},{"@type":"WebSite","@id":"https:\/\/carrefourtheatre.qc.ca\/en\/#website","url":"https:\/\/carrefourtheatre.qc.ca\/en\/","name":"Festival Carrefour","description":"Le plus grand festival d\u2019arts vivants \u00e0 Qu\u00e9bec","publisher":{"@id":"https:\/\/carrefourtheatre.qc.ca\/en\/#organization"},"alternateName":"Le plus grand festival d\u2019arts vivants \u00e0 Qu\u00e9bec","potentialAction":[{"@type":"SearchAction","target":{"@type":"EntryPoint","urlTemplate":"https:\/\/carrefourtheatre.qc.ca\/en\/?s={search_term_string}"},"query-input":{"@type":"PropertyValueSpecification","valueRequired":true,"valueName":"search_term_string"}}],"inLanguage":"en-US"},{"@type":"Organization","@id":"https:\/\/carrefourtheatre.qc.ca\/en\/#organization","name":"Festival Carrefour","url":"https:\/\/carrefourtheatre.qc.ca\/en\/","logo":{"@type":"ImageObject","inLanguage":"en-US","@id":"https:\/\/carrefourtheatre.qc.ca\/en\/#\/schema\/logo\/image\/","url":"https:\/\/carrefourtheatre.qc.ca\/wp-content\/uploads\/2025\/03\/og_festival_carrefour.jpg","contentUrl":"https:\/\/carrefourtheatre.qc.ca\/wp-content\/uploads\/2025\/03\/og_festival_carrefour.jpg","width":1200,"height":675,"caption":"Festival Carrefour"},"image":{"@id":"https:\/\/carrefourtheatre.qc.ca\/en\/#\/schema\/logo\/image\/"}}]}},"_links":{"self":[{"href":"https:\/\/carrefourtheatre.qc.ca\/en\/wp-json\/wp\/v2\/event\/2897","targetHints":{"allow":["GET"]}}],"collection":[{"href":"https:\/\/carrefourtheatre.qc.ca\/en\/wp-json\/wp\/v2\/event"}],"about":[{"href":"https:\/\/carrefourtheatre.qc.ca\/en\/wp-json\/wp\/v2\/types\/event"}],"wp:featuredmedia":[{"embeddable":true,"href":"https:\/\/carrefourtheatre.qc.ca\/en\/wp-json\/wp\/v2\/media\/2829"}],"wp:attachment":[{"href":"https:\/\/carrefourtheatre.qc.ca\/en\/wp-json\/wp\/v2\/media?parent=2897"}],"curies":[{"name":"wp","href":"https:\/\/api.w.org\/{rel}","templated":true}]}}