{"id":2748,"date":"2026-03-17T10:00:00","date_gmt":"2026-03-17T15:00:00","guid":{"rendered":"https:\/\/carrefourtheatre.qc.ca\/cultural-shows-quebec-city\/lab-11\/"},"modified":"2026-04-02T10:10:14","modified_gmt":"2026-04-02T15:10:14","slug":"lab-11-en","status":"publish","type":"event","link":"https:\/\/carrefourtheatre.qc.ca\/en\/cultural-shows-quebec-city\/lab-11-en\/","title":{"rendered":"Lab-11 : Multidisciplinary Improv Night"},"content":{"rendered":"\n<p>LAB-11 opens its doors in a festive and relaxed spirit to multidisciplinary creation. Through a series of improvised tableaux, a group of performers takes the stage live, receiving directions from a creator representing a given discipline. The audience witnesses impromptu experiments that blur the boundaries between mediums. Theatre, dance, circus, comics, digital arts, and live music intersect in a unique and offbeat laboratory. On the menu: joyful chaos, controlled mishaps, and magical apotheoses. The emergence of an 11th art form\u2014a spontaneous gesture each time.<\/p>\n\n\n\n<h2 class=\"wp-block-heading\">Performers<\/h2>\n\n\n\n<div class=\"wp-block-columns is-layout-flex wp-container-core-columns-is-layout-9d6595d7 wp-block-columns-is-layout-flex\">\n<div class=\"wp-block-column is-layout-flow wp-block-column-is-layout-flow\">\n<figure class=\"wp-block-image size-lg\"><img loading=\"lazy\" decoding=\"async\" width=\"5464\" height=\"5464\" src=\"https:\/\/carrefourtheatre.qc.ca\/wp-content\/uploads\/2026\/03\/photo-antoine-edited.jpg\" alt=\"\" class=\"wp-image-2511\" srcset=\"https:\/\/carrefourtheatre.qc.ca\/wp-content\/uploads\/2026\/03\/photo-antoine-edited.jpg 5464w, https:\/\/carrefourtheatre.qc.ca\/wp-content\/uploads\/2026\/03\/photo-antoine-edited-150x150.jpg 150w, https:\/\/carrefourtheatre.qc.ca\/wp-content\/uploads\/2026\/03\/photo-antoine-edited-860x860.jpg 860w, https:\/\/carrefourtheatre.qc.ca\/wp-content\/uploads\/2026\/03\/photo-antoine-edited-1200x1200.jpg 1200w, https:\/\/carrefourtheatre.qc.ca\/wp-content\/uploads\/2026\/03\/photo-antoine-edited-1500x1500.jpg 1500w, https:\/\/carrefourtheatre.qc.ca\/wp-content\/uploads\/2026\/03\/photo-antoine-edited-2000x2000.jpg 2000w\" sizes=\"auto, (max-width: 5464px) 100vw, 5464px\" \/><figcaption class=\"wp-element-caption\">\u00a9 H\u00e9l\u00e8ne Bouffard<\/figcaption><\/figure>\n\n\n\n<h3 class=\"wp-block-heading\">Antoine Par\u00e9-Poirier<\/h3>\n<\/div>\n\n\n\n<div class=\"wp-block-column is-layout-flow wp-block-column-is-layout-flow\">\n<figure class=\"wp-block-image size-full\"><img loading=\"lazy\" decoding=\"async\" width=\"947\" height=\"947\" src=\"https:\/\/carrefourtheatre.qc.ca\/wp-content\/uploads\/2026\/03\/sambouchard2-edited.jpg\" alt=\"\" class=\"wp-image-2515\" srcset=\"https:\/\/carrefourtheatre.qc.ca\/wp-content\/uploads\/2026\/03\/sambouchard2-edited.jpg 947w, https:\/\/carrefourtheatre.qc.ca\/wp-content\/uploads\/2026\/03\/sambouchard2-edited-150x150.jpg 150w, https:\/\/carrefourtheatre.qc.ca\/wp-content\/uploads\/2026\/03\/sambouchard2-edited-860x860.jpg 860w\" sizes=\"auto, (max-width: 947px) 100vw, 947px\" \/><figcaption class=\"wp-element-caption\">\u00a9 Annie Raymond<\/figcaption><\/figure>\n\n\n\n<h3 class=\"wp-block-heading\">Samuel Bouchard<\/h3>\n<\/div>\n\n\n\n<div class=\"wp-block-column is-layout-flow wp-block-column-is-layout-flow\">\n<figure class=\"wp-block-image size-lg\"><img loading=\"lazy\" decoding=\"async\" width=\"5309\" height=\"5309\" src=\"https:\/\/carrefourtheatre.qc.ca\/wp-content\/uploads\/2026\/03\/photo-laureanne-edited.jpeg\" alt=\"\" class=\"wp-image-2519\" srcset=\"https:\/\/carrefourtheatre.qc.ca\/wp-content\/uploads\/2026\/03\/photo-laureanne-edited.jpeg 5309w, https:\/\/carrefourtheatre.qc.ca\/wp-content\/uploads\/2026\/03\/photo-laureanne-edited-150x150.jpeg 150w, https:\/\/carrefourtheatre.qc.ca\/wp-content\/uploads\/2026\/03\/photo-laureanne-edited-860x860.jpeg 860w, https:\/\/carrefourtheatre.qc.ca\/wp-content\/uploads\/2026\/03\/photo-laureanne-edited-1200x1200.jpeg 1200w, https:\/\/carrefourtheatre.qc.ca\/wp-content\/uploads\/2026\/03\/photo-laureanne-edited-1500x1500.jpeg 1500w, https:\/\/carrefourtheatre.qc.ca\/wp-content\/uploads\/2026\/03\/photo-laureanne-edited-2000x2000.jpeg 2000w\" sizes=\"auto, (max-width: 5309px) 100vw, 5309px\" \/><figcaption class=\"wp-element-caption\">\u00a9 H\u00e9l\u00e8ne Bouffard<\/figcaption><\/figure>\n\n\n\n<h3 class=\"wp-block-heading\">Laur\u00e9anne Dumoulin<\/h3>\n<\/div>\n<\/div>\n\n\n\n<div class=\"wp-block-columns is-layout-flex wp-container-core-columns-is-layout-9d6595d7 wp-block-columns-is-layout-flex\">\n<div class=\"wp-block-column is-layout-flow wp-block-column-is-layout-flow\">\n<figure class=\"wp-block-image size-full\"><img loading=\"lazy\" decoding=\"async\" width=\"1365\" height=\"1365\" src=\"https:\/\/carrefourtheatre.qc.ca\/wp-content\/uploads\/2026\/03\/photo-clemence-edited.jpg\" alt=\"\" class=\"wp-image-2523\" srcset=\"https:\/\/carrefourtheatre.qc.ca\/wp-content\/uploads\/2026\/03\/photo-clemence-edited.jpg 1365w, https:\/\/carrefourtheatre.qc.ca\/wp-content\/uploads\/2026\/03\/photo-clemence-edited-150x150.jpg 150w, https:\/\/carrefourtheatre.qc.ca\/wp-content\/uploads\/2026\/03\/photo-clemence-edited-860x860.jpg 860w, https:\/\/carrefourtheatre.qc.ca\/wp-content\/uploads\/2026\/03\/photo-clemence-edited-1200x1200.jpg 1200w\" sizes=\"auto, (max-width: 1365px) 100vw, 1365px\" \/><figcaption class=\"wp-element-caption\">\u00a9 Guillaume Bouchard<\/figcaption><\/figure>\n\n\n\n<h3 class=\"wp-block-heading\">Cl\u00e9mence Lavall\u00e9e<\/h3>\n<\/div>\n\n\n\n<div class=\"wp-block-column is-layout-flow wp-block-column-is-layout-flow\">\n<figure class=\"wp-block-image size-lg\"><img loading=\"lazy\" decoding=\"async\" width=\"2005\" height=\"2005\" src=\"https:\/\/carrefourtheatre.qc.ca\/wp-content\/uploads\/2026\/03\/photo-pascal-edited.jpg\" alt=\"\" class=\"wp-image-2527\" srcset=\"https:\/\/carrefourtheatre.qc.ca\/wp-content\/uploads\/2026\/03\/photo-pascal-edited.jpg 2005w, https:\/\/carrefourtheatre.qc.ca\/wp-content\/uploads\/2026\/03\/photo-pascal-edited-150x150.jpg 150w, https:\/\/carrefourtheatre.qc.ca\/wp-content\/uploads\/2026\/03\/photo-pascal-edited-860x860.jpg 860w, https:\/\/carrefourtheatre.qc.ca\/wp-content\/uploads\/2026\/03\/photo-pascal-edited-1200x1200.jpg 1200w, https:\/\/carrefourtheatre.qc.ca\/wp-content\/uploads\/2026\/03\/photo-pascal-edited-1500x1500.jpg 1500w, https:\/\/carrefourtheatre.qc.ca\/wp-content\/uploads\/2026\/03\/photo-pascal-edited-2000x2000.jpg 2000w\" sizes=\"auto, (max-width: 2005px) 100vw, 2005px\" \/><figcaption class=\"wp-element-caption\">\u00a9 Claudia Kedney-Bolduc<\/figcaption><\/figure>\n\n\n\n<h3 class=\"wp-block-heading\">Pascal Larose-Picher<\/h3>\n<\/div>\n\n\n\n<div class=\"wp-block-column is-layout-flow wp-block-column-is-layout-flow\">\n<figure class=\"wp-block-image size-lg\"><img loading=\"lazy\" decoding=\"async\" width=\"5042\" height=\"5042\" src=\"https:\/\/carrefourtheatre.qc.ca\/wp-content\/uploads\/2026\/03\/photo-etienne-edited.jpg\" alt=\"\" class=\"wp-image-2531\" srcset=\"https:\/\/carrefourtheatre.qc.ca\/wp-content\/uploads\/2026\/03\/photo-etienne-edited.jpg 5042w, https:\/\/carrefourtheatre.qc.ca\/wp-content\/uploads\/2026\/03\/photo-etienne-edited-150x150.jpg 150w, https:\/\/carrefourtheatre.qc.ca\/wp-content\/uploads\/2026\/03\/photo-etienne-edited-860x860.jpg 860w, https:\/\/carrefourtheatre.qc.ca\/wp-content\/uploads\/2026\/03\/photo-etienne-edited-1200x1200.jpg 1200w, https:\/\/carrefourtheatre.qc.ca\/wp-content\/uploads\/2026\/03\/photo-etienne-edited-1500x1500.jpg 1500w, https:\/\/carrefourtheatre.qc.ca\/wp-content\/uploads\/2026\/03\/photo-etienne-edited-2000x2000.jpg 2000w\" sizes=\"auto, (max-width: 5042px) 100vw, 5042px\" \/><figcaption class=\"wp-element-caption\">\u00a9 Dave Jolicoeur<\/figcaption><\/figure>\n\n\n\n<h3 class=\"wp-block-heading\">Etienne La Freni\u00e8re<\/h3>\n<\/div>\n<\/div>\n\n\n\n<div class=\"wp-block-columns is-layout-flex wp-container-core-columns-is-layout-9d6595d7 wp-block-columns-is-layout-flex\">\n<div class=\"wp-block-column is-layout-flow wp-block-column-is-layout-flow\">\n<figure class=\"wp-block-image size-lg\"><img loading=\"lazy\" decoding=\"async\" width=\"1540\" height=\"1540\" src=\"https:\/\/carrefourtheatre.qc.ca\/wp-content\/uploads\/2026\/03\/photo-stefanelle-edited.jpg\" alt=\"\" class=\"wp-image-2535\" srcset=\"https:\/\/carrefourtheatre.qc.ca\/wp-content\/uploads\/2026\/03\/photo-stefanelle-edited.jpg 1540w, https:\/\/carrefourtheatre.qc.ca\/wp-content\/uploads\/2026\/03\/photo-stefanelle-edited-150x150.jpg 150w, https:\/\/carrefourtheatre.qc.ca\/wp-content\/uploads\/2026\/03\/photo-stefanelle-edited-860x860.jpg 860w, https:\/\/carrefourtheatre.qc.ca\/wp-content\/uploads\/2026\/03\/photo-stefanelle-edited-1200x1200.jpg 1200w, https:\/\/carrefourtheatre.qc.ca\/wp-content\/uploads\/2026\/03\/photo-stefanelle-edited-1500x1500.jpg 1500w\" sizes=\"auto, (max-width: 1540px) 100vw, 1540px\" \/><figcaption class=\"wp-element-caption\">\u00a9 Laurent Marion<\/figcaption><\/figure>\n\n\n\n<h3 class=\"wp-block-heading\">St\u00e9fanelle Auger<\/h3>\n<\/div>\n\n\n\n<div class=\"wp-block-column is-layout-flow wp-block-column-is-layout-flow\">\n<figure class=\"wp-block-image size-full\"><img loading=\"lazy\" decoding=\"async\" width=\"1365\" height=\"1365\" src=\"https:\/\/carrefourtheatre.qc.ca\/wp-content\/uploads\/2026\/03\/photo-joe-edited.jpg\" alt=\"\" class=\"wp-image-2602\" srcset=\"https:\/\/carrefourtheatre.qc.ca\/wp-content\/uploads\/2026\/03\/photo-joe-edited.jpg 1365w, https:\/\/carrefourtheatre.qc.ca\/wp-content\/uploads\/2026\/03\/photo-joe-edited-150x150.jpg 150w, https:\/\/carrefourtheatre.qc.ca\/wp-content\/uploads\/2026\/03\/photo-joe-edited-860x860.jpg 860w, https:\/\/carrefourtheatre.qc.ca\/wp-content\/uploads\/2026\/03\/photo-joe-edited-1200x1200.jpg 1200w\" sizes=\"auto, (max-width: 1365px) 100vw, 1365px\" \/><figcaption class=\"wp-element-caption\">\u00a9 No\u00e9mie Sylvestre<\/figcaption><\/figure>\n\n\n\n<h3 class=\"wp-block-heading\">Jo\u00e9 C\u00f4t\u00e9-Rancourt<\/h3>\n<\/div>\n\n\n\n<div class=\"wp-block-column is-layout-flow wp-block-column-is-layout-flow\"><\/div>\n<\/div>\n\n\n\n<p><\/p>\n","protected":false},"excerpt":{"rendered":"<p>LAB-11 opens its doors in a festive and relaxed spirit to multidisciplinary creation. Through a series of improvised tableaux, a group of performers takes the stage live, receiving directions from a creator representing a given discipline. The audience witnesses impromptu experiments that blur the boundaries between mediums. Theatre, dance, circus, comics, digital arts, and live [&hellip;]<\/p>\n","protected":false},"featured_media":2508,"template":"","class_list":["post-2748","event","type-event","status-publish","has-post-thumbnail","hentry","category-activities"],"acf":[],"yoast_head":"<!-- This site is optimized with the Yoast SEO plugin v27.4 - https:\/\/yoast.com\/product\/yoast-seo-wordpress\/ -->\n<title>Lab-11 | Activity | Festival Carrefour<\/title>\n<meta name=\"description\" content=\"Multidisciplinary improv night under the artistic direction of Etienne La Freni\u00e8re and Antoine Par\u00e9-Poirier\" \/>\n<meta name=\"robots\" content=\"index, follow, max-snippet:-1, max-image-preview:large, max-video-preview:-1\" \/>\n<link rel=\"canonical\" href=\"https:\/\/carrefourtheatre.qc.ca\/en\/cultural-shows-quebec-city\/lab-11-en\/\" \/>\n<meta property=\"og:locale\" content=\"en_US\" \/>\n<meta property=\"og:type\" content=\"article\" \/>\n<meta property=\"og:title\" content=\"Lab-11 | Activity | Festival Carrefour\" \/>\n<meta property=\"og:description\" content=\"Multidisciplinary improv night under the artistic direction of Etienne La Freni\u00e8re and Antoine Par\u00e9-Poirier\" \/>\n<meta property=\"og:url\" content=\"https:\/\/carrefourtheatre.qc.ca\/en\/cultural-shows-quebec-city\/lab-11-en\/\" \/>\n<meta property=\"og:site_name\" content=\"Festival Carrefour\" \/>\n<meta property=\"article:modified_time\" content=\"2026-04-02T15:10:14+00:00\" \/>\n<meta property=\"og:image\" content=\"https:\/\/carrefourtheatre.qc.ca\/wp-content\/uploads\/2026\/03\/lab11-visuel.png\" \/>\n\t<meta property=\"og:image:width\" content=\"797\" \/>\n\t<meta property=\"og:image:height\" content=\"1024\" \/>\n\t<meta property=\"og:image:type\" content=\"image\/png\" \/>\n<meta name=\"twitter:card\" content=\"summary_large_image\" \/>\n<meta name=\"twitter:label1\" content=\"Est. reading time\" \/>\n\t<meta name=\"twitter:data1\" content=\"3 minutes\" \/>\n<!-- \/ Yoast SEO plugin. -->","yoast_head_json":{"title":"Lab-11 | Activity | Festival Carrefour","description":"Multidisciplinary improv night under the artistic direction of Etienne La Freni\u00e8re and Antoine Par\u00e9-Poirier","robots":{"index":"index","follow":"follow","max-snippet":"max-snippet:-1","max-image-preview":"max-image-preview:large","max-video-preview":"max-video-preview:-1"},"canonical":"https:\/\/carrefourtheatre.qc.ca\/en\/cultural-shows-quebec-city\/lab-11-en\/","og_locale":"en_US","og_type":"article","og_title":"Lab-11 | Activity | Festival Carrefour","og_description":"Multidisciplinary improv night under the artistic direction of Etienne La Freni\u00e8re and Antoine Par\u00e9-Poirier","og_url":"https:\/\/carrefourtheatre.qc.ca\/en\/cultural-shows-quebec-city\/lab-11-en\/","og_site_name":"Festival Carrefour","article_modified_time":"2026-04-02T15:10:14+00:00","og_image":[{"url":"https:\/\/carrefourtheatre.qc.ca\/wp-content\/uploads\/2026\/03\/lab11-visuel.png","width":797,"height":1024,"type":"image\/png"}],"twitter_card":"summary_large_image","twitter_misc":{"Est. reading time":"3 minutes"},"schema":{"@context":"https:\/\/schema.org","@graph":[{"@type":"WebPage","@id":"https:\/\/carrefourtheatre.qc.ca\/en\/cultural-shows-quebec-city\/lab-11-en\/","url":"https:\/\/carrefourtheatre.qc.ca\/en\/cultural-shows-quebec-city\/lab-11-en\/","name":"Lab-11 | Activity | Festival Carrefour","isPartOf":{"@id":"https:\/\/carrefourtheatre.qc.ca\/en\/#website"},"primaryImageOfPage":{"@id":"https:\/\/carrefourtheatre.qc.ca\/en\/cultural-shows-quebec-city\/lab-11-en\/#primaryimage"},"image":{"@id":"https:\/\/carrefourtheatre.qc.ca\/en\/cultural-shows-quebec-city\/lab-11-en\/#primaryimage"},"thumbnailUrl":"https:\/\/carrefourtheatre.qc.ca\/wp-content\/uploads\/2026\/03\/lab11-visuel.png","datePublished":"2026-03-17T15:00:00+00:00","dateModified":"2026-04-02T15:10:14+00:00","description":"Multidisciplinary improv night under the artistic direction of Etienne La Freni\u00e8re and Antoine Par\u00e9-Poirier","breadcrumb":{"@id":"https:\/\/carrefourtheatre.qc.ca\/en\/cultural-shows-quebec-city\/lab-11-en\/#breadcrumb"},"inLanguage":"en-US","potentialAction":[{"@type":"ReadAction","target":["https:\/\/carrefourtheatre.qc.ca\/en\/cultural-shows-quebec-city\/lab-11-en\/"]}]},{"@type":"ImageObject","inLanguage":"en-US","@id":"https:\/\/carrefourtheatre.qc.ca\/en\/cultural-shows-quebec-city\/lab-11-en\/#primaryimage","url":"https:\/\/carrefourtheatre.qc.ca\/wp-content\/uploads\/2026\/03\/lab11-visuel.png","contentUrl":"https:\/\/carrefourtheatre.qc.ca\/wp-content\/uploads\/2026\/03\/lab11-visuel.png","width":2530,"height":3252},{"@type":"BreadcrumbList","@id":"https:\/\/carrefourtheatre.qc.ca\/en\/cultural-shows-quebec-city\/lab-11-en\/#breadcrumb","itemListElement":[{"@type":"ListItem","position":1,"name":"Accueil","item":"https:\/\/carrefourtheatre.qc.ca\/en\/"},{"@type":"ListItem","position":2,"name":"Events","item":"https:\/\/carrefourtheatre.qc.ca\/en\/cultural-shows-quebec-city\/"},{"@type":"ListItem","position":3,"name":"Lab-11 : Multidisciplinary Improv Night"}]},{"@type":"WebSite","@id":"https:\/\/carrefourtheatre.qc.ca\/en\/#website","url":"https:\/\/carrefourtheatre.qc.ca\/en\/","name":"Festival Carrefour","description":"Le plus grand festival d\u2019arts vivants \u00e0 Qu\u00e9bec","publisher":{"@id":"https:\/\/carrefourtheatre.qc.ca\/en\/#organization"},"alternateName":"Le plus grand festival d\u2019arts vivants \u00e0 Qu\u00e9bec","potentialAction":[{"@type":"SearchAction","target":{"@type":"EntryPoint","urlTemplate":"https:\/\/carrefourtheatre.qc.ca\/en\/?s={search_term_string}"},"query-input":{"@type":"PropertyValueSpecification","valueRequired":true,"valueName":"search_term_string"}}],"inLanguage":"en-US"},{"@type":"Organization","@id":"https:\/\/carrefourtheatre.qc.ca\/en\/#organization","name":"Festival Carrefour","url":"https:\/\/carrefourtheatre.qc.ca\/en\/","logo":{"@type":"ImageObject","inLanguage":"en-US","@id":"https:\/\/carrefourtheatre.qc.ca\/en\/#\/schema\/logo\/image\/","url":"https:\/\/carrefourtheatre.qc.ca\/wp-content\/uploads\/2025\/03\/og_festival_carrefour.jpg","contentUrl":"https:\/\/carrefourtheatre.qc.ca\/wp-content\/uploads\/2025\/03\/og_festival_carrefour.jpg","width":1200,"height":675,"caption":"Festival Carrefour"},"image":{"@id":"https:\/\/carrefourtheatre.qc.ca\/en\/#\/schema\/logo\/image\/"}}]}},"_links":{"self":[{"href":"https:\/\/carrefourtheatre.qc.ca\/en\/wp-json\/wp\/v2\/event\/2748","targetHints":{"allow":["GET"]}}],"collection":[{"href":"https:\/\/carrefourtheatre.qc.ca\/en\/wp-json\/wp\/v2\/event"}],"about":[{"href":"https:\/\/carrefourtheatre.qc.ca\/en\/wp-json\/wp\/v2\/types\/event"}],"wp:featuredmedia":[{"embeddable":true,"href":"https:\/\/carrefourtheatre.qc.ca\/en\/wp-json\/wp\/v2\/media\/2508"}],"wp:attachment":[{"href":"https:\/\/carrefourtheatre.qc.ca\/en\/wp-json\/wp\/v2\/media?parent=2748"}],"curies":[{"name":"wp","href":"https:\/\/api.w.org\/{rel}","templated":true}]}}