{"id":2719,"date":"2026-03-17T10:00:00","date_gmt":"2026-03-17T15:00:00","guid":{"rendered":"https:\/\/carrefourtheatre.qc.ca\/cultural-shows-quebec-city\/la-soeur-de-jesus-christ\/"},"modified":"2026-04-01T16:02:48","modified_gmt":"2026-04-01T21:02:48","slug":"la-soeur-de-jesus-christ-en","status":"publish","type":"event","link":"https:\/\/carrefourtheatre.qc.ca\/en\/cultural-shows-quebec-city\/la-soeur-de-jesus-christ-en\/","title":{"rendered":"La S\u0153ur de J\u00e9sus-Christ"},"content":{"rendered":"\n<p>This is the story of Maria, the sister of Simeone, nickame : Jesus Christ. Actually, this is the story of Maria, as seen by all the villagers who clump together behind her. Armed with a Smith &amp;\u00a0Wesson\u00a09\u00a0milimetres, she is walking to Angelo the Turd, the young man who assaulted her last night. In this modern western, there is only one performer who takes on the voice and posture of every character with a ever more unbridled rhythm. We are hooked by this hypnotizing ambiance, supported by a musician with many instruments. Maria&#8217;s uprising with set a tsunami in motion : the gradual collective awareness of an entire village.\u00a0<\/p>\n\n\n\n<p><strong>This play was nominated at the Prix Maeterlinck 2023 in the Best Show and Best Performance Categories. Laureate of the Best Set Design Category.<\/strong><\/p>\n\n\n\n<section class=\"wp-block-group wp-pattern__gallery wp-pattern__gallery--style-1 is-layout-constrained wp-block-group-is-layout-constrained\">\n<figure class=\"wp-block-image size-lg\"><img loading=\"lazy\" decoding=\"async\" width=\"1500\" height=\"998\" src=\"https:\/\/carrefourtheatre.qc.ca\/wp-content\/uploads\/2026\/03\/la-soeur-de-jesus-christ-\u00a9lara-herbinia-2-1500x998.avif\" alt=\"\" class=\"wp-image-2233\" srcset=\"https:\/\/carrefourtheatre.qc.ca\/wp-content\/uploads\/2026\/03\/la-soeur-de-jesus-christ-\u00a9lara-herbinia-2-1500x998.avif 1500w, https:\/\/carrefourtheatre.qc.ca\/wp-content\/uploads\/2026\/03\/la-soeur-de-jesus-christ-\u00a9lara-herbinia-2-860x572.avif 860w, https:\/\/carrefourtheatre.qc.ca\/wp-content\/uploads\/2026\/03\/la-soeur-de-jesus-christ-\u00a9lara-herbinia-2-1200x798.avif 1200w, https:\/\/carrefourtheatre.qc.ca\/wp-content\/uploads\/2026\/03\/la-soeur-de-jesus-christ-\u00a9lara-herbinia-2-2000x1331.avif 2000w\" sizes=\"auto, (max-width: 1500px) 100vw, 1500px\" \/><figcaption class=\"wp-element-caption\">\u00a9 Lara Herbinia<\/figcaption><\/figure>\n\n\n\n<figure class=\"wp-block-gallery has-nested-images columns-default is-cropped wp-block-gallery-1 is-layout-flex wp-block-gallery-is-layout-flex\">\n<figure class=\"wp-block-image size-lg size-large\"><img loading=\"lazy\" decoding=\"async\" width=\"1500\" height=\"2255\" data-id=\"2239\" src=\"https:\/\/carrefourtheatre.qc.ca\/wp-content\/uploads\/2026\/03\/la-soeur-de-jesus-christ-\u00a9lara-herbinia-4-1500x2255.avif\" alt=\"\" class=\"wp-image-2239\" srcset=\"https:\/\/carrefourtheatre.qc.ca\/wp-content\/uploads\/2026\/03\/la-soeur-de-jesus-christ-\u00a9lara-herbinia-4-1500x2255.avif 1500w, https:\/\/carrefourtheatre.qc.ca\/wp-content\/uploads\/2026\/03\/la-soeur-de-jesus-christ-\u00a9lara-herbinia-4-860x1293.avif 860w, https:\/\/carrefourtheatre.qc.ca\/wp-content\/uploads\/2026\/03\/la-soeur-de-jesus-christ-\u00a9lara-herbinia-4-1200x1804.avif 1200w, https:\/\/carrefourtheatre.qc.ca\/wp-content\/uploads\/2026\/03\/la-soeur-de-jesus-christ-\u00a9lara-herbinia-4-2000x3006.avif 2000w\" sizes=\"auto, (max-width: 1500px) 100vw, 1500px\" \/><figcaption class=\"wp-element-caption\">\u00a9 Lara Herbinia<\/figcaption><\/figure>\n\n\n\n<figure class=\"wp-block-image size-lg size-large\"><img loading=\"lazy\" decoding=\"async\" width=\"1500\" height=\"2255\" data-id=\"2235\" src=\"https:\/\/carrefourtheatre.qc.ca\/wp-content\/uploads\/2026\/03\/la-soeur-de-jesus-christ-\u00a9-lara-herbinia-3-1500x2255.avif\" alt=\"\" class=\"wp-image-2235\" srcset=\"https:\/\/carrefourtheatre.qc.ca\/wp-content\/uploads\/2026\/03\/la-soeur-de-jesus-christ-\u00a9-lara-herbinia-3-1500x2255.avif 1500w, https:\/\/carrefourtheatre.qc.ca\/wp-content\/uploads\/2026\/03\/la-soeur-de-jesus-christ-\u00a9-lara-herbinia-3-860x1293.avif 860w, https:\/\/carrefourtheatre.qc.ca\/wp-content\/uploads\/2026\/03\/la-soeur-de-jesus-christ-\u00a9-lara-herbinia-3-1200x1804.avif 1200w, https:\/\/carrefourtheatre.qc.ca\/wp-content\/uploads\/2026\/03\/la-soeur-de-jesus-christ-\u00a9-lara-herbinia-3-2000x3006.avif 2000w\" sizes=\"auto, (max-width: 1500px) 100vw, 1500px\" \/><figcaption class=\"wp-element-caption\">\u00a9 Lara Herbinia<\/figcaption><\/figure>\n\n\n\n<figure class=\"wp-block-image size-lg size-large\"><img loading=\"lazy\" decoding=\"async\" width=\"1500\" height=\"998\" data-id=\"2237\" src=\"https:\/\/carrefourtheatre.qc.ca\/wp-content\/uploads\/2026\/03\/la-soeur-de-jesus-christ-\u00a9lara-herbinia-1500x998.avif\" alt=\"\" class=\"wp-image-2237\" srcset=\"https:\/\/carrefourtheatre.qc.ca\/wp-content\/uploads\/2026\/03\/la-soeur-de-jesus-christ-\u00a9lara-herbinia-1500x998.avif 1500w, https:\/\/carrefourtheatre.qc.ca\/wp-content\/uploads\/2026\/03\/la-soeur-de-jesus-christ-\u00a9lara-herbinia-860x572.avif 860w, https:\/\/carrefourtheatre.qc.ca\/wp-content\/uploads\/2026\/03\/la-soeur-de-jesus-christ-\u00a9lara-herbinia-1200x798.avif 1200w, https:\/\/carrefourtheatre.qc.ca\/wp-content\/uploads\/2026\/03\/la-soeur-de-jesus-christ-\u00a9lara-herbinia-2000x1331.avif 2000w\" sizes=\"auto, (max-width: 1500px) 100vw, 1500px\" \/><figcaption class=\"wp-element-caption\">\u00a9 Lara Herbinia<\/figcaption><\/figure>\n<\/figure>\n<\/section>\n\n\n\n<figure class=\"wp-block-image aligncenter size-full is-resized\"><img loading=\"lazy\" decoding=\"async\" width=\"800\" height=\"400\" src=\"https:\/\/carrefourtheatre.qc.ca\/wp-content\/uploads\/2025\/05\/wallonie-bruxelles-international.png\" alt=\"\" class=\"wp-image-1409\" style=\"width:200px;height:auto\"\/><\/figure>\n\n\n\n<h2 class=\"wp-block-heading\">Credits<\/h2>\n\n\n\t<div id=\"block_4d2044a838614829070122174d540560\" class=\"wp-block__accordion\">\n\n\t\t<div class=\"accordion\">\n\t\t\t\t\t\t\t\n\t\t\t\t\t<div class=\"accordion__item\">\n\t\t\t\t\t\t<h3 class=\"accordion__item__header\">\n\t\t\t\t\t\t\t<button type=\"button\"\n\t\t\t\t\t\t\t\taria-expanded=\"false\">\n\n\t\t\t\t\t\t\t\t<span class=\"accordion__item__header__question\">\n\t\t\t\t\t\t\t\t\tArtistic and Technical Teams\t\t\t\t\t\t\t\t<\/span>\n\n\t\t\t\t\t\t\t\t<span class=\"accordion__item__header__arrow\">\n\t\t\t\t\t\t\t\t\t<svg class=\"svg svg--plus-accordion\" role=\"presentation\" viewBox=\"0 0 15 15\" xmlns=\"http:\/\/www.w3.org\/2000\/svg\">\n  <line x1=\"7.75\" x2=\"7.75\" y2=\"15\" stroke=\"black\" stroke-width=\"1\"\/>\n  <line x1=\"15\" y1=\"7.75\" x2=\"-6.55671e-08\" y2=\"7.75\" stroke=\"black\" stroke-width=\"1\"\/>\n<\/svg>\n\t\t\t\t\t\t\t\t<\/span>\n\t\t\t\t\t\t\t<\/button>\n\t\t\t\t\t\t<\/h3>\n\n\t\t\t\t\t\t<div class=\"accordion__item__content\" hidden>\n\t\t\t\t\t\t\t<div class=\"accordion__item__inner\">\n\t\t\t\t\t\t\t\t<div class=\"accordion__item__text\">\n\t\t\t\t\t\t\t\t\t<p><span class=\"TextRun SCXW263792561 BCX0\" lang=\"FR-FR\" xml:lang=\"FR-FR\" data-contrast=\"auto\"><span class=\"NormalTextRun SCXW263792561 BCX0\">Text <\/span><\/span><span class=\"TextRun SCXW263792561 BCX0\" lang=\"FR-FR\" xml:lang=\"FR-FR\" data-contrast=\"auto\"><span class=\"NormalTextRun SCXW263792561 BCX0\"><strong>Oscar de Summa<\/strong><br \/>\n<\/span><\/span><span class=\"TextRun SCXW263792561 BCX0\" lang=\"FR-FR\" xml:lang=\"FR-FR\" data-contrast=\"auto\"><span class=\"NormalTextRun SCXW263792561 BCX0\">Translation <\/span><\/span><span class=\"TextRun SCXW263792561 BCX0\" lang=\"FR-FR\" xml:lang=\"FR-FR\" data-contrast=\"auto\"><strong><span class=\"NormalTextRun SCXW263792561 BCX0\">Federica\u00a0<\/span><\/strong><span class=\"NormalTextRun SpellingErrorV2Themed SCXW263792561 BCX0\"><strong>Martucci<\/strong><br \/>\n<\/span><\/span><span class=\"TextRun SCXW263792561 BCX0\" lang=\"FR-FR\" xml:lang=\"FR-FR\" data-contrast=\"auto\"><span class=\"NormalTextRun SCXW263792561 BCX0\">Direction <\/span><\/span><span class=\"TextRun SCXW263792561 BCX0\" lang=\"FR-FR\" xml:lang=\"FR-FR\" data-contrast=\"auto\"><strong><span class=\"NormalTextRun SCXW263792561 BCX0\">Georges\u00a0<\/span><\/strong><span class=\"NormalTextRun SpellingErrorV2Themed SCXW263792561 BCX0\"><strong>Lini<\/strong><br \/>\n<\/span><\/span><span class=\"TextRun SCXW263792561 BCX0\" lang=\"FR-FR\" xml:lang=\"FR-FR\" data-contrast=\"auto\"><span class=\"NormalTextRun SCXW263792561 BCX0\">Interpretation <\/span><\/span><span class=\"TextRun SCXW263792561 BCX0\" lang=\"FR-FR\" xml:lang=\"FR-FR\" data-contrast=\"auto\"><strong><span class=\"NormalTextRun SCXW263792561 BCX0\">F\u00e9lix\u00a0<\/span><\/strong><span class=\"NormalTextRun SpellingErrorV2Themed SCXW263792561 BCX0\"><strong>Vannoorenberghe<\/strong><br \/>\n<\/span><\/span><span class=\"TextRun SCXW263792561 BCX0\" lang=\"FR-FR\" xml:lang=\"FR-FR\" data-contrast=\"auto\"><span class=\"NormalTextRun SCXW263792561 BCX0\">Music and Composition <\/span><\/span><span class=\"TextRun SCXW263792561 BCX0\" lang=\"FR-FR\" xml:lang=\"FR-FR\" data-contrast=\"auto\"><span class=\"NormalTextRun SCXW263792561 BCX0\"><strong>Florence Sauveur<\/strong><br \/>\n<\/span><\/span><span class=\"TextRun SCXW263792561 BCX0\" lang=\"FR-FR\" xml:lang=\"FR-FR\" data-contrast=\"auto\"><span class=\"NormalTextRun SCXW263792561 BCX0\">Musical Direction and Composition <\/span><\/span><strong><span class=\"TextRun SCXW263792561 BCX0\" lang=\"FR-FR\" xml:lang=\"FR-FR\" data-contrast=\"auto\"><span class=\"NormalTextRun SCXW263792561 BCX0\">Fran\u00e7ois Sauveu<\/span><\/span><\/strong><span class=\"TextRun SCXW263792561 BCX0\" lang=\"FR-FR\" xml:lang=\"FR-FR\" data-contrast=\"auto\"><span class=\"NormalTextRun SCXW263792561 BCX0\"><strong>r<\/strong><br \/>\nSound Design and Composition <\/span><\/span><span class=\"TextRun SCXW263792561 BCX0\" lang=\"FR-FR\" xml:lang=\"FR-FR\" data-contrast=\"auto\"><span class=\"NormalTextRun SCXW263792561 BCX0\"><strong>Pierre Constant<\/strong><br \/>\n<\/span><\/span><span class=\"TextRun SCXW263792561 BCX0\" lang=\"FR-FR\" xml:lang=\"FR-FR\" data-contrast=\"auto\"><span class=\"NormalTextRun SCXW263792561 BCX0\">Video Creation <\/span><\/span><span class=\"TextRun SCXW263792561 BCX0\" lang=\"FR-FR\" xml:lang=\"FR-FR\" data-contrast=\"auto\"><span class=\"NormalTextRun SCXW263792561 BCX0\"><strong>S\u00e9bastien Fernandez<\/strong><br \/>\n<\/span><\/span><span class=\"TextRun SCXW263792561 BCX0\" lang=\"FR-FR\" xml:lang=\"FR-FR\" data-contrast=\"auto\"><span class=\"NormalTextRun SCXW263792561 BCX0\">Set Design and Costume Design <\/span><\/span><strong><span class=\"TextRun SCXW263792561 BCX0\" lang=\"FR-FR\" xml:lang=\"FR-FR\" data-contrast=\"auto\"><span class=\"NormalTextRun SCXW263792561 BCX0\">Charly\u00a0<\/span><span class=\"NormalTextRun SpellingErrorV2Themed SCXW263792561 BCX0\">Kleinermann<\/span><span class=\"NormalTextRun SCXW263792561 BCX0\">\u00a0<\/span><\/span><span class=\"TextRun SCXW263792561 BCX0\" lang=\"FR-FR\" xml:lang=\"FR-FR\" data-contrast=\"auto\"><span class=\"NormalTextRun SCXW263792561 BCX0\">et\u00a0<\/span><\/span><\/strong><span class=\"TextRun SCXW263792561 BCX0\" lang=\"FR-FR\" xml:lang=\"FR-FR\" data-contrast=\"auto\"><span class=\"NormalTextRun SCXW263792561 BCX0\"><strong>Thibaut De Coster<\/strong><br \/>\n<\/span><\/span><span class=\"TextRun SCXW263792561 BCX0\" lang=\"FR-FR\" xml:lang=\"FR-FR\" data-contrast=\"auto\"><span class=\"NormalTextRun SCXW263792561 BCX0\">Lightin Design <\/span><\/span><span class=\"TextRun SCXW263792561 BCX0\" lang=\"FR-FR\" xml:lang=\"FR-FR\" data-contrast=\"auto\"><span class=\"NormalTextRun SCXW263792561 BCX0\"><strong>J\u00e9r\u00f4me Dejean<\/strong><br \/>\n<\/span><\/span><span class=\"TextRun SCXW263792561 BCX0\" lang=\"FR-FR\" xml:lang=\"FR-FR\" data-contrast=\"auto\"><span class=\"NormalTextRun SCXW263792561 BCX0\">Dramaturgy Collaboration <\/span><\/span><strong><span class=\"TextRun SCXW263792561 BCX0\" lang=\"FR-FR\" xml:lang=\"FR-FR\" data-contrast=\"auto\"><span class=\"NormalTextRun SCXW263792561 BCX0\">Nargis\u00a0<\/span><span class=\"NormalTextRun SpellingErrorV2Themed SCXW263792561 BCX0\">Benamor<\/span><\/span><\/strong><\/p>\n<p><span class=\"TextRun SCXW263792561 BCX0\" lang=\"FR-FR\" xml:lang=\"FR-FR\" data-contrast=\"auto\"><span class=\"NormalTextRun SCXW263792561 BCX0\">A coproduction of the Th\u00e9\u00e2tre de Poche and the Compagnie Belle de Nuit. Text translated with the support of la Maison Antoine Vitez and ARTCENA, translation laureate by ARTCENA. <\/span><\/span><span class=\"EOP SCXW263792561 BCX0\" data-ccp-props=\"{}\">\u00a0<\/span><\/p>\n\t\t\t\t\t\t\t\t<\/div>\n\n\t\t\t\t\t\t\t\t\n\t\t\t\t\t\t\t<\/div>\n\t\t\t\t\t\t<\/div>\n\t\t\t\t\t<\/div>\n\n\t\t\t\t\t\t\t\t\t\t\t<\/div>\n\n\t<\/div>\n\n\n\n\n<div class=\"wp-block-columns is-layout-flex wp-container-core-columns-is-layout-9d6595d7 wp-block-columns-is-layout-flex\">\n<div class=\"wp-block-column is-layout-flow wp-block-column-is-layout-flow\">\n<figure class=\"wp-block-image size-full\"><img loading=\"lazy\" decoding=\"async\" width=\"512\" height=\"512\" src=\"https:\/\/carrefourtheatre.qc.ca\/wp-content\/uploads\/2026\/03\/george-lini-\u00a9jc-guillaume-edited.avif\" alt=\"\" class=\"wp-image-2243\" srcset=\"https:\/\/carrefourtheatre.qc.ca\/wp-content\/uploads\/2026\/03\/george-lini-\u00a9jc-guillaume-edited.avif 512w, https:\/\/carrefourtheatre.qc.ca\/wp-content\/uploads\/2026\/03\/george-lini-\u00a9jc-guillaume-edited-150x150.avif 150w\" sizes=\"auto, (max-width: 512px) 100vw, 512px\" \/><figcaption class=\"wp-element-caption\">\u00a9 JC Guillaume<\/figcaption><\/figure>\n\n\n\n<h3 class=\"wp-block-heading\">Georges Lini, directing<\/h3>\n<\/div>\n\n\n\n<div class=\"wp-block-column is-layout-flow wp-block-column-is-layout-flow\">\n<figure class=\"wp-block-image size-full\"><img loading=\"lazy\" decoding=\"async\" width=\"375\" height=\"375\" src=\"https:\/\/carrefourtheatre.qc.ca\/wp-content\/uploads\/2026\/03\/felix-vannoorenberghe-\u00a9-vlad-vdk-edited.avif\" alt=\"\" class=\"wp-image-2247\" srcset=\"https:\/\/carrefourtheatre.qc.ca\/wp-content\/uploads\/2026\/03\/felix-vannoorenberghe-\u00a9-vlad-vdk-edited.avif 375w, https:\/\/carrefourtheatre.qc.ca\/wp-content\/uploads\/2026\/03\/felix-vannoorenberghe-\u00a9-vlad-vdk-edited-150x150.avif 150w\" sizes=\"auto, (max-width: 375px) 100vw, 375px\" \/><figcaption class=\"wp-element-caption\">\u00a9 Vlad VDK<\/figcaption><\/figure>\n\n\n\n<h3 class=\"wp-block-heading\">F\u00e9lix Vannoorenbergue, interpretation<\/h3>\n<\/div>\n\n\n\n<div class=\"wp-block-column is-layout-flow wp-block-column-is-layout-flow\">\n<figure class=\"wp-block-image size-lg\"><img loading=\"lazy\" decoding=\"async\" width=\"1065\" height=\"1064\" src=\"https:\/\/carrefourtheatre.qc.ca\/wp-content\/uploads\/2026\/03\/florence-sauveur-\u00a9-lara-herbinia-edited.avif\" alt=\"\" class=\"wp-image-2251\" srcset=\"https:\/\/carrefourtheatre.qc.ca\/wp-content\/uploads\/2026\/03\/florence-sauveur-\u00a9-lara-herbinia-edited.avif 1065w, https:\/\/carrefourtheatre.qc.ca\/wp-content\/uploads\/2026\/03\/florence-sauveur-\u00a9-lara-herbinia-edited-150x150.avif 150w, https:\/\/carrefourtheatre.qc.ca\/wp-content\/uploads\/2026\/03\/florence-sauveur-\u00a9-lara-herbinia-edited-860x859.avif 860w\" sizes=\"auto, (max-width: 1065px) 100vw, 1065px\" \/><figcaption class=\"wp-element-caption\">\u00a9 Lara Herbinia<\/figcaption><\/figure>\n\n\n\n<h3 class=\"wp-block-heading\">Florence Sauveur, music and composition<\/h3>\n<\/div>\n<\/div>\n\n\n\n<figure class=\"wp-block-image size-lg\"><img loading=\"lazy\" decoding=\"async\" width=\"1500\" height=\"625\" src=\"https:\/\/carrefourtheatre.qc.ca\/wp-content\/uploads\/2026\/03\/image-moyenne_infolettre_600x250_fc26_deja-en-vente-1200-x-500-px-4-1500x625.png\" alt=\"\" class=\"wp-image-2335\" srcset=\"https:\/\/carrefourtheatre.qc.ca\/wp-content\/uploads\/2026\/03\/image-moyenne_infolettre_600x250_fc26_deja-en-vente-1200-x-500-px-4-1500x625.png 1500w, https:\/\/carrefourtheatre.qc.ca\/wp-content\/uploads\/2026\/03\/image-moyenne_infolettre_600x250_fc26_deja-en-vente-1200-x-500-px-4-860x358.png 860w, https:\/\/carrefourtheatre.qc.ca\/wp-content\/uploads\/2026\/03\/image-moyenne_infolettre_600x250_fc26_deja-en-vente-1200-x-500-px-4-1200x500.png 1200w, https:\/\/carrefourtheatre.qc.ca\/wp-content\/uploads\/2026\/03\/image-moyenne_infolettre_600x250_fc26_deja-en-vente-1200-x-500-px-4-2000x833.png 2000w\" sizes=\"auto, (max-width: 1500px) 100vw, 1500px\" \/><\/figure>\n\n\n\n<h3 class=\"wp-block-heading has-text-align-right\"><a href=\"https:\/\/www.leslibraires.ca\/livres\/la-soeur-de-jesus-christ-oscar-de-summa-9782842608705.html\" target=\"_blank\" rel=\"noreferrer noopener\">Discover the publication<\/a><\/h3>\n","protected":false},"excerpt":{"rendered":"<p>This is the story of Maria, the sister of Simeone, nickame : Jesus Christ. Actually, this is the story of Maria, as seen by all the villagers who clump together behind her. Armed with a Smith &amp;\u00a0Wesson\u00a09\u00a0milimetres, she is walking to Angelo the Turd, the young man who assaulted her last night. In this modern [&hellip;]<\/p>\n","protected":false},"featured_media":2234,"template":"","class_list":["post-2719","event","type-event","status-publish","has-post-thumbnail","hentry","category-shows"],"acf":[],"yoast_head":"<!-- This site is optimized with the Yoast SEO plugin v27.4 - https:\/\/yoast.com\/product\/yoast-seo-wordpress\/ -->\n<title>La S\u0153ur de J\u00e9sus-Christ | Spectacles | Festival Carrefour<\/title>\n<meta name=\"description\" content=\"The show La Soeur de J\u00e9sus-Christ will be presented on May 26, 27 and 28 2026 at the La Bord\u00e9e Theatre during the Festival Carrefour.\" \/>\n<meta name=\"robots\" content=\"index, follow, max-snippet:-1, max-image-preview:large, max-video-preview:-1\" \/>\n<link rel=\"canonical\" href=\"https:\/\/carrefourtheatre.qc.ca\/en\/cultural-shows-quebec-city\/la-soeur-de-jesus-christ-en\/\" \/>\n<meta property=\"og:locale\" content=\"en_US\" \/>\n<meta property=\"og:type\" content=\"article\" \/>\n<meta property=\"og:title\" content=\"La S\u0153ur de J\u00e9sus-Christ | Spectacles | Festival Carrefour\" \/>\n<meta property=\"og:description\" content=\"The show La Soeur de J\u00e9sus-Christ will be presented on May 26, 27 and 28 2026 at the La Bord\u00e9e Theatre during the Festival Carrefour.\" \/>\n<meta property=\"og:url\" content=\"https:\/\/carrefourtheatre.qc.ca\/en\/cultural-shows-quebec-city\/la-soeur-de-jesus-christ-en\/\" \/>\n<meta property=\"og:site_name\" content=\"Festival Carrefour\" \/>\n<meta property=\"article:modified_time\" content=\"2026-04-01T21:02:48+00:00\" \/>\n<meta property=\"og:image\" content=\"https:\/\/carrefourtheatre.qc.ca\/wp-content\/uploads\/2025\/03\/og_festival_carrefour.jpg\" \/>\n\t<meta property=\"og:image:width\" content=\"1200\" \/>\n\t<meta property=\"og:image:height\" content=\"675\" \/>\n\t<meta property=\"og:image:type\" content=\"image\/jpeg\" \/>\n<meta name=\"twitter:card\" content=\"summary_large_image\" \/>\n<meta name=\"twitter:label1\" content=\"Est. reading time\" \/>\n\t<meta name=\"twitter:data1\" content=\"3 minutes\" \/>\n<!-- \/ Yoast SEO plugin. -->","yoast_head_json":{"title":"La S\u0153ur de J\u00e9sus-Christ | Spectacles | Festival Carrefour","description":"The show La Soeur de J\u00e9sus-Christ will be presented on May 26, 27 and 28 2026 at the La Bord\u00e9e Theatre during the Festival Carrefour.","robots":{"index":"index","follow":"follow","max-snippet":"max-snippet:-1","max-image-preview":"max-image-preview:large","max-video-preview":"max-video-preview:-1"},"canonical":"https:\/\/carrefourtheatre.qc.ca\/en\/cultural-shows-quebec-city\/la-soeur-de-jesus-christ-en\/","og_locale":"en_US","og_type":"article","og_title":"La S\u0153ur de J\u00e9sus-Christ | Spectacles | Festival Carrefour","og_description":"The show La Soeur de J\u00e9sus-Christ will be presented on May 26, 27 and 28 2026 at the La Bord\u00e9e Theatre during the Festival Carrefour.","og_url":"https:\/\/carrefourtheatre.qc.ca\/en\/cultural-shows-quebec-city\/la-soeur-de-jesus-christ-en\/","og_site_name":"Festival Carrefour","article_modified_time":"2026-04-01T21:02:48+00:00","og_image":[{"width":1200,"height":675,"url":"https:\/\/carrefourtheatre.qc.ca\/wp-content\/uploads\/2025\/03\/og_festival_carrefour.jpg","type":"image\/jpeg"}],"twitter_card":"summary_large_image","twitter_misc":{"Est. reading time":"3 minutes"},"schema":{"@context":"https:\/\/schema.org","@graph":[{"@type":"WebPage","@id":"https:\/\/carrefourtheatre.qc.ca\/en\/cultural-shows-quebec-city\/la-soeur-de-jesus-christ-en\/","url":"https:\/\/carrefourtheatre.qc.ca\/en\/cultural-shows-quebec-city\/la-soeur-de-jesus-christ-en\/","name":"La S\u0153ur de J\u00e9sus-Christ | Spectacles | Festival Carrefour","isPartOf":{"@id":"https:\/\/carrefourtheatre.qc.ca\/en\/#website"},"primaryImageOfPage":{"@id":"https:\/\/carrefourtheatre.qc.ca\/en\/cultural-shows-quebec-city\/la-soeur-de-jesus-christ-en\/#primaryimage"},"image":{"@id":"https:\/\/carrefourtheatre.qc.ca\/en\/cultural-shows-quebec-city\/la-soeur-de-jesus-christ-en\/#primaryimage"},"thumbnailUrl":"https:\/\/carrefourtheatre.qc.ca\/wp-content\/uploads\/2026\/03\/la-soeur-de-jesus-christ-\u00a9lara-herbinia-2.avif","datePublished":"2026-03-17T15:00:00+00:00","dateModified":"2026-04-01T21:02:48+00:00","description":"The show La Soeur de J\u00e9sus-Christ will be presented on May 26, 27 and 28 2026 at the La Bord\u00e9e Theatre during the Festival Carrefour.","breadcrumb":{"@id":"https:\/\/carrefourtheatre.qc.ca\/en\/cultural-shows-quebec-city\/la-soeur-de-jesus-christ-en\/#breadcrumb"},"inLanguage":"en-US","potentialAction":[{"@type":"ReadAction","target":["https:\/\/carrefourtheatre.qc.ca\/en\/cultural-shows-quebec-city\/la-soeur-de-jesus-christ-en\/"]}]},{"@type":"ImageObject","inLanguage":"en-US","@id":"https:\/\/carrefourtheatre.qc.ca\/en\/cultural-shows-quebec-city\/la-soeur-de-jesus-christ-en\/#primaryimage","url":"https:\/\/carrefourtheatre.qc.ca\/wp-content\/uploads\/2026\/03\/la-soeur-de-jesus-christ-\u00a9lara-herbinia-2.avif","contentUrl":"https:\/\/carrefourtheatre.qc.ca\/wp-content\/uploads\/2026\/03\/la-soeur-de-jesus-christ-\u00a9lara-herbinia-2.avif","width":3543,"height":2357},{"@type":"BreadcrumbList","@id":"https:\/\/carrefourtheatre.qc.ca\/en\/cultural-shows-quebec-city\/la-soeur-de-jesus-christ-en\/#breadcrumb","itemListElement":[{"@type":"ListItem","position":1,"name":"Accueil","item":"https:\/\/carrefourtheatre.qc.ca\/en\/"},{"@type":"ListItem","position":2,"name":"Events","item":"https:\/\/carrefourtheatre.qc.ca\/en\/cultural-shows-quebec-city\/"},{"@type":"ListItem","position":3,"name":"La S\u0153ur de J\u00e9sus-Christ"}]},{"@type":"WebSite","@id":"https:\/\/carrefourtheatre.qc.ca\/en\/#website","url":"https:\/\/carrefourtheatre.qc.ca\/en\/","name":"Festival Carrefour","description":"Le plus grand festival d\u2019arts vivants \u00e0 Qu\u00e9bec","publisher":{"@id":"https:\/\/carrefourtheatre.qc.ca\/en\/#organization"},"alternateName":"Le plus grand festival d\u2019arts vivants \u00e0 Qu\u00e9bec","potentialAction":[{"@type":"SearchAction","target":{"@type":"EntryPoint","urlTemplate":"https:\/\/carrefourtheatre.qc.ca\/en\/?s={search_term_string}"},"query-input":{"@type":"PropertyValueSpecification","valueRequired":true,"valueName":"search_term_string"}}],"inLanguage":"en-US"},{"@type":"Organization","@id":"https:\/\/carrefourtheatre.qc.ca\/en\/#organization","name":"Festival Carrefour","url":"https:\/\/carrefourtheatre.qc.ca\/en\/","logo":{"@type":"ImageObject","inLanguage":"en-US","@id":"https:\/\/carrefourtheatre.qc.ca\/en\/#\/schema\/logo\/image\/","url":"https:\/\/carrefourtheatre.qc.ca\/wp-content\/uploads\/2025\/03\/og_festival_carrefour.jpg","contentUrl":"https:\/\/carrefourtheatre.qc.ca\/wp-content\/uploads\/2025\/03\/og_festival_carrefour.jpg","width":1200,"height":675,"caption":"Festival Carrefour"},"image":{"@id":"https:\/\/carrefourtheatre.qc.ca\/en\/#\/schema\/logo\/image\/"}}]}},"_links":{"self":[{"href":"https:\/\/carrefourtheatre.qc.ca\/en\/wp-json\/wp\/v2\/event\/2719","targetHints":{"allow":["GET"]}}],"collection":[{"href":"https:\/\/carrefourtheatre.qc.ca\/en\/wp-json\/wp\/v2\/event"}],"about":[{"href":"https:\/\/carrefourtheatre.qc.ca\/en\/wp-json\/wp\/v2\/types\/event"}],"wp:featuredmedia":[{"embeddable":true,"href":"https:\/\/carrefourtheatre.qc.ca\/en\/wp-json\/wp\/v2\/media\/2234"}],"wp:attachment":[{"href":"https:\/\/carrefourtheatre.qc.ca\/en\/wp-json\/wp\/v2\/media?parent=2719"}],"curies":[{"name":"wp","href":"https:\/\/api.w.org\/{rel}","templated":true}]}}