{"id":2704,"date":"2026-03-17T10:00:00","date_gmt":"2026-03-17T15:00:00","guid":{"rendered":"https:\/\/carrefourtheatre.qc.ca\/cultural-shows-quebec-city\/camions-fantomes-de-la-liberte\/"},"modified":"2026-04-01T16:03:35","modified_gmt":"2026-04-01T21:03:35","slug":"camions-fantomes-de-la-liberte-en","status":"publish","type":"event","link":"https:\/\/carrefourtheatre.qc.ca\/en\/cultural-shows-quebec-city\/camions-fantomes-de-la-liberte-en\/","title":{"rendered":"Camions (fant\u00f4mes de la libert\u00e9)"},"content":{"rendered":"\n<h3 class=\"wp-block-heading has-text-align-center has-white-color has-pink-background-color has-text-color has-background has-link-color wp-elements-3558a1edf7da1e8d59434ea5955ebace\">Currently being created<\/h3>\n\n\n\n<p>Welcome to your very own Freedom Convoy&#8230;in miniature. After the protests of 2022, the performer and artist of <em>in situ<\/em> theatre M\u00e9lanie Binette invites us in this singular and playful intergenerational experience. In the form of an audio ambulatory experience, each group of 4 audience member follows a young performer and their remote control truck around the parliament hill. The audience, earbuds on, can hear testimonies of all ages and political horizons, each with their unique vision on the concepts of social justice and democracy. What if the path to reconciliation was revealed by a child behind the wheel of a small remote control car ?\u00a0<\/p>\n\n\n\n<section class=\"wp-block-group wp-pattern__gallery wp-pattern__gallery--style-1 is-layout-constrained wp-block-group-is-layout-constrained\">\n<figure class=\"wp-block-image size-lg\"><img loading=\"lazy\" decoding=\"async\" width=\"1500\" height=\"1000\" src=\"https:\/\/carrefourtheatre.qc.ca\/wp-content\/uploads\/2026\/03\/camions-\u00a9-jonathan-lorange-millette-2-1500x1000.avif\" alt=\"\" class=\"wp-image-2308\" srcset=\"https:\/\/carrefourtheatre.qc.ca\/wp-content\/uploads\/2026\/03\/camions-\u00a9-jonathan-lorange-millette-2-1500x1000.avif 1500w, https:\/\/carrefourtheatre.qc.ca\/wp-content\/uploads\/2026\/03\/camions-\u00a9-jonathan-lorange-millette-2-860x573.avif 860w, https:\/\/carrefourtheatre.qc.ca\/wp-content\/uploads\/2026\/03\/camions-\u00a9-jonathan-lorange-millette-2-1200x800.avif 1200w, https:\/\/carrefourtheatre.qc.ca\/wp-content\/uploads\/2026\/03\/camions-\u00a9-jonathan-lorange-millette-2-2000x1333.avif 2000w\" sizes=\"auto, (max-width: 1500px) 100vw, 1500px\" \/><figcaption class=\"wp-element-caption\">\u00a9 Jonathan Lorange Millette<\/figcaption><\/figure>\n\n\n\n<figure class=\"wp-block-gallery has-nested-images columns-default is-cropped wp-block-gallery-1 is-layout-flex wp-block-gallery-is-layout-flex\">\n<figure class=\"wp-block-image size-lg size-large\"><img loading=\"lazy\" decoding=\"async\" width=\"1500\" height=\"1000\" data-id=\"2312\" src=\"https:\/\/carrefourtheatre.qc.ca\/wp-content\/uploads\/2026\/03\/camions-\u00a9-greg-mackay-1500x1000.avif\" alt=\"\" class=\"wp-image-2312\" srcset=\"https:\/\/carrefourtheatre.qc.ca\/wp-content\/uploads\/2026\/03\/camions-\u00a9-greg-mackay-1500x1000.avif 1500w, https:\/\/carrefourtheatre.qc.ca\/wp-content\/uploads\/2026\/03\/camions-\u00a9-greg-mackay-860x573.avif 860w, https:\/\/carrefourtheatre.qc.ca\/wp-content\/uploads\/2026\/03\/camions-\u00a9-greg-mackay-1200x800.avif 1200w, https:\/\/carrefourtheatre.qc.ca\/wp-content\/uploads\/2026\/03\/camions-\u00a9-greg-mackay-2000x1333.avif 2000w\" sizes=\"auto, (max-width: 1500px) 100vw, 1500px\" \/><figcaption class=\"wp-element-caption\">\u00a9 Greg Mackay<\/figcaption><\/figure>\n\n\n\n<figure class=\"wp-block-image size-lg size-large\"><img loading=\"lazy\" decoding=\"async\" width=\"1500\" height=\"1000\" data-id=\"2310\" src=\"https:\/\/carrefourtheatre.qc.ca\/wp-content\/uploads\/2026\/03\/camions-\u00a9-jonathan-lorange-millette-1500x1000.avif\" alt=\"\" class=\"wp-image-2310\" srcset=\"https:\/\/carrefourtheatre.qc.ca\/wp-content\/uploads\/2026\/03\/camions-\u00a9-jonathan-lorange-millette-1500x1000.avif 1500w, https:\/\/carrefourtheatre.qc.ca\/wp-content\/uploads\/2026\/03\/camions-\u00a9-jonathan-lorange-millette-860x573.avif 860w, https:\/\/carrefourtheatre.qc.ca\/wp-content\/uploads\/2026\/03\/camions-\u00a9-jonathan-lorange-millette-1200x800.avif 1200w, https:\/\/carrefourtheatre.qc.ca\/wp-content\/uploads\/2026\/03\/camions-\u00a9-jonathan-lorange-millette-2000x1333.avif 2000w\" sizes=\"auto, (max-width: 1500px) 100vw, 1500px\" \/><figcaption class=\"wp-element-caption\">\u00a9 Jonathan Lorange Millette<\/figcaption><\/figure>\n\n\n\n<figure class=\"wp-block-image size-lg size-large\"><img loading=\"lazy\" decoding=\"async\" width=\"1500\" height=\"844\" data-id=\"2314\" src=\"https:\/\/carrefourtheatre.qc.ca\/wp-content\/uploads\/2026\/03\/camions-\u00a9-melanie-binette-1500x844.avif\" alt=\"\" class=\"wp-image-2314\" srcset=\"https:\/\/carrefourtheatre.qc.ca\/wp-content\/uploads\/2026\/03\/camions-\u00a9-melanie-binette-1500x844.avif 1500w, https:\/\/carrefourtheatre.qc.ca\/wp-content\/uploads\/2026\/03\/camions-\u00a9-melanie-binette-860x484.avif 860w, https:\/\/carrefourtheatre.qc.ca\/wp-content\/uploads\/2026\/03\/camions-\u00a9-melanie-binette-1200x675.avif 1200w, https:\/\/carrefourtheatre.qc.ca\/wp-content\/uploads\/2026\/03\/camions-\u00a9-melanie-binette-2000x1125.avif 2000w\" sizes=\"auto, (max-width: 1500px) 100vw, 1500px\" \/><figcaption class=\"wp-element-caption\">\u00a9 M\u00e9lanie Binette<\/figcaption><\/figure>\n<\/figure>\n<\/section>\n\n\n\n<h2 class=\"wp-block-heading\">Credits<\/h2>\n\n\n\t<div id=\"block_bd065ec1b1e274aabfd0b06eb8d074a3\" class=\"wp-block__accordion\">\n\n\t\t<div class=\"accordion\">\n\t\t\t\t\t\t\t\n\t\t\t\t\t<div class=\"accordion__item\">\n\t\t\t\t\t\t<h3 class=\"accordion__item__header\">\n\t\t\t\t\t\t\t<button type=\"button\"\n\t\t\t\t\t\t\t\taria-expanded=\"false\">\n\n\t\t\t\t\t\t\t\t<span class=\"accordion__item__header__question\">\n\t\t\t\t\t\t\t\t\tArtistic and Technical Teams\t\t\t\t\t\t\t\t<\/span>\n\n\t\t\t\t\t\t\t\t<span class=\"accordion__item__header__arrow\">\n\t\t\t\t\t\t\t\t\t<svg class=\"svg svg--plus-accordion\" role=\"presentation\" viewBox=\"0 0 15 15\" xmlns=\"http:\/\/www.w3.org\/2000\/svg\">\n  <line x1=\"7.75\" x2=\"7.75\" y2=\"15\" stroke=\"black\" stroke-width=\"1\"\/>\n  <line x1=\"15\" y1=\"7.75\" x2=\"-6.55671e-08\" y2=\"7.75\" stroke=\"black\" stroke-width=\"1\"\/>\n<\/svg>\n\t\t\t\t\t\t\t\t<\/span>\n\t\t\t\t\t\t\t<\/button>\n\t\t\t\t\t\t<\/h3>\n\n\t\t\t\t\t\t<div class=\"accordion__item__content\" hidden>\n\t\t\t\t\t\t\t<div class=\"accordion__item__inner\">\n\t\t\t\t\t\t\t\t<div class=\"accordion__item__text\">\n\t\t\t\t\t\t\t\t\t<p>Ideation, Creation and Montage of the Interviews<strong>\u00a0M\u00e9lanie Binette<\/strong><br \/>\nAmbulatory guides<strong> youths of Quebec City<\/strong><br \/>\nWith the participation in audio of <strong>youths from the C\u00f4te-du-Nord School (Gatineau), Omer-Deslauriers School(Ottawa) and Viscount-Alexander School (Ottawa), many citizens of Ottawa and its surroundings, the Ch\u0153ur Walter and Johanne C\u00f4t\u00e9-Hamelin for the solo voice.<\/strong><br \/>\nSet and Costume Design <strong>Karine Galarneau<\/strong><br \/>\nSeamstress<strong> Atelier Ledi Lo<\/strong><br \/>\nResearch and Alterations to the Remonte Control Trucks <strong>Guillaume Saindon<\/strong><br \/>\nOriginal Score <strong>St\u00e9phanie Hamelin Tomala<\/strong><br \/>\nGuitar <strong>Christian Turcotte<\/strong><br \/>\nBass <strong>Juan Pablo Carmona<\/strong><br \/>\nTrumpet<strong>\u00a0Scott Bevins<\/strong><br \/>\nDrums<strong> Martin Plante<\/strong><br \/>\nFinale Song Inspired by <i>Liberty <\/i>of\u00a0Amnesty<br \/>\nMontage and Sound Mixing <strong>David Fournier<\/strong><br \/>\nStage Manager <strong>Sasha Hayashi<\/strong><br \/>\nProduction Direction <strong>Florence Legu\u00e9rinel<\/strong><br \/>\nChildren Coordonation to come<br \/>\nTechnical Direction <strong>Louis-Philippe Cloutier\u00a0<\/strong><\/p>\n<p>Coproduction : Milieu de Nulle Part and Th\u00e9\u00e2tre fran\u00e7ais du CNA<\/p>\n<p>Public Partners : Conseil des arts du Canada, Conseil des arts et des lettres du Qu\u00e9bec et Conseil des arts de Montr\u00e9al<\/p>\n\t\t\t\t\t\t\t\t<\/div>\n\n\t\t\t\t\t\t\t\t\n\t\t\t\t\t\t\t<\/div>\n\t\t\t\t\t\t<\/div>\n\t\t\t\t\t<\/div>\n\n\t\t\t\t\t\t\t\t\t\t\t<\/div>\n\n\t<\/div>\n\n\n\n\n<div class=\"wp-block-columns is-layout-flex wp-container-core-columns-is-layout-9d6595d7 wp-block-columns-is-layout-flex\">\n<div class=\"wp-block-column is-layout-flow wp-block-column-is-layout-flow\">\n<figure class=\"wp-block-image size-full\"><img loading=\"lazy\" decoding=\"async\" width=\"1250\" height=\"1250\" src=\"https:\/\/carrefourtheatre.qc.ca\/wp-content\/uploads\/2026\/03\/melaniebinette-\u00a9-marie-claude-dequoy-edited.avif\" alt=\"\" class=\"wp-image-2352\" srcset=\"https:\/\/carrefourtheatre.qc.ca\/wp-content\/uploads\/2026\/03\/melaniebinette-\u00a9-marie-claude-dequoy-edited.avif 1250w, https:\/\/carrefourtheatre.qc.ca\/wp-content\/uploads\/2026\/03\/melaniebinette-\u00a9-marie-claude-dequoy-edited-150x150.avif 150w, https:\/\/carrefourtheatre.qc.ca\/wp-content\/uploads\/2026\/03\/melaniebinette-\u00a9-marie-claude-dequoy-edited-860x860.avif 860w, https:\/\/carrefourtheatre.qc.ca\/wp-content\/uploads\/2026\/03\/melaniebinette-\u00a9-marie-claude-dequoy-edited-1200x1200.avif 1200w\" sizes=\"auto, (max-width: 1250px) 100vw, 1250px\" \/><figcaption class=\"wp-element-caption\">\u00a9 Marie-Claude Dequoy<\/figcaption><\/figure>\n\n\n\n<h3 class=\"wp-block-heading\">M\u00e9lanie Binette, ideation and creation<\/h3>\n<\/div>\n\n\n\n<div class=\"wp-block-column is-layout-flow wp-block-column-is-layout-flow\">\n<figure class=\"wp-block-image size-full\"><img loading=\"lazy\" decoding=\"async\" width=\"441\" height=\"441\" src=\"https:\/\/carrefourtheatre.qc.ca\/wp-content\/uploads\/2026\/03\/karine-galarneau-\u00a9-jonathan-lorange-millette-edited.avif\" alt=\"\" class=\"wp-image-2356\" srcset=\"https:\/\/carrefourtheatre.qc.ca\/wp-content\/uploads\/2026\/03\/karine-galarneau-\u00a9-jonathan-lorange-millette-edited.avif 441w, https:\/\/carrefourtheatre.qc.ca\/wp-content\/uploads\/2026\/03\/karine-galarneau-\u00a9-jonathan-lorange-millette-edited-150x150.avif 150w\" sizes=\"auto, (max-width: 441px) 100vw, 441px\" \/><figcaption class=\"wp-element-caption\">\u00a9 Jonathan Lorange Millette<\/figcaption><\/figure>\n\n\n\n<h3 class=\"wp-block-heading\">Karine Galarneau, set and costume design<\/h3>\n<\/div>\n\n\n\n<div class=\"wp-block-column is-layout-flow wp-block-column-is-layout-flow\">\n<figure class=\"wp-block-image size-full\"><img loading=\"lazy\" decoding=\"async\" width=\"1024\" height=\"1024\" src=\"https:\/\/carrefourtheatre.qc.ca\/wp-content\/uploads\/2026\/03\/stephanie-hamelintomala-\u00a9-david-mondor-edited.avif\" alt=\"\" class=\"wp-image-2360\" srcset=\"https:\/\/carrefourtheatre.qc.ca\/wp-content\/uploads\/2026\/03\/stephanie-hamelintomala-\u00a9-david-mondor-edited.avif 1024w, https:\/\/carrefourtheatre.qc.ca\/wp-content\/uploads\/2026\/03\/stephanie-hamelintomala-\u00a9-david-mondor-edited-150x150.avif 150w, https:\/\/carrefourtheatre.qc.ca\/wp-content\/uploads\/2026\/03\/stephanie-hamelintomala-\u00a9-david-mondor-edited-860x860.avif 860w\" sizes=\"auto, (max-width: 1024px) 100vw, 1024px\" \/><figcaption class=\"wp-element-caption\">\u00a9 David Mondor<\/figcaption><\/figure>\n\n\n\n<h3 class=\"wp-block-heading\">St\u00e9phanie Hamelin Tomala, original score<\/h3>\n<\/div>\n<\/div>\n","protected":false},"excerpt":{"rendered":"<p>Currently being created Welcome to your very own Freedom Convoy&#8230;in miniature. After the protests of 2022, the performer and artist of in situ theatre M\u00e9lanie Binette invites us in this singular and playful intergenerational experience. In the form of an audio ambulatory experience, each group of 4 audience member follows a young performer and their [&hellip;]<\/p>\n","protected":false},"featured_media":2307,"template":"","class_list":["post-2704","event","type-event","status-publish","has-post-thumbnail","hentry","category-outdoor-events"],"acf":[],"yoast_head":"<!-- This site is optimized with the Yoast SEO plugin v27.4 - https:\/\/yoast.com\/product\/yoast-seo-wordpress\/ -->\n<title>Camions (fant\u00f4mes de la libert\u00e9) | Spectacles | Festival Carrefour<\/title>\n<meta name=\"description\" content=\"The show Camions will be presented on June 5, 6 and 7 juin 2026 on Parliament Hill during the Festival Carrefour.\" \/>\n<meta name=\"robots\" content=\"index, follow, max-snippet:-1, max-image-preview:large, max-video-preview:-1\" \/>\n<link rel=\"canonical\" href=\"https:\/\/carrefourtheatre.qc.ca\/en\/cultural-shows-quebec-city\/camions-fantomes-de-la-liberte-en\/\" \/>\n<meta property=\"og:locale\" content=\"en_US\" \/>\n<meta property=\"og:type\" content=\"article\" \/>\n<meta property=\"og:title\" content=\"Camions (fant\u00f4mes de la libert\u00e9) | Spectacles | Festival Carrefour\" \/>\n<meta property=\"og:description\" content=\"The show Camions will be presented on June 5, 6 and 7 juin 2026 on Parliament Hill during the Festival Carrefour.\" \/>\n<meta property=\"og:url\" content=\"https:\/\/carrefourtheatre.qc.ca\/en\/cultural-shows-quebec-city\/camions-fantomes-de-la-liberte-en\/\" \/>\n<meta property=\"og:site_name\" content=\"Festival Carrefour\" \/>\n<meta property=\"article:modified_time\" content=\"2026-04-01T21:03:35+00:00\" \/>\n<meta property=\"og:image\" content=\"https:\/\/carrefourtheatre.qc.ca\/wp-content\/uploads\/2025\/03\/og_festival_carrefour.jpg\" \/>\n\t<meta property=\"og:image:width\" content=\"1200\" \/>\n\t<meta property=\"og:image:height\" content=\"675\" \/>\n\t<meta property=\"og:image:type\" content=\"image\/jpeg\" \/>\n<meta name=\"twitter:card\" content=\"summary_large_image\" \/>\n<meta name=\"twitter:label1\" content=\"Est. reading time\" \/>\n\t<meta name=\"twitter:data1\" content=\"3 minutes\" \/>\n<!-- \/ Yoast SEO plugin. -->","yoast_head_json":{"title":"Camions (fant\u00f4mes de la libert\u00e9) | Spectacles | Festival Carrefour","description":"The show Camions will be presented on June 5, 6 and 7 juin 2026 on Parliament Hill during the Festival Carrefour.","robots":{"index":"index","follow":"follow","max-snippet":"max-snippet:-1","max-image-preview":"max-image-preview:large","max-video-preview":"max-video-preview:-1"},"canonical":"https:\/\/carrefourtheatre.qc.ca\/en\/cultural-shows-quebec-city\/camions-fantomes-de-la-liberte-en\/","og_locale":"en_US","og_type":"article","og_title":"Camions (fant\u00f4mes de la libert\u00e9) | Spectacles | Festival Carrefour","og_description":"The show Camions will be presented on June 5, 6 and 7 juin 2026 on Parliament Hill during the Festival Carrefour.","og_url":"https:\/\/carrefourtheatre.qc.ca\/en\/cultural-shows-quebec-city\/camions-fantomes-de-la-liberte-en\/","og_site_name":"Festival Carrefour","article_modified_time":"2026-04-01T21:03:35+00:00","og_image":[{"width":1200,"height":675,"url":"https:\/\/carrefourtheatre.qc.ca\/wp-content\/uploads\/2025\/03\/og_festival_carrefour.jpg","type":"image\/jpeg"}],"twitter_card":"summary_large_image","twitter_misc":{"Est. reading time":"3 minutes"},"schema":{"@context":"https:\/\/schema.org","@graph":[{"@type":"WebPage","@id":"https:\/\/carrefourtheatre.qc.ca\/en\/cultural-shows-quebec-city\/camions-fantomes-de-la-liberte-en\/","url":"https:\/\/carrefourtheatre.qc.ca\/en\/cultural-shows-quebec-city\/camions-fantomes-de-la-liberte-en\/","name":"Camions (fant\u00f4mes de la libert\u00e9) | Spectacles | Festival Carrefour","isPartOf":{"@id":"https:\/\/carrefourtheatre.qc.ca\/en\/#website"},"primaryImageOfPage":{"@id":"https:\/\/carrefourtheatre.qc.ca\/en\/cultural-shows-quebec-city\/camions-fantomes-de-la-liberte-en\/#primaryimage"},"image":{"@id":"https:\/\/carrefourtheatre.qc.ca\/en\/cultural-shows-quebec-city\/camions-fantomes-de-la-liberte-en\/#primaryimage"},"thumbnailUrl":"https:\/\/carrefourtheatre.qc.ca\/wp-content\/uploads\/2026\/03\/camions-\u00a9-jonathan-lorange-millette-3.avif","datePublished":"2026-03-17T15:00:00+00:00","dateModified":"2026-04-01T21:03:35+00:00","description":"The show Camions will be presented on June 5, 6 and 7 juin 2026 on Parliament Hill during the Festival Carrefour.","breadcrumb":{"@id":"https:\/\/carrefourtheatre.qc.ca\/en\/cultural-shows-quebec-city\/camions-fantomes-de-la-liberte-en\/#breadcrumb"},"inLanguage":"en-US","potentialAction":[{"@type":"ReadAction","target":["https:\/\/carrefourtheatre.qc.ca\/en\/cultural-shows-quebec-city\/camions-fantomes-de-la-liberte-en\/"]}]},{"@type":"ImageObject","inLanguage":"en-US","@id":"https:\/\/carrefourtheatre.qc.ca\/en\/cultural-shows-quebec-city\/camions-fantomes-de-la-liberte-en\/#primaryimage","url":"https:\/\/carrefourtheatre.qc.ca\/wp-content\/uploads\/2026\/03\/camions-\u00a9-jonathan-lorange-millette-3.avif","contentUrl":"https:\/\/carrefourtheatre.qc.ca\/wp-content\/uploads\/2026\/03\/camions-\u00a9-jonathan-lorange-millette-3.avif","width":6000,"height":4000,"caption":"\u00a9 Jonathan Lorange Millette"},{"@type":"BreadcrumbList","@id":"https:\/\/carrefourtheatre.qc.ca\/en\/cultural-shows-quebec-city\/camions-fantomes-de-la-liberte-en\/#breadcrumb","itemListElement":[{"@type":"ListItem","position":1,"name":"Accueil","item":"https:\/\/carrefourtheatre.qc.ca\/en\/"},{"@type":"ListItem","position":2,"name":"Events","item":"https:\/\/carrefourtheatre.qc.ca\/en\/cultural-shows-quebec-city\/"},{"@type":"ListItem","position":3,"name":"Camions (fant\u00f4mes de la libert\u00e9)"}]},{"@type":"WebSite","@id":"https:\/\/carrefourtheatre.qc.ca\/en\/#website","url":"https:\/\/carrefourtheatre.qc.ca\/en\/","name":"Festival Carrefour","description":"Le plus grand festival d\u2019arts vivants \u00e0 Qu\u00e9bec","publisher":{"@id":"https:\/\/carrefourtheatre.qc.ca\/en\/#organization"},"alternateName":"Le plus grand festival d\u2019arts vivants \u00e0 Qu\u00e9bec","potentialAction":[{"@type":"SearchAction","target":{"@type":"EntryPoint","urlTemplate":"https:\/\/carrefourtheatre.qc.ca\/en\/?s={search_term_string}"},"query-input":{"@type":"PropertyValueSpecification","valueRequired":true,"valueName":"search_term_string"}}],"inLanguage":"en-US"},{"@type":"Organization","@id":"https:\/\/carrefourtheatre.qc.ca\/en\/#organization","name":"Festival Carrefour","url":"https:\/\/carrefourtheatre.qc.ca\/en\/","logo":{"@type":"ImageObject","inLanguage":"en-US","@id":"https:\/\/carrefourtheatre.qc.ca\/en\/#\/schema\/logo\/image\/","url":"https:\/\/carrefourtheatre.qc.ca\/wp-content\/uploads\/2025\/03\/og_festival_carrefour.jpg","contentUrl":"https:\/\/carrefourtheatre.qc.ca\/wp-content\/uploads\/2025\/03\/og_festival_carrefour.jpg","width":1200,"height":675,"caption":"Festival Carrefour"},"image":{"@id":"https:\/\/carrefourtheatre.qc.ca\/en\/#\/schema\/logo\/image\/"}}]}},"_links":{"self":[{"href":"https:\/\/carrefourtheatre.qc.ca\/en\/wp-json\/wp\/v2\/event\/2704","targetHints":{"allow":["GET"]}}],"collection":[{"href":"https:\/\/carrefourtheatre.qc.ca\/en\/wp-json\/wp\/v2\/event"}],"about":[{"href":"https:\/\/carrefourtheatre.qc.ca\/en\/wp-json\/wp\/v2\/types\/event"}],"wp:featuredmedia":[{"embeddable":true,"href":"https:\/\/carrefourtheatre.qc.ca\/en\/wp-json\/wp\/v2\/media\/2307"}],"wp:attachment":[{"href":"https:\/\/carrefourtheatre.qc.ca\/en\/wp-json\/wp\/v2\/media?parent=2704"}],"curies":[{"name":"wp","href":"https:\/\/api.w.org\/{rel}","templated":true}]}}