{"id":2697,"date":"2026-03-17T10:00:00","date_gmt":"2026-03-17T15:00:00","guid":{"rendered":"https:\/\/carrefourtheatre.qc.ca\/cultural-shows-quebec-city\/epidermis-circus\/"},"modified":"2026-04-01T16:04:07","modified_gmt":"2026-04-01T21:04:07","slug":"epidermis-circus-en","status":"publish","type":"event","link":"https:\/\/carrefourtheatre.qc.ca\/en\/cultural-shows-quebec-city\/epidermis-circus-en\/","title":{"rendered":"Epidermis Circus"},"content":{"rendered":"\n<p>Your cheeks will hurt ! Discover the weirdest puppet show you will ever see. Andr\u00e9-Anne LeBlanc uses here her body, hands, and mouth with an ingenious system of cameras, mirrors and live projections. The headliner : Baby Tyler who envelops us into a strange miniature cabaret with insolent humour. After a successful world tour, the Vancouver-based team is here to enchant and make the Quebec audiences laugh. It&#8217;s funny, it&#8217;s naughty, it&#8217;s mystifying. <\/p>\n\n\n\n<p><strong>This show is a recipient of the HoldOver Prize from Edmonton&#8217;s Fringe.<\/strong><\/p>\n\n\n\n<section class=\"wp-block-group wp-pattern__gallery wp-pattern__gallery--style-1 is-layout-constrained wp-block-group-is-layout-constrained\">\n<figure class=\"wp-block-image size-lg\"><img loading=\"lazy\" decoding=\"async\" width=\"1500\" height=\"844\" src=\"https:\/\/carrefourtheatre.qc.ca\/wp-content\/uploads\/2025\/10\/epidermis-circus_2026-\u00a9-helene-cyr-1500x844.avif\" alt=\"\" class=\"wp-image-1892\" srcset=\"https:\/\/carrefourtheatre.qc.ca\/wp-content\/uploads\/2025\/10\/epidermis-circus_2026-\u00a9-helene-cyr-1500x844.avif 1500w, https:\/\/carrefourtheatre.qc.ca\/wp-content\/uploads\/2025\/10\/epidermis-circus_2026-\u00a9-helene-cyr-860x484.avif 860w, https:\/\/carrefourtheatre.qc.ca\/wp-content\/uploads\/2025\/10\/epidermis-circus_2026-\u00a9-helene-cyr-1200x675.avif 1200w, https:\/\/carrefourtheatre.qc.ca\/wp-content\/uploads\/2025\/10\/epidermis-circus_2026-\u00a9-helene-cyr-2000x1125.avif 2000w\" sizes=\"auto, (max-width: 1500px) 100vw, 1500px\" \/><figcaption class=\"wp-element-caption\">\u00a9 Helene Cyr<\/figcaption><\/figure>\n\n\n\n<figure class=\"wp-block-gallery has-nested-images columns-default is-cropped wp-block-gallery-1 is-layout-flex wp-block-gallery-is-layout-flex\">\n<figure class=\"wp-block-image size-lg size-large\"><img loading=\"lazy\" decoding=\"async\" width=\"1500\" height=\"1419\" data-id=\"1894\" src=\"https:\/\/carrefourtheatre.qc.ca\/wp-content\/uploads\/2025\/10\/epidermis-circus_2026-\u00a9-helene-cyr-3-e1761681441475-1500x1419.avif\" alt=\"\" class=\"wp-image-1894\" srcset=\"https:\/\/carrefourtheatre.qc.ca\/wp-content\/uploads\/2025\/10\/epidermis-circus_2026-\u00a9-helene-cyr-3-e1761681441475-1500x1419.avif 1500w, https:\/\/carrefourtheatre.qc.ca\/wp-content\/uploads\/2025\/10\/epidermis-circus_2026-\u00a9-helene-cyr-3-e1761681441475-860x813.avif 860w, https:\/\/carrefourtheatre.qc.ca\/wp-content\/uploads\/2025\/10\/epidermis-circus_2026-\u00a9-helene-cyr-3-e1761681441475-1200x1135.avif 1200w, https:\/\/carrefourtheatre.qc.ca\/wp-content\/uploads\/2025\/10\/epidermis-circus_2026-\u00a9-helene-cyr-3-e1761681441475-2000x1891.avif 2000w\" sizes=\"auto, (max-width: 1500px) 100vw, 1500px\" \/><figcaption class=\"wp-element-caption\">\u00a9 Helene Cyr<\/figcaption><\/figure>\n\n\n\n<figure class=\"wp-block-image size-lg size-large\"><img loading=\"lazy\" decoding=\"async\" width=\"1500\" height=\"844\" data-id=\"1896\" src=\"https:\/\/carrefourtheatre.qc.ca\/wp-content\/uploads\/2025\/10\/epidermis-circus_2026-\u00a9-helene-cyr-2-1500x844.avif\" alt=\"\" class=\"wp-image-1896\" srcset=\"https:\/\/carrefourtheatre.qc.ca\/wp-content\/uploads\/2025\/10\/epidermis-circus_2026-\u00a9-helene-cyr-2-1500x844.avif 1500w, https:\/\/carrefourtheatre.qc.ca\/wp-content\/uploads\/2025\/10\/epidermis-circus_2026-\u00a9-helene-cyr-2-860x484.avif 860w, https:\/\/carrefourtheatre.qc.ca\/wp-content\/uploads\/2025\/10\/epidermis-circus_2026-\u00a9-helene-cyr-2-1200x675.avif 1200w, https:\/\/carrefourtheatre.qc.ca\/wp-content\/uploads\/2025\/10\/epidermis-circus_2026-\u00a9-helene-cyr-2-2000x1125.avif 2000w\" sizes=\"auto, (max-width: 1500px) 100vw, 1500px\" \/><figcaption class=\"wp-element-caption\">\u00a9 Helene Cyr<\/figcaption><\/figure>\n<\/figure>\n<\/section>\n\n\n\n<h2 class=\"wp-block-heading\">Credits<\/h2>\n\n\n\t<div id=\"block_a55a45115f6f9c2a89d9d2361275ecb6\" class=\"wp-block__accordion\">\n\n\t\t<div class=\"accordion\">\n\t\t\t\t\t\t\t\n\t\t\t\t\t<div class=\"accordion__item\">\n\t\t\t\t\t\t<h3 class=\"accordion__item__header\">\n\t\t\t\t\t\t\t<button type=\"button\"\n\t\t\t\t\t\t\t\taria-expanded=\"false\">\n\n\t\t\t\t\t\t\t\t<span class=\"accordion__item__header__question\">\n\t\t\t\t\t\t\t\t\tArtistic and Technical Teams\t\t\t\t\t\t\t\t<\/span>\n\n\t\t\t\t\t\t\t\t<span class=\"accordion__item__header__arrow\">\n\t\t\t\t\t\t\t\t\t<svg class=\"svg svg--plus-accordion\" role=\"presentation\" viewBox=\"0 0 15 15\" xmlns=\"http:\/\/www.w3.org\/2000\/svg\">\n  <line x1=\"7.75\" x2=\"7.75\" y2=\"15\" stroke=\"black\" stroke-width=\"1\"\/>\n  <line x1=\"15\" y1=\"7.75\" x2=\"-6.55671e-08\" y2=\"7.75\" stroke=\"black\" stroke-width=\"1\"\/>\n<\/svg>\n\t\t\t\t\t\t\t\t<\/span>\n\t\t\t\t\t\t\t<\/button>\n\t\t\t\t\t\t<\/h3>\n\n\t\t\t\t\t\t<div class=\"accordion__item__content\" hidden>\n\t\t\t\t\t\t\t<div class=\"accordion__item__inner\">\n\t\t\t\t\t\t\t\t<div class=\"accordion__item__text\">\n\t\t\t\t\t\t\t\t\t<p>Directing <strong>Britt Small<\/strong><br \/>\nText <strong>Ingrid Hansen and Britt Small<\/strong><br \/>\nMusical Composition <strong>Hank Pine<\/strong><br \/>\nCostumes <strong>Jimbo the Drag Clown<\/strong><br \/>\nInterpretation <strong>Andr\u00e9-Anne LeBlanc<\/strong><\/p>\n<p>French Translation <strong>Britt Small, Stephanie Morin-Robert, Chris Coyne, and Florian Fran\u00e7ois<\/strong><\/p>\n<p>Coproduction and Artistic Collaboration <strong>Kathleen Greenfield<\/strong><\/p>\n<p>Tour Manager <strong>Kenny Streule<\/strong><\/p>\n<p>Puppet Consultant and Additional Jokes <strong>Victor Dolhai, Mike Petersen, Rod Peter Jr and Anand Rajaram<\/strong><\/p>\n<p>SNAFU wishes to thank for their support the CRD Arts Council and the Conseil des arts du Canada, but also the Centre national des arts, Puppetmongers, and Impulse Theatre.<\/p>\n\t\t\t\t\t\t\t\t<\/div>\n\n\t\t\t\t\t\t\t\t\n\t\t\t\t\t\t\t<\/div>\n\t\t\t\t\t\t<\/div>\n\t\t\t\t\t<\/div>\n\n\t\t\t\t\t\t\t\t\t\t\t<\/div>\n\n\t<\/div>\n\n\n\n\n<section class=\"wp-block-group wp-pattern__gallery wp-pattern__gallery--style-1 is-layout-constrained wp-block-group-is-layout-constrained\">\n<figure class=\"wp-block-gallery has-nested-images columns-default is-cropped wp-block-gallery-2 is-layout-flex wp-block-gallery-is-layout-flex\">\n<figure class=\"wp-block-image size-lg size-large\"><img loading=\"lazy\" decoding=\"async\" width=\"1500\" height=\"2000\" data-id=\"1890\" src=\"https:\/\/carrefourtheatre.qc.ca\/wp-content\/uploads\/2025\/10\/ingrid-hansen-\u00a9-steve-chmilar-1500x2000.avif\" alt=\"\" class=\"wp-image-1890\" srcset=\"https:\/\/carrefourtheatre.qc.ca\/wp-content\/uploads\/2025\/10\/ingrid-hansen-\u00a9-steve-chmilar-1500x2000.avif 1500w, https:\/\/carrefourtheatre.qc.ca\/wp-content\/uploads\/2025\/10\/ingrid-hansen-\u00a9-steve-chmilar-860x1147.avif 860w, https:\/\/carrefourtheatre.qc.ca\/wp-content\/uploads\/2025\/10\/ingrid-hansen-\u00a9-steve-chmilar-1200x1600.avif 1200w, https:\/\/carrefourtheatre.qc.ca\/wp-content\/uploads\/2025\/10\/ingrid-hansen-\u00a9-steve-chmilar-2000x2667.avif 2000w\" sizes=\"auto, (max-width: 1500px) 100vw, 1500px\" \/><figcaption class=\"wp-element-caption\"><br>\u00a9 Steve Chmilar<\/figcaption><\/figure>\n\n\n\n<figure class=\"wp-block-image size-lg size-large\"><img loading=\"lazy\" decoding=\"async\" width=\"1500\" height=\"2000\" data-id=\"1900\" src=\"https:\/\/carrefourtheatre.qc.ca\/wp-content\/uploads\/2025\/10\/britt-small-\u00a9-pedro-m.-siquiera-1500x2000.avif\" alt=\"\" class=\"wp-image-1900\" srcset=\"https:\/\/carrefourtheatre.qc.ca\/wp-content\/uploads\/2025\/10\/britt-small-\u00a9-pedro-m.-siquiera-1500x2000.avif 1500w, https:\/\/carrefourtheatre.qc.ca\/wp-content\/uploads\/2025\/10\/britt-small-\u00a9-pedro-m.-siquiera-860x1147.avif 860w, https:\/\/carrefourtheatre.qc.ca\/wp-content\/uploads\/2025\/10\/britt-small-\u00a9-pedro-m.-siquiera-1200x1600.avif 1200w, https:\/\/carrefourtheatre.qc.ca\/wp-content\/uploads\/2025\/10\/britt-small-\u00a9-pedro-m.-siquiera-2000x2667.avif 2000w\" sizes=\"auto, (max-width: 1500px) 100vw, 1500px\" \/><figcaption class=\"wp-element-caption\">\u00a9 Pedro M. Siquiera<\/figcaption><\/figure>\n\n\n\n<figure class=\"wp-block-image size-full size-large\"><img loading=\"lazy\" decoding=\"async\" width=\"1169\" height=\"1758\" data-id=\"1902\" src=\"https:\/\/carrefourtheatre.qc.ca\/wp-content\/uploads\/2025\/10\/hank-pine.avif\" alt=\"\" class=\"wp-image-1902\" srcset=\"https:\/\/carrefourtheatre.qc.ca\/wp-content\/uploads\/2025\/10\/hank-pine.avif 1169w, https:\/\/carrefourtheatre.qc.ca\/wp-content\/uploads\/2025\/10\/hank-pine-860x1293.avif 860w\" sizes=\"auto, (max-width: 1169px) 100vw, 1169px\" \/><\/figure>\n<\/figure>\n<\/section>\n\n\n\n<div class=\"wp-block-columns is-layout-flex wp-container-core-columns-is-layout-9d6595d7 wp-block-columns-is-layout-flex\">\n<div class=\"wp-block-column is-layout-flow wp-block-column-is-layout-flow\">\t<div id=\"block_15309905e7c484ca53eef10c12dd01d6\" class=\"wp-block__accordion\">\n\n\t\t<div class=\"accordion\">\n\t\t\t\t\t\t\t\n\t\t\t\t\t<div class=\"accordion__item\">\n\t\t\t\t\t\t<h3 class=\"accordion__item__header\">\n\t\t\t\t\t\t\t<button type=\"button\"\n\t\t\t\t\t\t\t\taria-expanded=\"false\">\n\n\t\t\t\t\t\t\t\t<span class=\"accordion__item__header__question\">\n\t\t\t\t\t\t\t\t\tIngrid Hansen, text and conception\t\t\t\t\t\t\t\t<\/span>\n\n\t\t\t\t\t\t\t\t<span class=\"accordion__item__header__arrow\">\n\t\t\t\t\t\t\t\t\t<svg class=\"svg svg--plus-accordion\" role=\"presentation\" viewBox=\"0 0 15 15\" xmlns=\"http:\/\/www.w3.org\/2000\/svg\">\n  <line x1=\"7.75\" x2=\"7.75\" y2=\"15\" stroke=\"black\" stroke-width=\"1\"\/>\n  <line x1=\"15\" y1=\"7.75\" x2=\"-6.55671e-08\" y2=\"7.75\" stroke=\"black\" stroke-width=\"1\"\/>\n<\/svg>\n\t\t\t\t\t\t\t\t<\/span>\n\t\t\t\t\t\t\t<\/button>\n\t\t\t\t\t\t<\/h3>\n\n\t\t\t\t\t\t<div class=\"accordion__item__content\" hidden>\n\t\t\t\t\t\t\t<div class=\"accordion__item__inner\">\n\t\t\t\t\t\t\t\t<div class=\"accordion__item__text\">\n\t\t\t\t\t\t\t\t\t<p>(She\/her) Raised by gregarious Danish immigrants, Ingrid is Canadian artist, and a tree climber whose purse is always full of snacks. Ingrid puppeteers on television for Sesame and Henson. She plays Heart, a lovable orange monster on <em>Helpsters<\/em>, Sesame Workshop\u2019s Emmy-Award-Winning series for AppleTV+.\u00a0 She also puppeteers and voices characters on Henson\u2019s new <em>Fraggle Rock: Back to the Rock<\/em> series. For the TreehouseTV\/Amazon show <em>Miss Persona,<\/em> Ingrid puppeteers Melissa the Dog, and also choreographed and directed on several music videos, including getting to choreograph ballet for \u2018Letterkenny\u2019 comedian K. Trevor Wilson. (Both as magical in person as you would expect.) She also puppeteered and voiced Gertie the Gopher for four seasons of <em>Tiga Talk<\/em> (APTN), and appeared on <em>Princess Sparkly Butt and The Hot Dog Kid<\/em> (Teletoon).<\/p>\n<p>With SNAFU, Ingrid has co-authored and co-produced 21 live shows including <em>Epidermis Circus, Little Orange Man, Kitt &amp; Jane, Interstellar Elder, Table Top Tales, Snack Music<\/em> and <em>The Merkin Sisters<\/em>. SNAFU\u2019s work has been presented by the National Arts Centre in Ottawa, the Festival Cervantino in Mexico, by David Byrne of the Talking Heads, The Lincoln Centre in NYC, and more.<\/p>\n\t\t\t\t\t\t\t\t<\/div>\n\n\t\t\t\t\t\t\t\t\n\t\t\t\t\t\t\t<\/div>\n\t\t\t\t\t\t<\/div>\n\t\t\t\t\t<\/div>\n\n\t\t\t\t\t\t\t\t\t\t\t<\/div>\n\n\t<\/div>\n\n<\/div>\n\n\n\n<div class=\"wp-block-column is-layout-flow wp-block-column-is-layout-flow\">\t<div id=\"block_94e27834b7ce2a8d32623b8de6d6bdab\" class=\"wp-block__accordion\">\n\n\t\t<div class=\"accordion\">\n\t\t\t\t\t\t\t\n\t\t\t\t\t<div class=\"accordion__item\">\n\t\t\t\t\t\t<h3 class=\"accordion__item__header\">\n\t\t\t\t\t\t\t<button type=\"button\"\n\t\t\t\t\t\t\t\taria-expanded=\"false\">\n\n\t\t\t\t\t\t\t\t<span class=\"accordion__item__header__question\">\n\t\t\t\t\t\t\t\t\tBritt Small, text and directing\t\t\t\t\t\t\t\t<\/span>\n\n\t\t\t\t\t\t\t\t<span class=\"accordion__item__header__arrow\">\n\t\t\t\t\t\t\t\t\t<svg class=\"svg svg--plus-accordion\" role=\"presentation\" viewBox=\"0 0 15 15\" xmlns=\"http:\/\/www.w3.org\/2000\/svg\">\n  <line x1=\"7.75\" x2=\"7.75\" y2=\"15\" stroke=\"black\" stroke-width=\"1\"\/>\n  <line x1=\"15\" y1=\"7.75\" x2=\"-6.55671e-08\" y2=\"7.75\" stroke=\"black\" stroke-width=\"1\"\/>\n<\/svg>\n\t\t\t\t\t\t\t\t<\/span>\n\t\t\t\t\t\t\t<\/button>\n\t\t\t\t\t\t<\/h3>\n\n\t\t\t\t\t\t<div class=\"accordion__item__content\" hidden>\n\t\t\t\t\t\t\t<div class=\"accordion__item__inner\">\n\t\t\t\t\t\t\t\t<div class=\"accordion__item__text\">\n\t\t\t\t\t\t\t\t\t<p>(She\/her) Britt was born in The Pas and raised in Winnipeg, Manitoba before playing hockey for McGill University in Montreal and ultimately settling on Vancouver Island where she earned her MFA in Directing at the University of Victoria.<\/p>\n<p>Britt has over 20 years experience as a director, producer, performer, creator and teacher of Physical Theatre and Clown. She is the Co-Founder and Co-Director of Atomic Vaudeville company, original producers of hit musical Ride the Cyclone. Recently she directed the World Tour of <em>Jimbo&#8217;s Drag Circus<\/em>.\u00a0 As an actor she recently played Valere in <em>La Bete<\/em> for The Great Works Festival. Other roles include Pseudolus in <em>A Funny Thing Happened on the Way to the Forum<\/em> and Harpo in <em>Animal Crackers. <\/em>So, clowns, lots of ridiculously expressive clowns. She performs musically as Boss Saint B and opened for Peaches on their 2022 Anniversary Tour. Britt has directed Janet Munsil\u2019s <em>Circus Fire<\/em> and <em>The Ugly Duchess<\/em>, Jacob Richmond\u2019s <em>Qualities of Zero<\/em>, <em>Ride the Cyclone<\/em> and <em>Legoland<\/em>, <em>The Fantasticks<\/em> and <em>True West<\/em> for Blue Bridge Repertory Theatre, <em>A Midsummer Night\u2019s Dream<\/em> for GVSF, God\u2019s Lake and <em>Castle in the Sky<\/em> for Castlereigh Theatre, <em>Epidermis Circus <\/em>for SNAFU, <em>My Chernobyl <\/em>for Gateway Theatre and The Belfry and local Victoria cult hits <em>The Rocky Horror Show<\/em> and <em>Hedwig<\/em> for AV. Britt also works as a mentor, dramaturg and book editor, is currently developing two new Canadian musicals and teaches acting, play building, clown, comedy, movement and improvisation for various stage and film organizations.<\/p>\n\t\t\t\t\t\t\t\t<\/div>\n\n\t\t\t\t\t\t\t\t\n\t\t\t\t\t\t\t<\/div>\n\t\t\t\t\t\t<\/div>\n\t\t\t\t\t<\/div>\n\n\t\t\t\t\t\t\t\t\t\t\t<\/div>\n\n\t<\/div>\n\n<\/div>\n\n\n\n<div class=\"wp-block-column is-layout-flow wp-block-column-is-layout-flow\">\t<div id=\"block_041b1f581c3b068368f8a72405bf22e7\" class=\"wp-block__accordion\">\n\n\t\t<div class=\"accordion\">\n\t\t\t\t\t\t\t\n\t\t\t\t\t<div class=\"accordion__item\">\n\t\t\t\t\t\t<h3 class=\"accordion__item__header\">\n\t\t\t\t\t\t\t<button type=\"button\"\n\t\t\t\t\t\t\t\taria-expanded=\"false\">\n\n\t\t\t\t\t\t\t\t<span class=\"accordion__item__header__question\">\n\t\t\t\t\t\t\t\t\tHank Pine, musical composition\t\t\t\t\t\t\t\t<\/span>\n\n\t\t\t\t\t\t\t\t<span class=\"accordion__item__header__arrow\">\n\t\t\t\t\t\t\t\t\t<svg class=\"svg svg--plus-accordion\" role=\"presentation\" viewBox=\"0 0 15 15\" xmlns=\"http:\/\/www.w3.org\/2000\/svg\">\n  <line x1=\"7.75\" x2=\"7.75\" y2=\"15\" stroke=\"black\" stroke-width=\"1\"\/>\n  <line x1=\"15\" y1=\"7.75\" x2=\"-6.55671e-08\" y2=\"7.75\" stroke=\"black\" stroke-width=\"1\"\/>\n<\/svg>\n\t\t\t\t\t\t\t\t<\/span>\n\t\t\t\t\t\t\t<\/button>\n\t\t\t\t\t\t<\/h3>\n\n\t\t\t\t\t\t<div class=\"accordion__item__content\" hidden>\n\t\t\t\t\t\t\t<div class=\"accordion__item__inner\">\n\t\t\t\t\t\t\t\t<div class=\"accordion__item__text\">\n\t\t\t\t\t\t\t\t\t<p>Hank Pine is a queer performer whose psychedelic music hinges upon deliberate lyrics. He puts equal focus on meaningful words as on live performance, and is usually dressed up like some kinda freak.<\/p>\n<p>He has written five musicals: The Tragical Comedy of Punch and Judy for Caravan Farm Theatre, Blisskrieg for Atomic Vaudeville, Tireseias for Phoenix Theatre, Yukon Famous for the Yukon Arts Society, and\u00a0 Heatseeker: a Musical about Gayness and Grindr.<\/p>\n<p>Il a \u00e9crit cinq com\u00e9dies musicales : <em>The Tragical Comedy of Punch and Judy<\/em> pour le <strong>Caravan Farm Theatre<\/strong>, <em>Blisskrieg<\/em> pour <strong>Atomic Vaudeville<\/strong>, <em>Tireseias<\/em> pour <strong>Phoenix Theatre<\/strong>, <em>Yukon Famous<\/em> pour la <strong>Yukon Arts Society<\/strong> et <em>Heatseeker : a Musical about Gayness and Grindr<\/em>.<\/p>\n\t\t\t\t\t\t\t\t<\/div>\n\n\t\t\t\t\t\t\t\t\n\t\t\t\t\t\t\t<\/div>\n\t\t\t\t\t\t<\/div>\n\t\t\t\t\t<\/div>\n\n\t\t\t\t\t\t\t\t\t\t\t<\/div>\n\n\t<\/div>\n\n<\/div>\n<\/div>\n\n\n\n<section class=\"wp-block-group wp-pattern__gallery wp-pattern__gallery--style-1 is-layout-constrained wp-block-group-is-layout-constrained\">\n<figure class=\"wp-block-gallery has-nested-images columns-default is-cropped wp-block-gallery-3 is-layout-flex wp-block-gallery-is-layout-flex\">\n<figure class=\"wp-block-image size-full size-large\"><img loading=\"lazy\" decoding=\"async\" width=\"1242\" height=\"1539\" data-id=\"1904\" src=\"https:\/\/carrefourtheatre.qc.ca\/wp-content\/uploads\/2025\/10\/jimbo-insell.avif\" alt=\"\" class=\"wp-image-1904\" srcset=\"https:\/\/carrefourtheatre.qc.ca\/wp-content\/uploads\/2025\/10\/jimbo-insell.avif 1242w, https:\/\/carrefourtheatre.qc.ca\/wp-content\/uploads\/2025\/10\/jimbo-insell-860x1066.avif 860w, https:\/\/carrefourtheatre.qc.ca\/wp-content\/uploads\/2025\/10\/jimbo-insell-1200x1487.avif 1200w\" sizes=\"auto, (max-width: 1242px) 100vw, 1242px\" \/><\/figure>\n\n\n\n<figure class=\"wp-block-image size-lg size-large\"><img loading=\"lazy\" decoding=\"async\" width=\"1500\" height=\"1001\" data-id=\"1906\" src=\"https:\/\/carrefourtheatre.qc.ca\/wp-content\/uploads\/2025\/10\/kathleen-greenfield-\u00a9-helene-cyr-1500x1001.avif\" alt=\"\" class=\"wp-image-1906\"\/><figcaption class=\"wp-element-caption\">\u00a9 Helene Cyr<\/figcaption><\/figure>\n\n\n\n<figure class=\"wp-block-image size-lg size-large\"><img loading=\"lazy\" decoding=\"async\" width=\"1500\" height=\"2000\" data-id=\"1908\" src=\"https:\/\/carrefourtheatre.qc.ca\/wp-content\/uploads\/2025\/10\/kenny-streule-\u00a9-jeremy-borbrow-1500x2000.avif\" alt=\"\" class=\"wp-image-1908\" srcset=\"https:\/\/carrefourtheatre.qc.ca\/wp-content\/uploads\/2025\/10\/kenny-streule-\u00a9-jeremy-borbrow-1500x2000.avif 1500w, https:\/\/carrefourtheatre.qc.ca\/wp-content\/uploads\/2025\/10\/kenny-streule-\u00a9-jeremy-borbrow-860x1147.avif 860w, https:\/\/carrefourtheatre.qc.ca\/wp-content\/uploads\/2025\/10\/kenny-streule-\u00a9-jeremy-borbrow-1200x1600.avif 1200w, https:\/\/carrefourtheatre.qc.ca\/wp-content\/uploads\/2025\/10\/kenny-streule-\u00a9-jeremy-borbrow-2000x2667.avif 2000w\" sizes=\"auto, (max-width: 1500px) 100vw, 1500px\" \/><figcaption class=\"wp-element-caption\">\u00a9 Jeremy Borbrow<\/figcaption><\/figure>\n<\/figure>\n<\/section>\n\n\n\n<div class=\"wp-block-columns is-layout-flex wp-container-core-columns-is-layout-9d6595d7 wp-block-columns-is-layout-flex\">\n<div class=\"wp-block-column is-layout-flow wp-block-column-is-layout-flow\">\t<div id=\"block_6b93c205f8f7d92a9184ce3ed8c86918\" class=\"wp-block__accordion\">\n\n\t\t<div class=\"accordion\">\n\t\t\t\t\t\t\t\n\t\t\t\t\t<div class=\"accordion__item\">\n\t\t\t\t\t\t<h3 class=\"accordion__item__header\">\n\t\t\t\t\t\t\t<button type=\"button\"\n\t\t\t\t\t\t\t\taria-expanded=\"false\">\n\n\t\t\t\t\t\t\t\t<span class=\"accordion__item__header__question\">\n\t\t\t\t\t\t\t\t\tJimbo Insell, costumes\t\t\t\t\t\t\t\t<\/span>\n\n\t\t\t\t\t\t\t\t<span class=\"accordion__item__header__arrow\">\n\t\t\t\t\t\t\t\t\t<svg class=\"svg svg--plus-accordion\" role=\"presentation\" viewBox=\"0 0 15 15\" xmlns=\"http:\/\/www.w3.org\/2000\/svg\">\n  <line x1=\"7.75\" x2=\"7.75\" y2=\"15\" stroke=\"black\" stroke-width=\"1\"\/>\n  <line x1=\"15\" y1=\"7.75\" x2=\"-6.55671e-08\" y2=\"7.75\" stroke=\"black\" stroke-width=\"1\"\/>\n<\/svg>\n\t\t\t\t\t\t\t\t<\/span>\n\t\t\t\t\t\t\t<\/button>\n\t\t\t\t\t\t<\/h3>\n\n\t\t\t\t\t\t<div class=\"accordion__item__content\" hidden>\n\t\t\t\t\t\t\t<div class=\"accordion__item__inner\">\n\t\t\t\t\t\t\t\t<div class=\"accordion__item__text\">\n\t\t\t\t\t\t\t\t\t<p>Jimbo is a fabulous drag queen and whimsical clown, innovative designer, jaw-dropping-performer, and all around free spirit.\u00a0 Winner of Ru Pauls\u2019 Drag Race All Stars and Founder of the House of Jimbo, Jimbo is a Victoria-based artist who has designed for film and television and on stage for Victoria\u2019s Atomic Vaudeville (Ride the Cyclone, Rocky Horror, Hedwig and the Angry Inch.)<\/p>\n\t\t\t\t\t\t\t\t<\/div>\n\n\t\t\t\t\t\t\t\t\n\t\t\t\t\t\t\t<\/div>\n\t\t\t\t\t\t<\/div>\n\t\t\t\t\t<\/div>\n\n\t\t\t\t\t\t\t\t\t\t\t<\/div>\n\n\t<\/div>\n\n<\/div>\n\n\n\n<div class=\"wp-block-column is-layout-flow wp-block-column-is-layout-flow\">\t<div id=\"block_402609a1208b333535fd30694237f241\" class=\"wp-block__accordion\">\n\n\t\t<div class=\"accordion\">\n\t\t\t\t\t\t\t\n\t\t\t\t\t<div class=\"accordion__item\">\n\t\t\t\t\t\t<h3 class=\"accordion__item__header\">\n\t\t\t\t\t\t\t<button type=\"button\"\n\t\t\t\t\t\t\t\taria-expanded=\"false\">\n\n\t\t\t\t\t\t\t\t<span class=\"accordion__item__header__question\">\n\t\t\t\t\t\t\t\t\tKathleen Greenfield, coproduction and artistic collaboration\t\t\t\t\t\t\t\t<\/span>\n\n\t\t\t\t\t\t\t\t<span class=\"accordion__item__header__arrow\">\n\t\t\t\t\t\t\t\t\t<svg class=\"svg svg--plus-accordion\" role=\"presentation\" viewBox=\"0 0 15 15\" xmlns=\"http:\/\/www.w3.org\/2000\/svg\">\n  <line x1=\"7.75\" x2=\"7.75\" y2=\"15\" stroke=\"black\" stroke-width=\"1\"\/>\n  <line x1=\"15\" y1=\"7.75\" x2=\"-6.55671e-08\" y2=\"7.75\" stroke=\"black\" stroke-width=\"1\"\/>\n<\/svg>\n\t\t\t\t\t\t\t\t<\/span>\n\t\t\t\t\t\t\t<\/button>\n\t\t\t\t\t\t<\/h3>\n\n\t\t\t\t\t\t<div class=\"accordion__item__content\" hidden>\n\t\t\t\t\t\t\t<div class=\"accordion__item__inner\">\n\t\t\t\t\t\t\t\t<div class=\"accordion__item__text\">\n\t\t\t\t\t\t\t\t\t<p>Kathleen (they\/she) lives, collaborates and creates new work on the territories of the WS\u00c1NE\u0106, Lkwungen &amp; Wyomilth people. Kathleen\u2019s interests and experience are in site-specific outdoor performance, shadow and object puppetry, clown and reviving old stories. Kathleen has a BFA in Theatre from the University of Victoria and studied at the Banff Puppet Theatre Intensive in 2012.<\/p>\n<p>In 2013, Kathleen joined SNAFU Dance Theatre as Co-Artistic Director and has directed the premiere and workshop productions of many new works including Calling Home: Stories from Military Families (SNAFU, Belfry Incubator), Little Orange Man , Kitt &amp; Jane and Interstellar Elder (SNAFU), and I Have Seen Beautiful Jim Key (Intrepid Theatre). In 2015, Kathleen co-directed the smash-hit-remount of Lieutenant Nun, a site-specific spectacle where the audience moves through an old battlement, pageant style. Recently, Kathleen led a team of junk artists, clowns and puppeteers to create <em>New Earth Bandits<\/em>, a choose-your-own-adventure spectacle, in the same park.<br \/>\nKathleen has worked with William Head on Stage Prison Theatre\u00a0 as a facilitator, workshop leader, assistant director, projection designer, writer and performer since 2013. Kathleen directed and devised Sleeping Giants (2016) and The Emerald City Project (2019) and the Dark Traveller Podcast (2020). In addition to her work with SNAFU and WHoS, Kathleen has recently joined the Leadership team of Atomic Vaudeville.<\/p>\n\t\t\t\t\t\t\t\t<\/div>\n\n\t\t\t\t\t\t\t\t\n\t\t\t\t\t\t\t<\/div>\n\t\t\t\t\t\t<\/div>\n\t\t\t\t\t<\/div>\n\n\t\t\t\t\t\t\t\t\t\t\t<\/div>\n\n\t<\/div>\n\n<\/div>\n\n\n\n<div class=\"wp-block-column is-layout-flow wp-block-column-is-layout-flow\">\t<div id=\"block_fd37ff305957b85345b7d42f54430d26\" class=\"wp-block__accordion\">\n\n\t\t<div class=\"accordion\">\n\t\t\t\t\t\t\t\n\t\t\t\t\t<div class=\"accordion__item\">\n\t\t\t\t\t\t<h3 class=\"accordion__item__header\">\n\t\t\t\t\t\t\t<button type=\"button\"\n\t\t\t\t\t\t\t\taria-expanded=\"false\">\n\n\t\t\t\t\t\t\t\t<span class=\"accordion__item__header__question\">\n\t\t\t\t\t\t\t\t\tKenny Streule, tour manager\t\t\t\t\t\t\t\t<\/span>\n\n\t\t\t\t\t\t\t\t<span class=\"accordion__item__header__arrow\">\n\t\t\t\t\t\t\t\t\t<svg class=\"svg svg--plus-accordion\" role=\"presentation\" viewBox=\"0 0 15 15\" xmlns=\"http:\/\/www.w3.org\/2000\/svg\">\n  <line x1=\"7.75\" x2=\"7.75\" y2=\"15\" stroke=\"black\" stroke-width=\"1\"\/>\n  <line x1=\"15\" y1=\"7.75\" x2=\"-6.55671e-08\" y2=\"7.75\" stroke=\"black\" stroke-width=\"1\"\/>\n<\/svg>\n\t\t\t\t\t\t\t\t<\/span>\n\t\t\t\t\t\t\t<\/button>\n\t\t\t\t\t\t<\/h3>\n\n\t\t\t\t\t\t<div class=\"accordion__item__content\" hidden>\n\t\t\t\t\t\t\t<div class=\"accordion__item__inner\">\n\t\t\t\t\t\t\t\t<div class=\"accordion__item__text\">\n\t\t\t\t\t\t\t\t\t<p>(Il\/Lui) Ayant grandi sur une ferme laiti\u00e8re du lac Brome, au sud-est de Montr\u00e9al, Qu\u00e9bec, Kenny a toujours aspir\u00e9 \u00e0 travailler dans les arts dramatiques.. Sa passion pour la production l&#8217;a amen\u00e9 \u00e0 cr\u00e9er sa propre compagnie th\u00e9\u00e2trale qui a produit sa premi\u00e8re pi\u00e8ce, <em>City Boy<\/em>, bas\u00e9e sur la vie de son cousin qui vivait \u00e0 la campagne. Il a jou\u00e9 dans son premier spectacle autobiographique solo, <em>Malunderstood<\/em>, au <strong>Th\u00e9\u00e2tre MainLine<\/strong>, o\u00f9 il travaillait comme producteur artistique du <strong>Th\u00e9\u00e2tre MainLine<\/strong> et du <strong>Festival Fringe de Montr\u00e9al<\/strong>. Il a \u00e9galement jou\u00e9 le narrateur dans <em>The Rocky Horror Show<\/em> de Richard O&#8217;Brien (<strong>MainLine Theatre<\/strong>), Lysander\/Peter Quince dans <em>A Midsummer Night&#8217;s Dream<\/em> (<strong>The Montreal Shakespeare Company<\/strong>) et Christopher Marlowe dans <em>Conspiracy !<\/em> (<strong>Chocolate Moose Theatre Company<\/strong>). Il est \u00e9galement un membre actif de la communaut\u00e9 des arts de la sc\u00e8ne de Montr\u00e9al et a l\u2019opportunit\u00e9 d\u2019\u00eatre le gestionnaire des op\u00e9rations pour le retour du <strong>Festival Juste Pour Rire\/ Just for Laughs<\/strong> durant l\u2019\u00e9t\u00e9 2025 . En novembre 2023, il a re\u00e7u le prix Unsung Hero of the Theatre d\u00e9cern\u00e9 par la communaut\u00e9 lors du <strong>Montreal English Theatre Award<\/strong> (METAs).<\/p>\n\t\t\t\t\t\t\t\t<\/div>\n\n\t\t\t\t\t\t\t\t\n\t\t\t\t\t\t\t<\/div>\n\t\t\t\t\t\t<\/div>\n\t\t\t\t\t<\/div>\n\n\t\t\t\t\t\t\t\t\t\t\t<\/div>\n\n\t<\/div>\n\n<\/div>\n<\/div>\n","protected":false},"excerpt":{"rendered":"<p>Your cheeks will hurt ! Discover the weirdest puppet show you will ever see. Andr\u00e9-Anne LeBlanc uses here her body, hands, and mouth with an ingenious system of cameras, mirrors and live projections. The headliner : Baby Tyler who envelops us into a strange miniature cabaret with insolent humour. After a successful world tour, the [&hellip;]<\/p>\n","protected":false},"featured_media":1899,"template":"","class_list":["post-2697","event","type-event","status-publish","has-post-thumbnail","hentry","category-shows"],"acf":[],"yoast_head":"<!-- This site is optimized with the Yoast SEO plugin v27.4 - https:\/\/yoast.com\/product\/yoast-seo-wordpress\/ -->\n<title>Epidermis Circus | Shows | Festival Carrefour<\/title>\n<meta name=\"description\" content=\"The show Epidermis Circus will be presented at the P\u00e9riscope Theatre on May 28, 29 and 30 2026 during the Festival Carrefour.\" \/>\n<meta name=\"robots\" content=\"index, follow, max-snippet:-1, max-image-preview:large, max-video-preview:-1\" \/>\n<link rel=\"canonical\" href=\"https:\/\/carrefourtheatre.qc.ca\/en\/cultural-shows-quebec-city\/epidermis-circus-en\/\" \/>\n<meta property=\"og:locale\" content=\"en_US\" \/>\n<meta property=\"og:type\" content=\"article\" \/>\n<meta property=\"og:title\" content=\"Epidermis Circus | Shows | Festival Carrefour\" \/>\n<meta property=\"og:description\" content=\"The show Epidermis Circus will be presented at the P\u00e9riscope Theatre on May 28, 29 and 30 2026 during the Festival Carrefour.\" \/>\n<meta property=\"og:url\" content=\"https:\/\/carrefourtheatre.qc.ca\/en\/cultural-shows-quebec-city\/epidermis-circus-en\/\" \/>\n<meta property=\"og:site_name\" content=\"Festival Carrefour\" \/>\n<meta property=\"article:modified_time\" content=\"2026-04-01T21:04:07+00:00\" \/>\n<meta property=\"og:image\" content=\"https:\/\/carrefourtheatre.qc.ca\/wp-content\/uploads\/2025\/03\/og_festival_carrefour.jpg\" \/>\n\t<meta property=\"og:image:width\" content=\"1200\" \/>\n\t<meta property=\"og:image:height\" content=\"675\" \/>\n\t<meta property=\"og:image:type\" content=\"image\/jpeg\" \/>\n<meta name=\"twitter:card\" content=\"summary_large_image\" \/>\n<meta name=\"twitter:label1\" content=\"Est. reading time\" \/>\n\t<meta name=\"twitter:data1\" content=\"3 minutes\" \/>\n<!-- \/ Yoast SEO plugin. -->","yoast_head_json":{"title":"Epidermis Circus | Shows | Festival Carrefour","description":"The show Epidermis Circus will be presented at the P\u00e9riscope Theatre on May 28, 29 and 30 2026 during the Festival Carrefour.","robots":{"index":"index","follow":"follow","max-snippet":"max-snippet:-1","max-image-preview":"max-image-preview:large","max-video-preview":"max-video-preview:-1"},"canonical":"https:\/\/carrefourtheatre.qc.ca\/en\/cultural-shows-quebec-city\/epidermis-circus-en\/","og_locale":"en_US","og_type":"article","og_title":"Epidermis Circus | Shows | Festival Carrefour","og_description":"The show Epidermis Circus will be presented at the P\u00e9riscope Theatre on May 28, 29 and 30 2026 during the Festival Carrefour.","og_url":"https:\/\/carrefourtheatre.qc.ca\/en\/cultural-shows-quebec-city\/epidermis-circus-en\/","og_site_name":"Festival Carrefour","article_modified_time":"2026-04-01T21:04:07+00:00","og_image":[{"width":1200,"height":675,"url":"https:\/\/carrefourtheatre.qc.ca\/wp-content\/uploads\/2025\/03\/og_festival_carrefour.jpg","type":"image\/jpeg"}],"twitter_card":"summary_large_image","twitter_misc":{"Est. reading time":"3 minutes"},"schema":{"@context":"https:\/\/schema.org","@graph":[{"@type":"WebPage","@id":"https:\/\/carrefourtheatre.qc.ca\/en\/cultural-shows-quebec-city\/epidermis-circus-en\/","url":"https:\/\/carrefourtheatre.qc.ca\/en\/cultural-shows-quebec-city\/epidermis-circus-en\/","name":"Epidermis Circus | Shows | Festival Carrefour","isPartOf":{"@id":"https:\/\/carrefourtheatre.qc.ca\/en\/#website"},"primaryImageOfPage":{"@id":"https:\/\/carrefourtheatre.qc.ca\/en\/cultural-shows-quebec-city\/epidermis-circus-en\/#primaryimage"},"image":{"@id":"https:\/\/carrefourtheatre.qc.ca\/en\/cultural-shows-quebec-city\/epidermis-circus-en\/#primaryimage"},"thumbnailUrl":"https:\/\/carrefourtheatre.qc.ca\/wp-content\/uploads\/2025\/10\/epidermis-circus_2026-\u00a9-helene-cyr-4.avif","datePublished":"2026-03-17T15:00:00+00:00","dateModified":"2026-04-01T21:04:07+00:00","description":"The show Epidermis Circus will be presented at the P\u00e9riscope Theatre on May 28, 29 and 30 2026 during the Festival Carrefour.","breadcrumb":{"@id":"https:\/\/carrefourtheatre.qc.ca\/en\/cultural-shows-quebec-city\/epidermis-circus-en\/#breadcrumb"},"inLanguage":"en-US","potentialAction":[{"@type":"ReadAction","target":["https:\/\/carrefourtheatre.qc.ca\/en\/cultural-shows-quebec-city\/epidermis-circus-en\/"]}]},{"@type":"ImageObject","inLanguage":"en-US","@id":"https:\/\/carrefourtheatre.qc.ca\/en\/cultural-shows-quebec-city\/epidermis-circus-en\/#primaryimage","url":"https:\/\/carrefourtheatre.qc.ca\/wp-content\/uploads\/2025\/10\/epidermis-circus_2026-\u00a9-helene-cyr-4.avif","contentUrl":"https:\/\/carrefourtheatre.qc.ca\/wp-content\/uploads\/2025\/10\/epidermis-circus_2026-\u00a9-helene-cyr-4.avif","width":4690,"height":1785,"caption":"\u00a9 Helene Cyr"},{"@type":"BreadcrumbList","@id":"https:\/\/carrefourtheatre.qc.ca\/en\/cultural-shows-quebec-city\/epidermis-circus-en\/#breadcrumb","itemListElement":[{"@type":"ListItem","position":1,"name":"Accueil","item":"https:\/\/carrefourtheatre.qc.ca\/en\/"},{"@type":"ListItem","position":2,"name":"Events","item":"https:\/\/carrefourtheatre.qc.ca\/en\/cultural-shows-quebec-city\/"},{"@type":"ListItem","position":3,"name":"Epidermis Circus"}]},{"@type":"WebSite","@id":"https:\/\/carrefourtheatre.qc.ca\/en\/#website","url":"https:\/\/carrefourtheatre.qc.ca\/en\/","name":"Festival Carrefour","description":"Le plus grand festival d\u2019arts vivants \u00e0 Qu\u00e9bec","publisher":{"@id":"https:\/\/carrefourtheatre.qc.ca\/en\/#organization"},"alternateName":"Le plus grand festival d\u2019arts vivants \u00e0 Qu\u00e9bec","potentialAction":[{"@type":"SearchAction","target":{"@type":"EntryPoint","urlTemplate":"https:\/\/carrefourtheatre.qc.ca\/en\/?s={search_term_string}"},"query-input":{"@type":"PropertyValueSpecification","valueRequired":true,"valueName":"search_term_string"}}],"inLanguage":"en-US"},{"@type":"Organization","@id":"https:\/\/carrefourtheatre.qc.ca\/en\/#organization","name":"Festival Carrefour","url":"https:\/\/carrefourtheatre.qc.ca\/en\/","logo":{"@type":"ImageObject","inLanguage":"en-US","@id":"https:\/\/carrefourtheatre.qc.ca\/en\/#\/schema\/logo\/image\/","url":"https:\/\/carrefourtheatre.qc.ca\/wp-content\/uploads\/2025\/03\/og_festival_carrefour.jpg","contentUrl":"https:\/\/carrefourtheatre.qc.ca\/wp-content\/uploads\/2025\/03\/og_festival_carrefour.jpg","width":1200,"height":675,"caption":"Festival Carrefour"},"image":{"@id":"https:\/\/carrefourtheatre.qc.ca\/en\/#\/schema\/logo\/image\/"}}]}},"_links":{"self":[{"href":"https:\/\/carrefourtheatre.qc.ca\/en\/wp-json\/wp\/v2\/event\/2697","targetHints":{"allow":["GET"]}}],"collection":[{"href":"https:\/\/carrefourtheatre.qc.ca\/en\/wp-json\/wp\/v2\/event"}],"about":[{"href":"https:\/\/carrefourtheatre.qc.ca\/en\/wp-json\/wp\/v2\/types\/event"}],"wp:featuredmedia":[{"embeddable":true,"href":"https:\/\/carrefourtheatre.qc.ca\/en\/wp-json\/wp\/v2\/media\/1899"}],"wp:attachment":[{"href":"https:\/\/carrefourtheatre.qc.ca\/en\/wp-json\/wp\/v2\/media?parent=2697"}],"curies":[{"name":"wp","href":"https:\/\/api.w.org\/{rel}","templated":true}]}}