{"id":2691,"date":"2026-02-17T05:00:00","date_gmt":"2026-02-17T10:00:00","guid":{"rendered":"https:\/\/carrefourtheatre.qc.ca\/cultural-shows-quebec-city\/visages\/"},"modified":"2026-04-01T16:00:28","modified_gmt":"2026-04-01T21:00:28","slug":"visages-en","status":"publish","type":"event","link":"https:\/\/carrefourtheatre.qc.ca\/en\/cultural-shows-quebec-city\/visages-en\/","title":{"rendered":"Visages"},"content":{"rendered":"\n<h3 class=\"wp-block-heading has-text-align-center has-white-color has-pink-background-color has-text-color has-background has-link-color wp-elements-3558a1edf7da1e8d59434ea5955ebace\">Currently being created<\/h3>\n\n\n\n<p><\/p>\n\n\n\n<p>After the success of <em>Les\u00a0Hardings<\/em>\u00a0and its unforgettable trio, Alexia B\u00fcrger presents her latest creation :\u00a0<em>Visages<\/em>.\u00a0By assembling a fresco of small and bigger true stories, each narrative uncovers a bouquet of questions around our relation to the face : Is it a mask or a mirror ? We meet with a Vladimir Putin lookalike, ironically an activist for the Ukranian cause. We get anxious for a man who suffers from a disease which deforms the faces of his friends and family. We travel with a woman to her drawing class in Florence, Italy. Sometimes funny, sometimes tragic, this magnetic cast completely abandons itself in this game of de-multiplication and erasing of the self.\u00a0<\/p>\n\n\n\n<h2 class=\"wp-block-heading\">Credits<\/h2>\n\n\n\t<div id=\"block_8d5b4e2412e9b57e591756f79c8e2896\" class=\"wp-block__accordion\">\n\n\t\t<div class=\"accordion\">\n\t\t\t\t\t\t\t\n\t\t\t\t\t<div class=\"accordion__item\">\n\t\t\t\t\t\t<h3 class=\"accordion__item__header\">\n\t\t\t\t\t\t\t<button type=\"button\"\n\t\t\t\t\t\t\t\taria-expanded=\"false\">\n\n\t\t\t\t\t\t\t\t<span class=\"accordion__item__header__question\">\n\t\t\t\t\t\t\t\t\tArtistic and Technical Teams\t\t\t\t\t\t\t\t<\/span>\n\n\t\t\t\t\t\t\t\t<span class=\"accordion__item__header__arrow\">\n\t\t\t\t\t\t\t\t\t<svg class=\"svg svg--plus-accordion\" role=\"presentation\" viewBox=\"0 0 15 15\" xmlns=\"http:\/\/www.w3.org\/2000\/svg\">\n  <line x1=\"7.75\" x2=\"7.75\" y2=\"15\" stroke=\"black\" stroke-width=\"1\"\/>\n  <line x1=\"15\" y1=\"7.75\" x2=\"-6.55671e-08\" y2=\"7.75\" stroke=\"black\" stroke-width=\"1\"\/>\n<\/svg>\n\t\t\t\t\t\t\t\t<\/span>\n\t\t\t\t\t\t\t<\/button>\n\t\t\t\t\t\t<\/h3>\n\n\t\t\t\t\t\t<div class=\"accordion__item__content\" hidden>\n\t\t\t\t\t\t\t<div class=\"accordion__item__inner\">\n\t\t\t\t\t\t\t\t<div class=\"accordion__item__text\">\n\t\t\t\t\t\t\t\t\t<p>Text and Directing <strong>Alexia B\u00fcrger<br \/>\n<\/strong>With <strong>Isabelle Brouillette, Sophie Cadieux, Etienne Lou, Marie-Th\u00e9 Morin and Anne-Marie Olivier<br \/>\n<\/strong>Assistant Director and Sound Manager<strong>\u00a0Jean Gaudreau<br \/>\n<\/strong>Set Design and Lights <strong>Martin Labrecque<br \/>\n<\/strong>Musical Composition and Sound Design <strong>Frannie Holder<br \/>\n<\/strong>Direction and visual Coordination with the Masks and Costumes <strong>Elen Ewing<br \/>\n<\/strong>Visual Conception <strong>Sophie El Assaad, Elen Ewing and V\u00e9ronique St-Germain<br \/>\n<\/strong><span data-contrast=\"none\">Makeup Conception <strong>Maryse Gosselin<br \/>\n<\/strong><\/span><span data-contrast=\"none\">Movement Consultant <strong>Jamie Wright<\/strong><\/span><span data-ccp-props=\"{&quot;201341983&quot;:0,&quot;335559739&quot;:0,&quot;335559740&quot;:240}\"><br \/>\n<\/span><span data-contrast=\"none\">Mask Confection <\/span><strong>\u5927\u5ddd\u539f\u8129\u5e73\uff08Shuhei Ohkawara), Rino C\u00f4t\u00e9 and Bruno Gatien (Avatar FX)<br \/>\n<\/strong><span data-contrast=\"none\">Wig Confection <strong>Sarah Tremblay<\/strong><\/span><strong><br \/>\n<\/strong><span data-contrast=\"none\">Assistants to the Cutting and Confection of Costumes <strong>Mark de Coste, Jeanne Dupr\u00e9, Julie Sauriol and Jez Yung<\/strong><\/span><span data-ccp-props=\"{&quot;201341983&quot;:0,&quot;335559739&quot;:0,&quot;335559740&quot;:240}\"><br \/>\n<\/span><span data-contrast=\"none\">Assistant to the Lights and Console Programming <strong>B\u00e9atrice Germain<br \/>\n<\/strong><\/span><span data-contrast=\"none\">Assistant Director Replacement <strong>F\u00e9lix-Antoine Gauthier<\/strong><\/span><span data-ccp-props=\"{&quot;201341983&quot;:0,&quot;335559739&quot;:0,&quot;335559740&quot;:240}\"><br \/>\n<\/span><span data-contrast=\"none\">Reasearch Assistants <strong>Chlo\u00e9 Gagn\u00e9 Dion and \u00c9milie LaForest<\/strong><\/span><span data-ccp-props=\"{&quot;201341983&quot;:0,&quot;335559739&quot;:0,&quot;335559740&quot;:240}\"><br \/>\n<\/span><span data-contrast=\"none\">Altered Vision of the Face Consultant <strong>Joy Stockwell<br \/>\n<\/strong><\/span>Technical Direction <strong>Florence Letarte<br \/>\n<\/strong>Production and Tour Manager <strong>Vanessa Beaupr\u00e9<\/strong><\/p>\n<p><span class=\"TextRun SCXW218429952 BCX0\" lang=\"FR-CA\" xml:lang=\"FR-CA\" data-contrast=\"none\"><span class=\"NormalTextRun SCXW218429952 BCX0\">Special thanks to <\/span><span class=\"NormalTextRun SCXW218429952 BCX0\">Dr Brad Duchesne and Soft<\/span><\/span><span class=\"EOP SCXW218429952 BCX0\" data-ccp-props=\"{&quot;201341983&quot;:0,&quot;335559739&quot;:0,&quot;335559740&quot;:240}\">\u00a0<\/span><br \/>\nDelegated Production<strong>\u00a0Th\u00e9\u00e2tre fran\u00e7ais du Centre national des Arts<br \/>\n<\/strong>Creation <strong>Th\u00e9\u00e2tre fran\u00e7ais du Centre national des Arts and ESPACE GO<\/strong><\/p>\n\t\t\t\t\t\t\t\t<\/div>\n\n\t\t\t\t\t\t\t\t\n\t\t\t\t\t\t\t<\/div>\n\t\t\t\t\t\t<\/div>\n\t\t\t\t\t<\/div>\n\n\t\t\t\t\t\t\t\t\t\t\t<\/div>\n\n\t<\/div>\n\n\n\n\n<h2 class=\"wp-block-heading\">Cast<\/h2>\n\n\n\n<hr class=\"wp-block-separator has-alpha-channel-opacity\"\/>\n\n\n\n<div class=\"wp-block-columns is-layout-flex wp-container-core-columns-is-layout-9d6595d7 wp-block-columns-is-layout-flex\">\n<div class=\"wp-block-column is-layout-flow wp-block-column-is-layout-flow\">\n<figure class=\"wp-block-image size-lg\"><img loading=\"lazy\" decoding=\"async\" width=\"1500\" height=\"1500\" src=\"https:\/\/carrefourtheatre.qc.ca\/wp-content\/uploads\/2026\/02\/photo-casting_isabelle-brouillette_c-eva-maude-tc-edited-1500x1500.avif\" alt=\"\" class=\"wp-image-2027\" srcset=\"https:\/\/carrefourtheatre.qc.ca\/wp-content\/uploads\/2026\/02\/photo-casting_isabelle-brouillette_c-eva-maude-tc-edited-1500x1500.avif 1500w, https:\/\/carrefourtheatre.qc.ca\/wp-content\/uploads\/2026\/02\/photo-casting_isabelle-brouillette_c-eva-maude-tc-edited-150x150.avif 150w, https:\/\/carrefourtheatre.qc.ca\/wp-content\/uploads\/2026\/02\/photo-casting_isabelle-brouillette_c-eva-maude-tc-edited-860x860.avif 860w, https:\/\/carrefourtheatre.qc.ca\/wp-content\/uploads\/2026\/02\/photo-casting_isabelle-brouillette_c-eva-maude-tc-edited-1200x1200.avif 1200w, https:\/\/carrefourtheatre.qc.ca\/wp-content\/uploads\/2026\/02\/photo-casting_isabelle-brouillette_c-eva-maude-tc-edited-2000x2000.avif 2000w\" sizes=\"auto, (max-width: 1500px) 100vw, 1500px\" \/><figcaption class=\"wp-element-caption\">\u00a9 Eva Maude TC<\/figcaption><\/figure>\n\n\n\n<h3 class=\"wp-block-heading\">Isabelle Brouillette<\/h3>\n<\/div>\n\n\n\n<div class=\"wp-block-column is-layout-flow wp-block-column-is-layout-flow\">\n<figure class=\"wp-block-image size-lg\"><img loading=\"lazy\" decoding=\"async\" width=\"1500\" height=\"1500\" src=\"https:\/\/carrefourtheatre.qc.ca\/wp-content\/uploads\/2026\/02\/photo-casting_sophie-cadieux_c-eva-maude-tc-edited-1500x1500.avif\" alt=\"\" class=\"wp-image-2029\" srcset=\"https:\/\/carrefourtheatre.qc.ca\/wp-content\/uploads\/2026\/02\/photo-casting_sophie-cadieux_c-eva-maude-tc-edited-1500x1500.avif 1500w, https:\/\/carrefourtheatre.qc.ca\/wp-content\/uploads\/2026\/02\/photo-casting_sophie-cadieux_c-eva-maude-tc-edited-150x150.avif 150w, https:\/\/carrefourtheatre.qc.ca\/wp-content\/uploads\/2026\/02\/photo-casting_sophie-cadieux_c-eva-maude-tc-edited-860x860.avif 860w, https:\/\/carrefourtheatre.qc.ca\/wp-content\/uploads\/2026\/02\/photo-casting_sophie-cadieux_c-eva-maude-tc-edited-1200x1200.avif 1200w, https:\/\/carrefourtheatre.qc.ca\/wp-content\/uploads\/2026\/02\/photo-casting_sophie-cadieux_c-eva-maude-tc-edited-2000x2000.avif 2000w\" sizes=\"auto, (max-width: 1500px) 100vw, 1500px\" \/><figcaption class=\"wp-element-caption\">\u00a9 Eva Maude TC<\/figcaption><\/figure>\n\n\n\n<h3 class=\"wp-block-heading\">Sophie Cadieux<\/h3>\n<\/div>\n\n\n\n<div class=\"wp-block-column is-layout-flow wp-block-column-is-layout-flow\">\n<figure class=\"wp-block-image size-lg\"><img loading=\"lazy\" decoding=\"async\" width=\"2250\" height=\"2250\" src=\"https:\/\/carrefourtheatre.qc.ca\/wp-content\/uploads\/2026\/02\/photo-casting_etienne-lou_c-jean-francois-sauve-edited.avif\" alt=\"\" class=\"wp-image-2035\" srcset=\"https:\/\/carrefourtheatre.qc.ca\/wp-content\/uploads\/2026\/02\/photo-casting_etienne-lou_c-jean-francois-sauve-edited.avif 2250w, https:\/\/carrefourtheatre.qc.ca\/wp-content\/uploads\/2026\/02\/photo-casting_etienne-lou_c-jean-francois-sauve-edited-150x150.avif 150w, https:\/\/carrefourtheatre.qc.ca\/wp-content\/uploads\/2026\/02\/photo-casting_etienne-lou_c-jean-francois-sauve-edited-860x860.avif 860w, https:\/\/carrefourtheatre.qc.ca\/wp-content\/uploads\/2026\/02\/photo-casting_etienne-lou_c-jean-francois-sauve-edited-1200x1200.avif 1200w, https:\/\/carrefourtheatre.qc.ca\/wp-content\/uploads\/2026\/02\/photo-casting_etienne-lou_c-jean-francois-sauve-edited-1500x1500.avif 1500w, https:\/\/carrefourtheatre.qc.ca\/wp-content\/uploads\/2026\/02\/photo-casting_etienne-lou_c-jean-francois-sauve-edited-2000x2000.avif 2000w\" sizes=\"auto, (max-width: 2250px) 100vw, 2250px\" \/><figcaption class=\"wp-element-caption\">\u00a9 Jean-Fran\u00e7ois Sauv\u00e9<\/figcaption><\/figure>\n\n\n\n<h3 class=\"wp-block-heading\">Etienne Lou<\/h3>\n<\/div>\n<\/div>\n\n\n\n<div class=\"wp-block-columns is-layout-flex wp-container-core-columns-is-layout-9d6595d7 wp-block-columns-is-layout-flex\">\n<div class=\"wp-block-column is-layout-flow wp-block-column-is-layout-flow\">\n<figure class=\"wp-block-image size-lg\"><img loading=\"lazy\" decoding=\"async\" width=\"2468\" height=\"2468\" src=\"https:\/\/carrefourtheatre.qc.ca\/wp-content\/uploads\/2026\/02\/photo-casting_marie-the-morin_c-adrienne-brassard-edited.avif\" alt=\"\" class=\"wp-image-2043\" srcset=\"https:\/\/carrefourtheatre.qc.ca\/wp-content\/uploads\/2026\/02\/photo-casting_marie-the-morin_c-adrienne-brassard-edited.avif 2468w, https:\/\/carrefourtheatre.qc.ca\/wp-content\/uploads\/2026\/02\/photo-casting_marie-the-morin_c-adrienne-brassard-edited-150x150.avif 150w, https:\/\/carrefourtheatre.qc.ca\/wp-content\/uploads\/2026\/02\/photo-casting_marie-the-morin_c-adrienne-brassard-edited-860x860.avif 860w, https:\/\/carrefourtheatre.qc.ca\/wp-content\/uploads\/2026\/02\/photo-casting_marie-the-morin_c-adrienne-brassard-edited-1200x1200.avif 1200w, https:\/\/carrefourtheatre.qc.ca\/wp-content\/uploads\/2026\/02\/photo-casting_marie-the-morin_c-adrienne-brassard-edited-1500x1500.avif 1500w, https:\/\/carrefourtheatre.qc.ca\/wp-content\/uploads\/2026\/02\/photo-casting_marie-the-morin_c-adrienne-brassard-edited-2000x2000.avif 2000w\" sizes=\"auto, (max-width: 2468px) 100vw, 2468px\" \/><figcaption class=\"wp-element-caption\">\u00a9 Adrienne Brassard<\/figcaption><\/figure>\n\n\n\n<h3 class=\"wp-block-heading\">Marie-Th\u00e9 Morin<\/h3>\n<\/div>\n\n\n\n<div class=\"wp-block-column is-layout-flow wp-block-column-is-layout-flow\">\n<figure class=\"wp-block-image size-full\"><img loading=\"lazy\" decoding=\"async\" width=\"640\" height=\"640\" src=\"https:\/\/carrefourtheatre.qc.ca\/wp-content\/uploads\/2026\/02\/photo-casting_anne-marie-olivier_c-stephane-bourgeois-edited.avif\" alt=\"\" class=\"wp-image-2041\" srcset=\"https:\/\/carrefourtheatre.qc.ca\/wp-content\/uploads\/2026\/02\/photo-casting_anne-marie-olivier_c-stephane-bourgeois-edited.avif 640w, https:\/\/carrefourtheatre.qc.ca\/wp-content\/uploads\/2026\/02\/photo-casting_anne-marie-olivier_c-stephane-bourgeois-edited-150x150.avif 150w\" sizes=\"auto, (max-width: 640px) 100vw, 640px\" \/><figcaption class=\"wp-element-caption\">\u00a9 St\u00e9phane Bourgeois<\/figcaption><\/figure>\n\n\n\n<h3 class=\"wp-block-heading\">Anne-Marie Olivier<\/h3>\n<\/div>\n\n\n\n<div class=\"wp-block-column is-layout-flow wp-block-column-is-layout-flow\"><\/div>\n<\/div>\n\n\n\n<p><\/p>\n","protected":false},"excerpt":{"rendered":"<p>Currently being created After the success of Les\u00a0Hardings\u00a0and its unforgettable trio, Alexia B\u00fcrger presents her latest creation :\u00a0Visages.\u00a0By assembling a fresco of small and bigger true stories, each narrative uncovers a bouquet of questions around our relation to the face : Is it a mask or a mirror ? We meet with a Vladimir Putin [&hellip;]<\/p>\n","protected":false},"featured_media":2093,"template":"","class_list":["post-2691","event","type-event","status-publish","has-post-thumbnail","hentry","category-shows"],"acf":[],"yoast_head":"<!-- This site is optimized with the Yoast SEO plugin v27.4 - https:\/\/yoast.com\/product\/yoast-seo-wordpress\/ -->\n<title>Visages | Shows | Festival Carrefour<\/title>\n<meta name=\"description\" content=\"The latest creation by Alexia B\u00fcrger, Visages, will be presented at the La Bord\u00e9e Theatre on June 9, 10 and 11 during the Festival Carrefour\" \/>\n<meta name=\"robots\" content=\"index, follow, max-snippet:-1, max-image-preview:large, max-video-preview:-1\" \/>\n<link rel=\"canonical\" href=\"https:\/\/carrefourtheatre.qc.ca\/en\/cultural-shows-quebec-city\/visages-en\/\" \/>\n<meta property=\"og:locale\" content=\"en_US\" \/>\n<meta property=\"og:type\" content=\"article\" \/>\n<meta property=\"og:title\" content=\"Visages | Shows | Festival Carrefour\" \/>\n<meta property=\"og:description\" content=\"The latest creation by Alexia B\u00fcrger, Visages, will be presented at the La Bord\u00e9e Theatre on June 9, 10 and 11 during the Festival Carrefour\" \/>\n<meta property=\"og:url\" content=\"https:\/\/carrefourtheatre.qc.ca\/en\/cultural-shows-quebec-city\/visages-en\/\" \/>\n<meta property=\"og:site_name\" content=\"Festival Carrefour\" \/>\n<meta property=\"article:modified_time\" content=\"2026-04-01T21:00:28+00:00\" \/>\n<meta property=\"og:image\" content=\"https:\/\/carrefourtheatre.qc.ca\/wp-content\/uploads\/2025\/03\/og_festival_carrefour.jpg\" \/>\n\t<meta property=\"og:image:width\" content=\"1200\" \/>\n\t<meta property=\"og:image:height\" content=\"675\" \/>\n\t<meta property=\"og:image:type\" content=\"image\/jpeg\" \/>\n<meta name=\"twitter:card\" content=\"summary_large_image\" \/>\n<meta name=\"twitter:label1\" content=\"Est. reading time\" \/>\n\t<meta name=\"twitter:data1\" content=\"2 minutes\" \/>\n<!-- \/ Yoast SEO plugin. -->","yoast_head_json":{"title":"Visages | Shows | Festival Carrefour","description":"The latest creation by Alexia B\u00fcrger, Visages, will be presented at the La Bord\u00e9e Theatre on June 9, 10 and 11 during the Festival Carrefour","robots":{"index":"index","follow":"follow","max-snippet":"max-snippet:-1","max-image-preview":"max-image-preview:large","max-video-preview":"max-video-preview:-1"},"canonical":"https:\/\/carrefourtheatre.qc.ca\/en\/cultural-shows-quebec-city\/visages-en\/","og_locale":"en_US","og_type":"article","og_title":"Visages | Shows | Festival Carrefour","og_description":"The latest creation by Alexia B\u00fcrger, Visages, will be presented at the La Bord\u00e9e Theatre on June 9, 10 and 11 during the Festival Carrefour","og_url":"https:\/\/carrefourtheatre.qc.ca\/en\/cultural-shows-quebec-city\/visages-en\/","og_site_name":"Festival Carrefour","article_modified_time":"2026-04-01T21:00:28+00:00","og_image":[{"width":1200,"height":675,"url":"https:\/\/carrefourtheatre.qc.ca\/wp-content\/uploads\/2025\/03\/og_festival_carrefour.jpg","type":"image\/jpeg"}],"twitter_card":"summary_large_image","twitter_misc":{"Est. reading time":"2 minutes"},"schema":{"@context":"https:\/\/schema.org","@graph":[{"@type":"WebPage","@id":"https:\/\/carrefourtheatre.qc.ca\/en\/cultural-shows-quebec-city\/visages-en\/","url":"https:\/\/carrefourtheatre.qc.ca\/en\/cultural-shows-quebec-city\/visages-en\/","name":"Visages | Shows | Festival Carrefour","isPartOf":{"@id":"https:\/\/carrefourtheatre.qc.ca\/en\/#website"},"primaryImageOfPage":{"@id":"https:\/\/carrefourtheatre.qc.ca\/en\/cultural-shows-quebec-city\/visages-en\/#primaryimage"},"image":{"@id":"https:\/\/carrefourtheatre.qc.ca\/en\/cultural-shows-quebec-city\/visages-en\/#primaryimage"},"thumbnailUrl":"https:\/\/carrefourtheatre.qc.ca\/wp-content\/uploads\/2026\/02\/photo_visages_03.avif","datePublished":"2026-02-17T10:00:00+00:00","dateModified":"2026-04-01T21:00:28+00:00","description":"The latest creation by Alexia B\u00fcrger, Visages, will be presented at the La Bord\u00e9e Theatre on June 9, 10 and 11 during the Festival Carrefour","breadcrumb":{"@id":"https:\/\/carrefourtheatre.qc.ca\/en\/cultural-shows-quebec-city\/visages-en\/#breadcrumb"},"inLanguage":"en-US","potentialAction":[{"@type":"ReadAction","target":["https:\/\/carrefourtheatre.qc.ca\/en\/cultural-shows-quebec-city\/visages-en\/"]}]},{"@type":"ImageObject","inLanguage":"en-US","@id":"https:\/\/carrefourtheatre.qc.ca\/en\/cultural-shows-quebec-city\/visages-en\/#primaryimage","url":"https:\/\/carrefourtheatre.qc.ca\/wp-content\/uploads\/2026\/02\/photo_visages_03.avif","contentUrl":"https:\/\/carrefourtheatre.qc.ca\/wp-content\/uploads\/2026\/02\/photo_visages_03.avif","width":5776,"height":3248,"caption":"\u00a9 Eliot Laprise"},{"@type":"BreadcrumbList","@id":"https:\/\/carrefourtheatre.qc.ca\/en\/cultural-shows-quebec-city\/visages-en\/#breadcrumb","itemListElement":[{"@type":"ListItem","position":1,"name":"Accueil","item":"https:\/\/carrefourtheatre.qc.ca\/en\/"},{"@type":"ListItem","position":2,"name":"Events","item":"https:\/\/carrefourtheatre.qc.ca\/en\/cultural-shows-quebec-city\/"},{"@type":"ListItem","position":3,"name":"Visages"}]},{"@type":"WebSite","@id":"https:\/\/carrefourtheatre.qc.ca\/en\/#website","url":"https:\/\/carrefourtheatre.qc.ca\/en\/","name":"Festival Carrefour","description":"Le plus grand festival d\u2019arts vivants \u00e0 Qu\u00e9bec","publisher":{"@id":"https:\/\/carrefourtheatre.qc.ca\/en\/#organization"},"alternateName":"Le plus grand festival d\u2019arts vivants \u00e0 Qu\u00e9bec","potentialAction":[{"@type":"SearchAction","target":{"@type":"EntryPoint","urlTemplate":"https:\/\/carrefourtheatre.qc.ca\/en\/?s={search_term_string}"},"query-input":{"@type":"PropertyValueSpecification","valueRequired":true,"valueName":"search_term_string"}}],"inLanguage":"en-US"},{"@type":"Organization","@id":"https:\/\/carrefourtheatre.qc.ca\/en\/#organization","name":"Festival Carrefour","url":"https:\/\/carrefourtheatre.qc.ca\/en\/","logo":{"@type":"ImageObject","inLanguage":"en-US","@id":"https:\/\/carrefourtheatre.qc.ca\/en\/#\/schema\/logo\/image\/","url":"https:\/\/carrefourtheatre.qc.ca\/wp-content\/uploads\/2025\/03\/og_festival_carrefour.jpg","contentUrl":"https:\/\/carrefourtheatre.qc.ca\/wp-content\/uploads\/2025\/03\/og_festival_carrefour.jpg","width":1200,"height":675,"caption":"Festival Carrefour"},"image":{"@id":"https:\/\/carrefourtheatre.qc.ca\/en\/#\/schema\/logo\/image\/"}}]}},"_links":{"self":[{"href":"https:\/\/carrefourtheatre.qc.ca\/en\/wp-json\/wp\/v2\/event\/2691","targetHints":{"allow":["GET"]}}],"collection":[{"href":"https:\/\/carrefourtheatre.qc.ca\/en\/wp-json\/wp\/v2\/event"}],"about":[{"href":"https:\/\/carrefourtheatre.qc.ca\/en\/wp-json\/wp\/v2\/types\/event"}],"wp:featuredmedia":[{"embeddable":true,"href":"https:\/\/carrefourtheatre.qc.ca\/en\/wp-json\/wp\/v2\/media\/2093"}],"wp:attachment":[{"href":"https:\/\/carrefourtheatre.qc.ca\/en\/wp-json\/wp\/v2\/media?parent=2691"}],"curies":[{"name":"wp","href":"https:\/\/api.w.org\/{rel}","templated":true}]}}