{"id":2684,"date":"2025-10-09T08:28:45","date_gmt":"2025-10-09T13:28:45","guid":{"rendered":"https:\/\/carrefourtheatre.qc.ca\/cultural-shows-quebec-city\/lettres-non-ecrites\/"},"modified":"2026-04-01T16:00:07","modified_gmt":"2026-04-01T21:00:07","slug":"lettres-non-ecrites-en","status":"publish","type":"event","link":"https:\/\/carrefourtheatre.qc.ca\/en\/cultural-shows-quebec-city\/lettres-non-ecrites-en\/","title":{"rendered":"Lettres non-\u00e9crites"},"content":{"rendered":"\n<p>This show is the amalgamation of over 400 letters and countless hours of writing guided by the anonymous confessions of volunteers. Since October, the authors Anne-Marie Olivier and Carolanne Foucher have been lending their words to the citizens of Quebec City to compose their never-written letters. The latter are joined by hundreds of other voices from Paris, Brussels and even New York, where David Geselson and his French company Lieux-Dits have overseen such similar processes. While these stories keep transforming the show, making each performance unique, we cannot help but be touched by these letters sometimes striking, sometimes funny, sometimes furious and sometimes banal but always profoundly human. For the first time in Canada, come see this intimate and refined performance which connects us all, a letter after another.\u00a0<\/p>\n\n\n\n<figure class=\"wp-block-image size-full\"><img loading=\"lazy\" decoding=\"async\" width=\"1246\" height=\"543\" src=\"https:\/\/carrefourtheatre.qc.ca\/wp-content\/uploads\/2025\/09\/lettres-non-ecrites_\u00a9-simon-gosselin.avif\" alt=\"\" class=\"wp-image-1670\" srcset=\"https:\/\/carrefourtheatre.qc.ca\/wp-content\/uploads\/2025\/09\/lettres-non-ecrites_\u00a9-simon-gosselin.avif 1246w, https:\/\/carrefourtheatre.qc.ca\/wp-content\/uploads\/2025\/09\/lettres-non-ecrites_\u00a9-simon-gosselin-860x375.avif 860w, https:\/\/carrefourtheatre.qc.ca\/wp-content\/uploads\/2025\/09\/lettres-non-ecrites_\u00a9-simon-gosselin-1200x523.avif 1200w\" sizes=\"auto, (max-width: 1246px) 100vw, 1246px\" \/><figcaption class=\"wp-element-caption\">\u00a9 Simon Gosselin<\/figcaption><\/figure>\n\n\n\n<figure class=\"wp-block-gallery has-nested-images columns-default is-cropped wp-block-gallery-1 is-layout-flex wp-block-gallery-is-layout-flex\">\n<figure class=\"wp-block-image size-lg size-large\"><img loading=\"lazy\" decoding=\"async\" width=\"1500\" height=\"1247\" data-id=\"1672\" src=\"https:\/\/carrefourtheatre.qc.ca\/wp-content\/uploads\/2025\/09\/lettres-non-ecrites-\u00a9-isabelle-jouvante_-le-canal-1500x1247.avif\" alt=\"\" class=\"wp-image-1672\" srcset=\"https:\/\/carrefourtheatre.qc.ca\/wp-content\/uploads\/2025\/09\/lettres-non-ecrites-\u00a9-isabelle-jouvante_-le-canal-1500x1247.avif 1500w, https:\/\/carrefourtheatre.qc.ca\/wp-content\/uploads\/2025\/09\/lettres-non-ecrites-\u00a9-isabelle-jouvante_-le-canal-860x715.avif 860w, https:\/\/carrefourtheatre.qc.ca\/wp-content\/uploads\/2025\/09\/lettres-non-ecrites-\u00a9-isabelle-jouvante_-le-canal-1200x998.avif 1200w, https:\/\/carrefourtheatre.qc.ca\/wp-content\/uploads\/2025\/09\/lettres-non-ecrites-\u00a9-isabelle-jouvante_-le-canal-2000x1663.avif 2000w\" sizes=\"auto, (max-width: 1500px) 100vw, 1500px\" \/><figcaption class=\"wp-element-caption\">\u00a9 Isabelle Jouvante<\/figcaption><\/figure>\n\n\n\n<figure class=\"wp-block-image aligncenter size-lg size-large\"><img loading=\"lazy\" decoding=\"async\" width=\"1500\" height=\"1000\" data-id=\"1674\" src=\"https:\/\/carrefourtheatre.qc.ca\/wp-content\/uploads\/2025\/09\/lettres-non-ecrites-\u00a9-noura-sairour-1500x1000.avif\" alt=\"\" class=\"wp-image-1674\" srcset=\"https:\/\/carrefourtheatre.qc.ca\/wp-content\/uploads\/2025\/09\/lettres-non-ecrites-\u00a9-noura-sairour-1500x1000.avif 1500w, https:\/\/carrefourtheatre.qc.ca\/wp-content\/uploads\/2025\/09\/lettres-non-ecrites-\u00a9-noura-sairour-860x573.avif 860w, https:\/\/carrefourtheatre.qc.ca\/wp-content\/uploads\/2025\/09\/lettres-non-ecrites-\u00a9-noura-sairour-1200x800.avif 1200w, https:\/\/carrefourtheatre.qc.ca\/wp-content\/uploads\/2025\/09\/lettres-non-ecrites-\u00a9-noura-sairour-2000x1333.avif 2000w\" sizes=\"auto, (max-width: 1500px) 100vw, 1500px\" \/><figcaption class=\"wp-element-caption\">\u00a9 Noura Sairour<\/figcaption><\/figure>\n\n\n\n<figure class=\"wp-block-image size-lg size-large\"><img loading=\"lazy\" decoding=\"async\" width=\"1500\" height=\"1000\" data-id=\"1678\" src=\"https:\/\/carrefourtheatre.qc.ca\/wp-content\/uploads\/2025\/09\/lettres-non-ecrites_\u00a9simon-gosselin2-1500x1000.avif\" alt=\"\" class=\"wp-image-1678\" srcset=\"https:\/\/carrefourtheatre.qc.ca\/wp-content\/uploads\/2025\/09\/lettres-non-ecrites_\u00a9simon-gosselin2-1500x1000.avif 1500w, https:\/\/carrefourtheatre.qc.ca\/wp-content\/uploads\/2025\/09\/lettres-non-ecrites_\u00a9simon-gosselin2-860x574.avif 860w, https:\/\/carrefourtheatre.qc.ca\/wp-content\/uploads\/2025\/09\/lettres-non-ecrites_\u00a9simon-gosselin2-1200x800.avif 1200w, https:\/\/carrefourtheatre.qc.ca\/wp-content\/uploads\/2025\/09\/lettres-non-ecrites_\u00a9simon-gosselin2-2000x1334.avif 2000w\" sizes=\"auto, (max-width: 1500px) 100vw, 1500px\" \/><figcaption class=\"wp-element-caption\">\u00a9 Simon Gosselin<\/figcaption><\/figure>\n<\/figure>\n\n\n\n<div class=\"wp-block-columns is-layout-flex wp-container-core-columns-is-layout-9d6595d7 wp-block-columns-is-layout-flex\">\n<div class=\"wp-block-column is-layout-flow wp-block-column-is-layout-flow\">\n<figure class=\"wp-block-image size-lg\"><img loading=\"lazy\" decoding=\"async\" width=\"1500\" height=\"514\" src=\"https:\/\/carrefourtheatre.qc.ca\/wp-content\/uploads\/2025\/09\/logo-litterature-sign-grand-noir-1500x514.png\" alt=\"\" class=\"wp-image-1666\" srcset=\"https:\/\/carrefourtheatre.qc.ca\/wp-content\/uploads\/2025\/09\/logo-litterature-sign-grand-noir-1500x514.png 1500w, https:\/\/carrefourtheatre.qc.ca\/wp-content\/uploads\/2025\/09\/logo-litterature-sign-grand-noir-860x294.png 860w, https:\/\/carrefourtheatre.qc.ca\/wp-content\/uploads\/2025\/09\/logo-litterature-sign-grand-noir-1200x411.png 1200w, https:\/\/carrefourtheatre.qc.ca\/wp-content\/uploads\/2025\/09\/logo-litterature-sign-grand-noir-2000x685.png 2000w\" sizes=\"auto, (max-width: 1500px) 100vw, 1500px\" \/><\/figure>\n<\/div>\n\n\n\n<div class=\"wp-block-column is-layout-flow wp-block-column-is-layout-flow\">\n<figure class=\"wp-block-image aligncenter size-full\"><img loading=\"lazy\" decoding=\"async\" width=\"640\" height=\"240\" src=\"https:\/\/carrefourtheatre.qc.ca\/wp-content\/uploads\/2025\/10\/logo_entente-developpement-culturel_quebec.png\" alt=\"\" class=\"wp-image-1690\"\/><\/figure>\n<\/div>\n\n\n\n<div class=\"wp-block-column is-layout-flow wp-block-column-is-layout-flow\">\n<figure class=\"wp-block-image size-full is-resized\"><img loading=\"lazy\" decoding=\"async\" width=\"187\" height=\"210\" src=\"https:\/\/carrefourtheatre.qc.ca\/wp-content\/uploads\/2025\/05\/consulat_general_de_france_a_quebec.png\" alt=\"\" class=\"wp-image-1407\" style=\"aspect-ratio:0.8905045079608671;width:168px;height:auto\"\/><\/figure>\n<\/div>\n<\/div>\n\n\n\n<h2 class=\"wp-block-heading\">Credits<\/h2>\n\n\n\t<div id=\"block_e3d795408445c1ea727aaed0c9ae5762\" class=\"wp-block__accordion\">\n\n\t\t<div class=\"accordion\">\n\t\t\t\t\t\t\t\n\t\t\t\t\t<div class=\"accordion__item\">\n\t\t\t\t\t\t<h3 class=\"accordion__item__header\">\n\t\t\t\t\t\t\t<button type=\"button\"\n\t\t\t\t\t\t\t\taria-expanded=\"false\">\n\n\t\t\t\t\t\t\t\t<span class=\"accordion__item__header__question\">\n\t\t\t\t\t\t\t\t\tArtistic and Technical Teams\t\t\t\t\t\t\t\t<\/span>\n\n\t\t\t\t\t\t\t\t<span class=\"accordion__item__header__arrow\">\n\t\t\t\t\t\t\t\t\t<svg class=\"svg svg--plus-accordion\" role=\"presentation\" viewBox=\"0 0 15 15\" xmlns=\"http:\/\/www.w3.org\/2000\/svg\">\n  <line x1=\"7.75\" x2=\"7.75\" y2=\"15\" stroke=\"black\" stroke-width=\"1\"\/>\n  <line x1=\"15\" y1=\"7.75\" x2=\"-6.55671e-08\" y2=\"7.75\" stroke=\"black\" stroke-width=\"1\"\/>\n<\/svg>\n\t\t\t\t\t\t\t\t<\/span>\n\t\t\t\t\t\t\t<\/button>\n\t\t\t\t\t\t<\/h3>\n\n\t\t\t\t\t\t<div class=\"accordion__item__content\" hidden>\n\t\t\t\t\t\t\t<div class=\"accordion__item__inner\">\n\t\t\t\t\t\t\t\t<div class=\"accordion__item__text\">\n\t\t\t\t\t\t\t\t\t<p>Conception <strong>David Geselson<\/strong><\/p>\n<p>Writing<strong> David Geselson, Anne-Marie Olivier, Carolanne Foucher<\/strong><\/p>\n<p>Interpretation <strong>David Geselson, Elios No\u00ebl et Anne-Marie Olivier en alternance avec Carolanne Foucher<\/strong><\/p>\n<p>Musical Interpretation <strong>Marie-Loup Cottinet<\/strong><\/p>\n<p>Lighting <strong>Anne Vaglio<\/strong><\/p>\n<p>General and Lighting Management <b>ArNo Seghiri<\/b><b>\u00a0<\/b><\/p>\n<p>Technical Direction <b>Nicolas Ahssaine | a-scene.eu<\/b><\/p>\n<p>Production and Tour Direction <strong>Noura Sairour<\/strong><\/p>\n<p>Production and Tour Administration <strong>La\u00ebtitia Fabaron<\/strong><\/p>\n<p>Production Manager <strong>Mathilde Gueguen<\/strong><\/p>\n<p>Production\u00a0<strong>Compagnie Lieux-Dits<\/strong><\/p>\n<p>The Compagnie Lieux-Dits is approved by the Minist\u00e8re de la Culture &#8211; DRAC Ile-de-France, and by the department of Val-de-Marne in the role of developmental help.<\/p>\n<p>The book<em>\u00a0Lettres non-\u00e9crites<\/em> is a CONTXTO d&#8217;Artcena laureate and is translated in Spanish (Chile) by Millaray Lobos.<\/p>\n<p>The book<em> Lettres non-\u00e9crites<\/em> is published by the Le Tripode.<\/p>\n<p>David Geselson received the R\u00e9v\u00e9lation du Premier roman 2022 prize by the Soci\u00e9t\u00e9 des gens de Lettres.<\/p>\n<p>We wish to thank the Minist\u00e8re de la culture and Ville de Qu\u00e9bec for their support in this project and the public author project, within the bounds of the Entente de d\u00e9veloppement culturel. We thank the Ville de Qu\u00e9bec, ville de litt\u00e9rature UNESCO.<\/p>\n\t\t\t\t\t\t\t\t<\/div>\n\n\t\t\t\t\t\t\t\t\n\t\t\t\t\t\t\t<\/div>\n\t\t\t\t\t\t<\/div>\n\t\t\t\t\t<\/div>\n\n\t\t\t\t\t\t\t\t\t\t\t<\/div>\n\n\t<\/div>\n\n\n\n\n<div class=\"wp-block-columns is-layout-flex wp-container-core-columns-is-layout-9d6595d7 wp-block-columns-is-layout-flex\">\n<div class=\"wp-block-column is-layout-flow wp-block-column-is-layout-flow\">\n<figure class=\"wp-block-image size-full\"><img loading=\"lazy\" decoding=\"async\" width=\"768\" height=\"768\" src=\"https:\/\/carrefourtheatre.qc.ca\/wp-content\/uploads\/2026\/03\/david-geselson-\u00a9-simon-gosselin-edited.jpg\" alt=\"\" class=\"wp-image-2222\" srcset=\"https:\/\/carrefourtheatre.qc.ca\/wp-content\/uploads\/2026\/03\/david-geselson-\u00a9-simon-gosselin-edited.jpg 768w, https:\/\/carrefourtheatre.qc.ca\/wp-content\/uploads\/2026\/03\/david-geselson-\u00a9-simon-gosselin-edited-150x150.jpg 150w\" sizes=\"auto, (max-width: 768px) 100vw, 768px\" \/><figcaption class=\"wp-element-caption\">\u00a9 Simon Gosselin<\/figcaption><\/figure>\n\n\n\n<h3 class=\"wp-block-heading\">David Geselson, conceptor, author and performer<\/h3>\n<\/div>\n\n\n\n<div class=\"wp-block-column is-layout-flow wp-block-column-is-layout-flow\">\n<figure class=\"wp-block-image size-full\"><img loading=\"lazy\" decoding=\"async\" width=\"640\" height=\"640\" src=\"https:\/\/carrefourtheatre.qc.ca\/wp-content\/uploads\/2026\/02\/photo-casting_anne-marie-olivier_c-stephane-bourgeois-edited.avif\" alt=\"\" class=\"wp-image-2041\" srcset=\"https:\/\/carrefourtheatre.qc.ca\/wp-content\/uploads\/2026\/02\/photo-casting_anne-marie-olivier_c-stephane-bourgeois-edited.avif 640w, https:\/\/carrefourtheatre.qc.ca\/wp-content\/uploads\/2026\/02\/photo-casting_anne-marie-olivier_c-stephane-bourgeois-edited-150x150.avif 150w\" sizes=\"auto, (max-width: 640px) 100vw, 640px\" \/><figcaption class=\"wp-element-caption\">\u00a9 St\u00e9phane Bourgeois<\/figcaption><\/figure>\n\n\n\n<h3 class=\"wp-block-heading\">Anne-Marie Olivier, author and performer<\/h3>\n<\/div>\n\n\n\n<div class=\"wp-block-column is-layout-flow wp-block-column-is-layout-flow\">\n<figure class=\"wp-block-image size-lg\"><img loading=\"lazy\" decoding=\"async\" width=\"2604\" height=\"2604\" src=\"https:\/\/carrefourtheatre.qc.ca\/wp-content\/uploads\/2026\/03\/carolanne-foucher-\u00a9alma-kismic-edited.avif\" alt=\"\" class=\"wp-image-2224\" srcset=\"https:\/\/carrefourtheatre.qc.ca\/wp-content\/uploads\/2026\/03\/carolanne-foucher-\u00a9alma-kismic-edited.avif 2604w, https:\/\/carrefourtheatre.qc.ca\/wp-content\/uploads\/2026\/03\/carolanne-foucher-\u00a9alma-kismic-edited-150x150.avif 150w, https:\/\/carrefourtheatre.qc.ca\/wp-content\/uploads\/2026\/03\/carolanne-foucher-\u00a9alma-kismic-edited-860x860.avif 860w, https:\/\/carrefourtheatre.qc.ca\/wp-content\/uploads\/2026\/03\/carolanne-foucher-\u00a9alma-kismic-edited-1200x1200.avif 1200w, https:\/\/carrefourtheatre.qc.ca\/wp-content\/uploads\/2026\/03\/carolanne-foucher-\u00a9alma-kismic-edited-1500x1500.avif 1500w, https:\/\/carrefourtheatre.qc.ca\/wp-content\/uploads\/2026\/03\/carolanne-foucher-\u00a9alma-kismic-edited-2000x2000.avif 2000w\" sizes=\"auto, (max-width: 2604px) 100vw, 2604px\" \/><figcaption class=\"wp-element-caption\">\u00a9 Alma Kismic<\/figcaption><\/figure>\n\n\n\n<h3 class=\"wp-block-heading\">Carolanne Foucher, author and performer<\/h3>\n<\/div>\n<\/div>\n\n\n\n<div class=\"wp-block-columns is-layout-flex wp-container-core-columns-is-layout-9d6595d7 wp-block-columns-is-layout-flex\">\n<div class=\"wp-block-column is-layout-flow wp-block-column-is-layout-flow\">\n<figure class=\"wp-block-image size-full\"><img loading=\"lazy\" decoding=\"async\" width=\"889\" height=\"889\" src=\"https:\/\/carrefourtheatre.qc.ca\/wp-content\/uploads\/2026\/03\/elios-noel-edited.avif\" alt=\"\" class=\"wp-image-2344\" srcset=\"https:\/\/carrefourtheatre.qc.ca\/wp-content\/uploads\/2026\/03\/elios-noel-edited.avif 889w, https:\/\/carrefourtheatre.qc.ca\/wp-content\/uploads\/2026\/03\/elios-noel-edited-150x150.avif 150w, https:\/\/carrefourtheatre.qc.ca\/wp-content\/uploads\/2026\/03\/elios-noel-edited-860x860.avif 860w\" sizes=\"auto, (max-width: 889px) 100vw, 889px\" \/><\/figure>\n\n\n\n<h3 class=\"wp-block-heading\">Elios No\u00ebl, performer<\/h3>\n<\/div>\n\n\n\n<div class=\"wp-block-column is-layout-flow wp-block-column-is-layout-flow\">\n<figure class=\"wp-block-image size-full\"><img loading=\"lazy\" decoding=\"async\" width=\"1000\" height=\"1000\" src=\"https:\/\/carrefourtheatre.qc.ca\/wp-content\/uploads\/2026\/03\/marie-loup-cottinet-\u00a9-jean-bernard-filion-edited.avif\" alt=\"\" class=\"wp-image-2348\" srcset=\"https:\/\/carrefourtheatre.qc.ca\/wp-content\/uploads\/2026\/03\/marie-loup-cottinet-\u00a9-jean-bernard-filion-edited.avif 1000w, https:\/\/carrefourtheatre.qc.ca\/wp-content\/uploads\/2026\/03\/marie-loup-cottinet-\u00a9-jean-bernard-filion-edited-150x150.avif 150w, https:\/\/carrefourtheatre.qc.ca\/wp-content\/uploads\/2026\/03\/marie-loup-cottinet-\u00a9-jean-bernard-filion-edited-860x860.avif 860w\" sizes=\"auto, (max-width: 1000px) 100vw, 1000px\" \/><figcaption class=\"wp-element-caption\">\u00a9 Jean-Bernard Filion<\/figcaption><\/figure>\n\n\n\n<h3 class=\"wp-block-heading\">Marie-Loup Cottinet, musical performer<\/h3>\n<\/div>\n\n\n\n<div class=\"wp-block-column is-layout-flow wp-block-column-is-layout-flow\"><\/div>\n<\/div>\n\n\n\n<figure class=\"wp-block-image size-lg\"><img loading=\"lazy\" decoding=\"async\" width=\"1500\" height=\"625\" src=\"https:\/\/carrefourtheatre.qc.ca\/wp-content\/uploads\/2025\/10\/image-moyenne_infolettre_600x250_fc26_deja-en-vente-1200-x-500-px-3-1500x625.png\" alt=\"\" class=\"wp-image-2333\" srcset=\"https:\/\/carrefourtheatre.qc.ca\/wp-content\/uploads\/2025\/10\/image-moyenne_infolettre_600x250_fc26_deja-en-vente-1200-x-500-px-3-1500x625.png 1500w, https:\/\/carrefourtheatre.qc.ca\/wp-content\/uploads\/2025\/10\/image-moyenne_infolettre_600x250_fc26_deja-en-vente-1200-x-500-px-3-860x358.png 860w, https:\/\/carrefourtheatre.qc.ca\/wp-content\/uploads\/2025\/10\/image-moyenne_infolettre_600x250_fc26_deja-en-vente-1200-x-500-px-3-1200x500.png 1200w, https:\/\/carrefourtheatre.qc.ca\/wp-content\/uploads\/2025\/10\/image-moyenne_infolettre_600x250_fc26_deja-en-vente-1200-x-500-px-3-2000x833.png 2000w\" sizes=\"auto, (max-width: 1500px) 100vw, 1500px\" \/><\/figure>\n\n\n\n<h3 class=\"wp-block-heading has-text-align-right\"><a href=\"https:\/\/www.leslibraires.ca\/livres\/lettres-non-ecrites-david-geselson-9782370552617.html\" target=\"_blank\" rel=\"noreferrer noopener\">Discover the publication<\/a><\/h3>\n\n\n\n<p><\/p>\n","protected":false},"excerpt":{"rendered":"<p>This show is the amalgamation of over 400 letters and countless hours of writing guided by the anonymous confessions of volunteers. Since October, the authors Anne-Marie Olivier and Carolanne Foucher have been lending their words to the citizens of Quebec City to compose their never-written letters. The latter are joined by hundreds of other voices [&hellip;]<\/p>\n","protected":false},"featured_media":1679,"template":"","class_list":["post-2684","event","type-event","status-publish","has-post-thumbnail","hentry","category-shows"],"acf":[],"yoast_head":"<!-- This site is optimized with the Yoast SEO plugin v27.4 - https:\/\/yoast.com\/product\/yoast-seo-wordpress\/ -->\n<title>Lettres non-\u00e9crites | Shows | Festival Carrefour<\/title>\n<meta name=\"description\" content=\"This show is an amalgamation of over 400 letters and countless hours of writing guided by anonymous volunteers.\" \/>\n<meta name=\"robots\" content=\"index, follow, max-snippet:-1, max-image-preview:large, max-video-preview:-1\" \/>\n<link rel=\"canonical\" href=\"https:\/\/carrefourtheatre.qc.ca\/en\/cultural-shows-quebec-city\/lettres-non-ecrites-en\/\" \/>\n<meta property=\"og:locale\" content=\"en_US\" \/>\n<meta property=\"og:type\" content=\"article\" \/>\n<meta property=\"og:title\" content=\"Lettres non-\u00e9crites | Shows | Festival Carrefour\" \/>\n<meta property=\"og:description\" content=\"This show is an amalgamation of over 400 letters and countless hours of writing guided by anonymous volunteers.\" \/>\n<meta property=\"og:url\" content=\"https:\/\/carrefourtheatre.qc.ca\/en\/cultural-shows-quebec-city\/lettres-non-ecrites-en\/\" \/>\n<meta property=\"og:site_name\" content=\"Festival Carrefour\" \/>\n<meta property=\"article:modified_time\" content=\"2026-04-01T21:00:07+00:00\" \/>\n<meta property=\"og:image\" content=\"https:\/\/carrefourtheatre.qc.ca\/wp-content\/uploads\/2025\/03\/og_festival_carrefour.jpg\" \/>\n\t<meta property=\"og:image:width\" content=\"1200\" \/>\n\t<meta property=\"og:image:height\" content=\"675\" \/>\n\t<meta property=\"og:image:type\" content=\"image\/jpeg\" \/>\n<meta name=\"twitter:card\" content=\"summary_large_image\" \/>\n<meta name=\"twitter:label1\" content=\"Est. reading time\" \/>\n\t<meta name=\"twitter:data1\" content=\"4 minutes\" \/>\n<!-- \/ Yoast SEO plugin. -->","yoast_head_json":{"title":"Lettres non-\u00e9crites | Shows | Festival Carrefour","description":"This show is an amalgamation of over 400 letters and countless hours of writing guided by anonymous volunteers.","robots":{"index":"index","follow":"follow","max-snippet":"max-snippet:-1","max-image-preview":"max-image-preview:large","max-video-preview":"max-video-preview:-1"},"canonical":"https:\/\/carrefourtheatre.qc.ca\/en\/cultural-shows-quebec-city\/lettres-non-ecrites-en\/","og_locale":"en_US","og_type":"article","og_title":"Lettres non-\u00e9crites | Shows | Festival Carrefour","og_description":"This show is an amalgamation of over 400 letters and countless hours of writing guided by anonymous volunteers.","og_url":"https:\/\/carrefourtheatre.qc.ca\/en\/cultural-shows-quebec-city\/lettres-non-ecrites-en\/","og_site_name":"Festival Carrefour","article_modified_time":"2026-04-01T21:00:07+00:00","og_image":[{"width":1200,"height":675,"url":"https:\/\/carrefourtheatre.qc.ca\/wp-content\/uploads\/2025\/03\/og_festival_carrefour.jpg","type":"image\/jpeg"}],"twitter_card":"summary_large_image","twitter_misc":{"Est. reading time":"4 minutes"},"schema":{"@context":"https:\/\/schema.org","@graph":[{"@type":"WebPage","@id":"https:\/\/carrefourtheatre.qc.ca\/en\/cultural-shows-quebec-city\/lettres-non-ecrites-en\/","url":"https:\/\/carrefourtheatre.qc.ca\/en\/cultural-shows-quebec-city\/lettres-non-ecrites-en\/","name":"Lettres non-\u00e9crites | Shows | Festival Carrefour","isPartOf":{"@id":"https:\/\/carrefourtheatre.qc.ca\/en\/#website"},"primaryImageOfPage":{"@id":"https:\/\/carrefourtheatre.qc.ca\/en\/cultural-shows-quebec-city\/lettres-non-ecrites-en\/#primaryimage"},"image":{"@id":"https:\/\/carrefourtheatre.qc.ca\/en\/cultural-shows-quebec-city\/lettres-non-ecrites-en\/#primaryimage"},"thumbnailUrl":"https:\/\/carrefourtheatre.qc.ca\/wp-content\/uploads\/2025\/09\/lettres-non-ecrites_\u00a9simon-gosselin2.avif","datePublished":"2025-10-09T13:28:45+00:00","dateModified":"2026-04-01T21:00:07+00:00","description":"This show is an amalgamation of over 400 letters and countless hours of writing guided by anonymous volunteers.","breadcrumb":{"@id":"https:\/\/carrefourtheatre.qc.ca\/en\/cultural-shows-quebec-city\/lettres-non-ecrites-en\/#breadcrumb"},"inLanguage":"en-US","potentialAction":[{"@type":"ReadAction","target":["https:\/\/carrefourtheatre.qc.ca\/en\/cultural-shows-quebec-city\/lettres-non-ecrites-en\/"]}]},{"@type":"ImageObject","inLanguage":"en-US","@id":"https:\/\/carrefourtheatre.qc.ca\/en\/cultural-shows-quebec-city\/lettres-non-ecrites-en\/#primaryimage","url":"https:\/\/carrefourtheatre.qc.ca\/wp-content\/uploads\/2025\/09\/lettres-non-ecrites_\u00a9simon-gosselin2.avif","contentUrl":"https:\/\/carrefourtheatre.qc.ca\/wp-content\/uploads\/2025\/09\/lettres-non-ecrites_\u00a9simon-gosselin2.avif","width":8192,"height":5464},{"@type":"BreadcrumbList","@id":"https:\/\/carrefourtheatre.qc.ca\/en\/cultural-shows-quebec-city\/lettres-non-ecrites-en\/#breadcrumb","itemListElement":[{"@type":"ListItem","position":1,"name":"Accueil","item":"https:\/\/carrefourtheatre.qc.ca\/en\/"},{"@type":"ListItem","position":2,"name":"Events","item":"https:\/\/carrefourtheatre.qc.ca\/en\/cultural-shows-quebec-city\/"},{"@type":"ListItem","position":3,"name":"Lettres non-\u00e9crites"}]},{"@type":"WebSite","@id":"https:\/\/carrefourtheatre.qc.ca\/en\/#website","url":"https:\/\/carrefourtheatre.qc.ca\/en\/","name":"Festival Carrefour","description":"Le plus grand festival d\u2019arts vivants \u00e0 Qu\u00e9bec","publisher":{"@id":"https:\/\/carrefourtheatre.qc.ca\/en\/#organization"},"alternateName":"Le plus grand festival d\u2019arts vivants \u00e0 Qu\u00e9bec","potentialAction":[{"@type":"SearchAction","target":{"@type":"EntryPoint","urlTemplate":"https:\/\/carrefourtheatre.qc.ca\/en\/?s={search_term_string}"},"query-input":{"@type":"PropertyValueSpecification","valueRequired":true,"valueName":"search_term_string"}}],"inLanguage":"en-US"},{"@type":"Organization","@id":"https:\/\/carrefourtheatre.qc.ca\/en\/#organization","name":"Festival Carrefour","url":"https:\/\/carrefourtheatre.qc.ca\/en\/","logo":{"@type":"ImageObject","inLanguage":"en-US","@id":"https:\/\/carrefourtheatre.qc.ca\/en\/#\/schema\/logo\/image\/","url":"https:\/\/carrefourtheatre.qc.ca\/wp-content\/uploads\/2025\/03\/og_festival_carrefour.jpg","contentUrl":"https:\/\/carrefourtheatre.qc.ca\/wp-content\/uploads\/2025\/03\/og_festival_carrefour.jpg","width":1200,"height":675,"caption":"Festival Carrefour"},"image":{"@id":"https:\/\/carrefourtheatre.qc.ca\/en\/#\/schema\/logo\/image\/"}}]}},"_links":{"self":[{"href":"https:\/\/carrefourtheatre.qc.ca\/en\/wp-json\/wp\/v2\/event\/2684","targetHints":{"allow":["GET"]}}],"collection":[{"href":"https:\/\/carrefourtheatre.qc.ca\/en\/wp-json\/wp\/v2\/event"}],"about":[{"href":"https:\/\/carrefourtheatre.qc.ca\/en\/wp-json\/wp\/v2\/types\/event"}],"wp:featuredmedia":[{"embeddable":true,"href":"https:\/\/carrefourtheatre.qc.ca\/en\/wp-json\/wp\/v2\/media\/1679"}],"wp:attachment":[{"href":"https:\/\/carrefourtheatre.qc.ca\/en\/wp-json\/wp\/v2\/media?parent=2684"}],"curies":[{"name":"wp","href":"https:\/\/api.w.org\/{rel}","templated":true}]}}